{"id":9391,"date":"2022-08-12T12:21:59","date_gmt":"2022-08-12T12:21:59","guid":{"rendered":"https:\/\/www.fleurop-home.ch\/?product=macrame-als-trendige-tur-oder-wanddeco-ca-30cm-x-60cm"},"modified":"2026-03-20T08:51:05","modified_gmt":"2026-03-20T07:51:05","slug":"macrame-environ-30cm-x-60cm","status":"publish","type":"product","link":"https:\/\/www.fleurop-home.ch\/fr-ch\/p\/macrame-ca-30cm-x-60cm","title":{"rendered":"Macram\u00e9 environ 30cm x 60cm"},"content":{"rendered":"<h3>Macram\u00e9<br \/>\nLa nouvelle tendance en mati\u00e8re d'int\u00e9rieur<\/h3>\n<p>Cette ann\u00e9e, on voit les macram\u00e9 plus souvent que jamais. Qu'ils soient plac\u00e9s comme porte ou comme d\u00e9coration murale \u2500 les Macram\u00e9 sont tout simplement magnifiques. L'\u00e9norme avantage par rapport aux fleurs fra\u00eeches : la d\u00e9coration Macram\u00e9 dure et dure et dure.<\/p>\n<p>Le terme macram\u00e9 vient de l'espagnol et d\u00e9signe la technique de nouage originaire de l'Orient pour la fabrication de tapis, de textiles et d'ornements comme les suspensions murales et les bijoux. Le mot vient de l'arabe \"migramah\", qui signifie tisser.<\/p>\n<p>Macram\u00e9 ; env. 30cm x 60cm (avec tige en bois et suspension env. 40cm x 90cm)<\/p>\n<p><strong>Note bien<\/strong><\/p>\n<p>- Les macram\u00e9 sont nou\u00e9s individuellement \u00e0 la main et peuvent donc varier dans leur disposition et leur structure.<\/p>\n<p>- Il pourrait y avoir des diff\u00e9rences entre la couleur illustr\u00e9e sur le site web et la couleur r\u00e9elle, ceci en raison de l'incidence de la lumi\u00e8re, de la luminosit\u00e9 du moniteur, du r\u00e9glage du contraste, etc.<\/p>","protected":false},"excerpt":{"rendered":"<p>La nouvelle tendance en mati\u00e8re d'int\u00e9rieur ; Macram\u00e9 comme porte ou d\u00e9cor mural tendance env.30cm x 60cm<\/p>","protected":false},"featured_media":9392,"template":"","meta":[],"product_brand":[],"product_cat":[30,23,1191],"product_tag":[290],"woo-feed-brand":[],"class_list":{"0":"post-9391","1":"product","2":"type-product","3":"status-publish","4":"has-post-thumbnail","6":"product_cat-deko-accessoires","7":"product_cat-home-living","8":"product_cat-wanddeko","9":"product_tag-atelier-leutwyler","11":"first","12":"instock","13":"taxable","14":"shipping-taxable","15":"purchasable","16":"product-type-simple"},"_links":{"self":[{"href":"https:\/\/www.fleurop-home.ch\/fr-ch\/wp-json\/wp\/v2\/product\/9391","targetHints":{"allow":["GET"]}}],"collection":[{"href":"https:\/\/www.fleurop-home.ch\/fr-ch\/wp-json\/wp\/v2\/product"}],"about":[{"href":"https:\/\/www.fleurop-home.ch\/fr-ch\/wp-json\/wp\/v2\/types\/product"}],"wp:featuredmedia":[{"embeddable":true,"href":"https:\/\/www.fleurop-home.ch\/fr-ch\/wp-json\/wp\/v2\/media\/9392"}],"wp:attachment":[{"href":"https:\/\/www.fleurop-home.ch\/fr-ch\/wp-json\/wp\/v2\/media?parent=9391"}],"wp:term":[{"taxonomy":"product_brand","embeddable":true,"href":"https:\/\/www.fleurop-home.ch\/fr-ch\/wp-json\/wp\/v2\/product_brand?post=9391"},{"taxonomy":"product_cat","embeddable":true,"href":"https:\/\/www.fleurop-home.ch\/fr-ch\/wp-json\/wp\/v2\/product_cat?post=9391"},{"taxonomy":"product_tag","embeddable":true,"href":"https:\/\/www.fleurop-home.ch\/fr-ch\/wp-json\/wp\/v2\/product_tag?post=9391"},{"taxonomy":"woo-feed-brand","embeddable":true,"href":"https:\/\/www.fleurop-home.ch\/fr-ch\/wp-json\/wp\/v2\/woo-feed-brand?post=9391"}],"curies":[{"name":"wp","href":"https:\/\/api.w.org\/{rel}","templated":true}]}}