{"id":33896,"date":"2024-05-17T13:30:31","date_gmt":"2024-05-17T11:30:31","guid":{"rendered":"https:\/\/www.fleurop-home.ch\/de-ch\/p\/islandmohn-papaver-nudicaule-2"},"modified":"2026-04-30T09:17:51","modified_gmt":"2026-04-30T07:17:51","slug":"-286","status":"publish","type":"product","link":"https:\/\/www.fleurop-home.ch\/fr-ch\/p\/islandmohn-papaver-nudicaule-14","title":{"rendered":"Pavot d'Islande - Papaver nudicaule"},"content":{"rendered":"<p>Le pavot d'Islande orange apporte des accents de couleur fra\u00eeche dans ton jardin ou sur ton balcon gr\u00e2ce \u00e0 ses fleurs orange frappantes. En tant que plante saisonni\u00e8re, elle convient particuli\u00e8rement bien aux bordures mixtes, aux parterres de fleurs sauvages, aux bacs et aux bacs. Les fleurs attirent de nombreuses abeilles et favorisent ainsi la biodiversit\u00e9 dans ton environnement vert. Pour une croissance saine, le pavot d'Islande a besoin d'un emplacement ensoleill\u00e9 et d'un sol mod\u00e9r\u00e9ment humide et perm\u00e9able. La production a lieu \u00e0 100 % en Suisse et est synonyme d'une v\u00e9ritable splendeur florale issue de la force primaire.<\/p>\n<p>Hauteur : 40 cm<br \/>\nTaille du pot : pot de 16<br \/>\nR\u00e9sistance au froid : pas de r\u00e9sistance au froid<br \/>\nLumi\u00e8re : ensoleill\u00e9e<br \/>\nP\u00e9riode de floraison : d'avril \u00e0 ao\u00fbt<br \/>\nSol : perm\u00e9able<\/p>","protected":false},"excerpt":{"rendered":"<p>Pavot d'Islande orange - une splendeur florale de Suisse qui respecte les abeilles<\/p>","protected":false},"featured_media":33895,"template":"","meta":[],"product_brand":[],"product_cat":[109,34,41],"product_tag":[299],"woo-feed-brand":[],"class_list":{"0":"post-33896","1":"product","2":"type-product","3":"status-publish","4":"has-post-thumbnail","6":"product_cat-saisonale-pflanzen","7":"product_cat-garten-balkon","8":"product_cat-outdoorpflanzen","9":"product_tag-santispracht","11":"first","12":"instock","13":"taxable","14":"shipping-taxable","15":"purchasable","16":"product-type-simple"},"_links":{"self":[{"href":"https:\/\/www.fleurop-home.ch\/fr-ch\/wp-json\/wp\/v2\/product\/33896","targetHints":{"allow":["GET"]}}],"collection":[{"href":"https:\/\/www.fleurop-home.ch\/fr-ch\/wp-json\/wp\/v2\/product"}],"about":[{"href":"https:\/\/www.fleurop-home.ch\/fr-ch\/wp-json\/wp\/v2\/types\/product"}],"wp:featuredmedia":[{"embeddable":true,"href":"https:\/\/www.fleurop-home.ch\/fr-ch\/wp-json\/wp\/v2\/media\/33895"}],"wp:attachment":[{"href":"https:\/\/www.fleurop-home.ch\/fr-ch\/wp-json\/wp\/v2\/media?parent=33896"}],"wp:term":[{"taxonomy":"product_brand","embeddable":true,"href":"https:\/\/www.fleurop-home.ch\/fr-ch\/wp-json\/wp\/v2\/product_brand?post=33896"},{"taxonomy":"product_cat","embeddable":true,"href":"https:\/\/www.fleurop-home.ch\/fr-ch\/wp-json\/wp\/v2\/product_cat?post=33896"},{"taxonomy":"product_tag","embeddable":true,"href":"https:\/\/www.fleurop-home.ch\/fr-ch\/wp-json\/wp\/v2\/product_tag?post=33896"},{"taxonomy":"woo-feed-brand","embeddable":true,"href":"https:\/\/www.fleurop-home.ch\/fr-ch\/wp-json\/wp\/v2\/woo-feed-brand?post=33896"}],"curies":[{"name":"wp","href":"https:\/\/api.w.org\/{rel}","templated":true}]}}