{"id":13558,"date":"2023-07-14T11:59:40","date_gmt":"2023-07-14T11:59:40","guid":{"rendered":"https:\/\/www.fleurop-home.ch\/?product=minimalistischer-schmaler-serviettenring"},"modified":"2026-04-01T15:35:53","modified_gmt":"2026-04-01T13:35:53","slug":"rond-de-serviette-minimaliste-etroit-or","status":"publish","type":"product","link":"https:\/\/www.fleurop-home.ch\/fr-ch\/p\/minimalistischer-schmaler-serviettenring-gold","title":{"rendered":"Rond de serviette minimaliste et \u00e9troit, dor\u00e9"},"content":{"rendered":"<p style=\"text-align: left;\">Ceux qui aiment les looks classiques et raffin\u00e9s adoreront nos jolis ronds de serviette en m\u00e9tal au design minimaliste. Que ce soit pour des occasions sp\u00e9ciales comme les mariages, No\u00ebl, les anniversaires ou d'autres f\u00eates et r\u00e9unions, ils ajoutent une touche d\u00e9corative suppl\u00e9mentaire aux serviettes en tissu et les maintiennent en forme.<\/p>\n<p style=\"text-align: left;\">- Rond de serviette \u00e9troit avec des rainures en m\u00e9tal d'un or discret et brillant<br \/>\n- Design classique, intemporel et minimaliste<br \/>\n- Convient \u00e0 toutes les serviettes en tissu<br \/>\n- Diam\u00e8tre : 4,5 cm, hauteur : 0,5 cm<br \/>\n- Parfait pour les occasions sp\u00e9ciales comme les mariages, No\u00ebl et autres f\u00eates<br \/>\n- Apporte de l'\u00e9l\u00e9gance \u00e0 la table en un clin d'\u0153il<\/p>","protected":false},"excerpt":{"rendered":"<p>Rond de serviette \u00e9troit et minimaliste en m\u00e9tal avec rainures pour serviettes en tissu, \u00d8 4,5 cm, dor\u00e9<\/p>","protected":false},"featured_media":47841,"template":"","meta":[],"product_brand":[],"product_cat":[1105,1022,797,984,994,909,1179,911,42,1104,43],"product_tag":[324],"woo-feed-brand":[],"class_list":{"0":"post-13558","1":"product","2":"type-product","3":"status-publish","4":"has-post-thumbnail","6":"product_cat-serviettenringe","7":"product_cat-brunch","8":"product_cat-muttertag","9":"product_cat-silvester","10":"product_cat-silvestertisch","11":"product_cat-weihnachten","12":"product_cat-weihnachtsdeko","13":"product_cat-accessoires","14":"product_cat-kueche","15":"product_cat-tischakzente","16":"product_cat-gedeckter-tisch","17":"product_tag-marein-ag","19":"first","20":"instock","21":"taxable","22":"shipping-taxable","23":"purchasable","24":"product-type-simple"},"_links":{"self":[{"href":"https:\/\/www.fleurop-home.ch\/fr-ch\/wp-json\/wp\/v2\/product\/13558","targetHints":{"allow":["GET"]}}],"collection":[{"href":"https:\/\/www.fleurop-home.ch\/fr-ch\/wp-json\/wp\/v2\/product"}],"about":[{"href":"https:\/\/www.fleurop-home.ch\/fr-ch\/wp-json\/wp\/v2\/types\/product"}],"wp:featuredmedia":[{"embeddable":true,"href":"https:\/\/www.fleurop-home.ch\/fr-ch\/wp-json\/wp\/v2\/media\/47841"}],"wp:attachment":[{"href":"https:\/\/www.fleurop-home.ch\/fr-ch\/wp-json\/wp\/v2\/media?parent=13558"}],"wp:term":[{"taxonomy":"product_brand","embeddable":true,"href":"https:\/\/www.fleurop-home.ch\/fr-ch\/wp-json\/wp\/v2\/product_brand?post=13558"},{"taxonomy":"product_cat","embeddable":true,"href":"https:\/\/www.fleurop-home.ch\/fr-ch\/wp-json\/wp\/v2\/product_cat?post=13558"},{"taxonomy":"product_tag","embeddable":true,"href":"https:\/\/www.fleurop-home.ch\/fr-ch\/wp-json\/wp\/v2\/product_tag?post=13558"},{"taxonomy":"woo-feed-brand","embeddable":true,"href":"https:\/\/www.fleurop-home.ch\/fr-ch\/wp-json\/wp\/v2\/woo-feed-brand?post=13558"}],"curies":[{"name":"wp","href":"https:\/\/api.w.org\/{rel}","templated":true}]}}