{"id":60506,"date":"2025-08-06T09:16:37","date_gmt":"2025-08-06T07:16:37","guid":{"rendered":"https:\/\/www.fleurop-home.ch\/?page_id=60506"},"modified":"2025-08-06T09:16:37","modified_gmt":"2025-08-06T07:16:37","slug":"page-de-contenu-marein-ag","status":"publish","type":"page","link":"https:\/\/www.fleurop-home.ch\/fr-ch\/contentseite-marein-ag","title":{"rendered":"Page de contenu-MAREIN AG"},"content":{"rendered":"<div data-elementor-type=\"wp-page\" data-elementor-id=\"60506\" class=\"elementor elementor-60506\" data-elementor-settings=\"{&quot;ha_cmc_init_switcher&quot;:&quot;no&quot;}\" data-elementor-post-type=\"page\">\n\t\t\t\t<div class=\"elementor-element elementor-element-9ddc53c e-flex e-con-boxed e-con e-parent\" data-id=\"9ddc53c\" data-element_type=\"container\" data-e-type=\"container\" data-settings=\"{&quot;_ha_eqh_enable&quot;:false}\">\n\t\t\t\t\t<div class=\"e-con-inner\">\n\t\t\t\t<div class=\"elementor-element elementor-element-6b6b4de elementor--h-position-center elementor--v-position-middle elementor-arrows-position-inside elementor-pagination-position-inside elementor-widget elementor-widget-slides\" data-id=\"6b6b4de\" data-element_type=\"widget\" data-e-type=\"widget\" data-settings=\"{&quot;navigation&quot;:&quot;both&quot;,&quot;autoplay&quot;:&quot;yes&quot;,&quot;pause_on_hover&quot;:&quot;yes&quot;,&quot;pause_on_interaction&quot;:&quot;yes&quot;,&quot;autoplay_speed&quot;:5000,&quot;infinite&quot;:&quot;yes&quot;,&quot;transition&quot;:&quot;slide&quot;,&quot;transition_speed&quot;:500}\" data-widget_type=\"slides.default\">\n\t\t\t\t<div class=\"elementor-widget-container\">\n\t\t\t\t\t\t\t\t\t<div class=\"elementor-swiper\">\n\t\t\t\t\t<div class=\"elementor-slides-wrapper elementor-main-swiper swiper\" role=\"region\" aria-roledescription=\"carousel\" aria-label=\"Slider\" dir=\"ltr\" data-animation=\"fadeInUp\">\n\t\t\t\t<div class=\"swiper-wrapper elementor-slides\">\n\t\t\t\t\t\t\t\t\t\t<div class=\"elementor-repeater-item-1aa066d swiper-slide\" role=\"group\" aria-roledescription=\"slide\"><div class=\"swiper-slide-bg\" role=\"img\" aria-label=\"Esm\u00e9e_Fr\u00fchling_2023_0032\"><\/div><div class=\"elementor-background-overlay\"><\/div><div class=\"swiper-slide-inner\" ><div class=\"swiper-slide-contents\"><div class=\"elementor-slide-heading\">MAREIN AG<\/div><div class=\"elementor-slide-description\">Entreprise familiale avec une mentalit\u00e9 de start-up.<\/div><\/div><\/div><\/div>\t\t\t\t<\/div>\n\t\t\t\t\t\t\t<\/div>\n\t\t\t\t<\/div>\n\t\t\t\t\t\t\t\t<\/div>\n\t\t\t\t<\/div>\n\t\t<div class=\"elementor-element elementor-element-d03debc e-con-full e-flex e-con e-child\" data-id=\"d03debc\" data-element_type=\"container\" data-e-type=\"container\" data-settings=\"{&quot;_ha_eqh_enable&quot;:false}\">\n\t\t<div class=\"elementor-element elementor-element-ccdb20a e-con-full e-flex e-con e-child\" data-id=\"ccdb20a\" data-element_type=\"container\" data-e-type=\"container\" data-settings=\"{&quot;_ha_eqh_enable&quot;:false}\">\n\t\t\t\t<div class=\"elementor-element elementor-element-d0716f9 elementor-widget__width-initial elementor-widget elementor-widget-heading\" data-id=\"d0716f9\" data-element_type=\"widget\" data-e-type=\"widget\" data-widget_type=\"heading.default\">\n\t\t\t\t<div class=\"elementor-widget-container\">\n\t\t\t\t\t<h2 class=\"elementor-heading-title elementor-size-default\">\ud83c\udfa8 La cr\u00e9ativit\u00e9 red\u00e9finie <\/h2>\t\t\t\t<\/div>\n\t\t\t\t<\/div>\n\t\t\t\t<div class=\"elementor-element elementor-element-7f67fac elementor-widget__width-initial elementor-widget-mobile__width-initial elementor-widget elementor-widget-text-editor\" data-id=\"7f67fac\" data-element_type=\"widget\" data-e-type=\"widget\" data-widget_type=\"text-editor.default\">\n\t\t\t\t<div class=\"elementor-widget-container\">\n\t\t\t\t\t\t\t\t\t<p style=\"text-align: center;\">Plonge dans le monde de MAREIN AG, o\u00f9 l'artisanat traditionnel rencontre les designs modernes. Depuis plus de quatre d\u00e9cennies, l'entreprise familiale marque le march\u00e9 suisse avec des produits innovants dans les domaines des fournitures cr\u00e9atives, de la maison et de la vie, du style de vie et de l'e-mobilit\u00e9. Laisse-toi inspirer et d\u00e9couvre comment MAREIN donne vie \u00e0 tes id\u00e9es cr\u00e9atives.<\/p>\t\t\t\t\t\t\t\t<\/div>\n\t\t\t\t<\/div>\n\t\t\t\t<div class=\"elementor-element elementor-element-b7f2de3 elementor-widget elementor-widget-spacer\" data-id=\"b7f2de3\" data-element_type=\"widget\" data-e-type=\"widget\" data-widget_type=\"spacer.default\">\n\t\t\t\t<div class=\"elementor-widget-container\">\n\t\t\t\t\t\t\t<div class=\"elementor-spacer\">\n\t\t\t<div class=\"elementor-spacer-inner\"><\/div>\n\t\t<\/div>\n\t\t\t\t\t\t<\/div>\n\t\t\t\t<\/div>\n\t\t\t\t<div class=\"elementor-element elementor-element-f5d5987 elementor-widget-divider--view-line elementor-widget elementor-widget-divider\" data-id=\"f5d5987\" data-element_type=\"widget\" data-e-type=\"widget\" data-widget_type=\"divider.default\">\n\t\t\t\t<div class=\"elementor-widget-container\">\n\t\t\t\t\t\t\t<div class=\"elementor-divider\">\n\t\t\t<span class=\"elementor-divider-separator\">\n\t\t\t\t\t\t<\/span>\n\t\t<\/div>\n\t\t\t\t\t\t<\/div>\n\t\t\t\t<\/div>\n\t\t\t\t<div class=\"elementor-element elementor-element-ce86091 elementor-widget elementor-widget-spacer\" data-id=\"ce86091\" data-element_type=\"widget\" data-e-type=\"widget\" data-widget_type=\"spacer.default\">\n\t\t\t\t<div class=\"elementor-widget-container\">\n\t\t\t\t\t\t\t<div class=\"elementor-spacer\">\n\t\t\t<div class=\"elementor-spacer-inner\"><\/div>\n\t\t<\/div>\n\t\t\t\t\t\t<\/div>\n\t\t\t\t<\/div>\n\t\t\t\t<div class=\"elementor-element elementor-element-a926452 elementor-product-loop-item--align-left elementor-grid-4 elementor-grid-tablet-3 elementor-grid-mobile-2 elementor-products-grid elementor-wc-products elementor-widget elementor-widget-woocommerce-products\" data-id=\"a926452\" data-element_type=\"widget\" data-e-type=\"widget\" data-widget_type=\"woocommerce-products.default\">\n\t\t\t\t<div class=\"elementor-widget-container\">\n\t\t\t\t\t<div class=\"woocommerce columns-4\"><ul class=\"products elementor-grid columns-4\">\n<li class=\"product type-product post-2133 status-publish first instock product_cat-essen product_cat-geschenkideen product_cat-home-living product_cat-muttertag product_cat-muttertagsdeko product_cat-unter-25-chf product_cat-weihnachten product_cat-aufbewahrung product_cat-deko-accessoires product_cat-wichteln product_cat-geschirr product_cat-kueche product_cat-gedeckter-tisch product_tag-marein-ag has-post-thumbnail taxable shipping-taxable purchasable product-type-simple\">\n\t<a href=\"https:\/\/www.fleurop-home.ch\/fr-ch\/p\/dose-aus-steingut-mit-blaettermotiv-und-bambusdeckel\" class=\"woocommerce-LoopProduct-link woocommerce-loop-product__link\"><a href=\"https:\/\/www.fleurop-home.ch\/fr-ch\/p\/dose-aus-steingut-mit-blaettermotiv-und-bambusdeckel\"><div class=\"tp-image-wrapper\"><img decoding=\"async\" class=\"tp-image\" src=\"https:\/\/www.fleurop-home.ch\/wp-content\/uploads\/2023\/11\/0012984_dose-aus-steingut-mit-blattermotiv-und-bambusdeckel-456x456.jpeg\" srcset=\"https:\/\/www.fleurop-home.ch\/wp-content\/uploads\/2023\/11\/0012984_dose-aus-steingut-mit-blattermotiv-und-bambusdeckel-456x456.jpeg 456w, https:\/\/www.fleurop-home.ch\/wp-content\/uploads\/2023\/11\/0012984_dose-aus-steingut-mit-blattermotiv-und-bambusdeckel-300x300.jpeg 300w, https:\/\/www.fleurop-home.ch\/wp-content\/uploads\/2023\/11\/0012984_dose-aus-steingut-mit-blattermotiv-und-bambusdeckel-100x100.jpeg 100w\" sizes=\"(max-width: 360px) 100vw, 360px\" alt=\"Bo\u00eete en fa\u00efence, avec motif de feuilles et couvercle en bambou\"><img decoding=\"async\" class=\"tp-image-hover\" src=\"https:\/\/www.fleurop-home.ch\/wp-content\/uploads\/2023\/11\/0012987_dose-aus-steingut-mit-blattermotiv-und-bambusdeckel-456x456.jpeg\" srcset=\"https:\/\/www.fleurop-home.ch\/wp-content\/uploads\/2023\/11\/0012987_dose-aus-steingut-mit-blattermotiv-und-bambusdeckel-456x456.jpeg 456w, https:\/\/www.fleurop-home.ch\/wp-content\/uploads\/2023\/11\/0012987_dose-aus-steingut-mit-blattermotiv-und-bambusdeckel-300x300.jpeg 300w, https:\/\/www.fleurop-home.ch\/wp-content\/uploads\/2023\/11\/0012987_dose-aus-steingut-mit-blattermotiv-und-bambusdeckel-100x100.jpeg 100w\" sizes=\"(max-width: 360px) 100vw, 360px\" alt=\"Bo\u00eete en fa\u00efence, avec motif de feuilles et couvercle en bambou\"><\/div><\/a>            <a href=\"https:\/\/www.fleurop-home.ch\/fr-ch\/p\/dose-aus-steingut-mit-blaettermotiv-und-bambusdeckel\"><h2 class=\"woocommerce-loop-product__title\">Bo\u00eete en fa\u00efence, avec motif de feuilles et couvercle en bambou<\/h2><\/a>\n\n\t<span class=\"price\"><span class=\"woocommerce-Price-amount amount\"><bdi><span class=\"woocommerce-Price-currencySymbol\">CHF<\/span>&nbsp;10.70<\/bdi><\/span><\/span>\n\n\n\n<\/a>\n\t<p class=\"wc-gzd-additional-info wc-gzd-additional-info-loop tax-info\">TVA incluse<\/p>\n\n\t<p class=\"wc-gzd-additional-info wc-gzd-additional-info-loop shipping-costs-info\">plus <a href=\"https:\/\/www.fleurop-home.ch\/fr-ch\/versandinformationen\" target=\"_blank\">Frais d'exp\u00e9dition<\/a><\/p>\n\n\t<p class=\"wc-gzd-additional-info delivery-time-info wc-gzd-additional-info-loop\"><span class=\"delivery-time-inner delivery-time-1-3-arbeitstage\">D\u00e9lai de livraison : <span class=\"delivery-time-data\">1 \u00e0 3 jours ouvrables<\/span><\/span><\/p>\n\n<div class=\"woocommerce-loop-product__buttons\"><a href=\"\/fr-ch\/wp-json\/wp\/v2\/pages\/60506?add-to-cart=2133\" aria-describedby=\"woocommerce_loop_add_to_cart_link_describedby_2133\" data-quantity=\"1\" class=\"button product_type_simple add_to_cart_button ajax_add_to_cart\" data-product_id=\"2133\" data-product_sku=\"MAR-MES140.034.01\" aria-label=\"Ajouter au panier : &quot;Dose aus Steingut, mit Bl\u00e4ttermotiv und Bambusdeckel&quot;\" rel=\"nofollow\" data-success_message=\"\u00ab\u00a0Dose aus Steingut, mit Bl\u00e4ttermotiv und Bambusdeckel\u00a0\u00bb a \u00e9t\u00e9 ajout\u00e9 \u00e0 votre panier\" role=\"button\" data-no-translation=\"\" data-trp-gettext=\"\" data-no-translation-aria-label=\"\" data-no-translation-data-success_message=\"\">Ajouter au panier<\/a><\/div>\t<span id=\"woocommerce_loop_add_to_cart_link_describedby_2133\" class=\"screen-reader-text\">\n\t\t\t<\/span>\n<span class=\"gtm4wp_productdata\" style=\"display:none; visibility:hidden;\" data-gtm4wp_product_data=\"{&quot;internal_id&quot;:2133,&quot;item_id&quot;:&quot;MAR-MES140.034.01&quot;,&quot;item_name&quot;:&quot;Dose aus Steingut, mit Bl\\u00e4ttermotiv und Bambusdeckel&quot;,&quot;sku&quot;:&quot;MAR-MES140.034.01&quot;,&quot;price&quot;:10.7,&quot;stocklevel&quot;:null,&quot;stockstatus&quot;:&quot;instock&quot;,&quot;google_business_vertical&quot;:&quot;retail&quot;,&quot;item_category&quot;:&quot;K\\u00fcche&quot;,&quot;item_category2&quot;:&quot;Gedeckter Tisch&quot;,&quot;item_category3&quot;:&quot;Geschirr&quot;,&quot;item_category4&quot;:&quot;Essen&quot;,&quot;id&quot;:&quot;MAR-MES140.034.01&quot;,&quot;item_brand&quot;:&quot;MAREIN AG&quot;,&quot;productlink&quot;:&quot;https:\\\/\\\/www.fleurop-home.ch\\\/fr-ch\\\/p\\\/dose-aus-steingut-mit-blaettermotiv-und-bambusdeckel&quot;,&quot;item_list_name&quot;:&quot;Liste g\\u00e9n\\u00e9rale des produits&quot;,&quot;index&quot;:1,&quot;product_type&quot;:&quot;simple&quot;}\"><\/span><\/li>\n<li class=\"product type-product post-13658 status-publish instock product_cat-trinken product_cat-brunch product_cat-muttertag product_cat-osterbrunch product_cat-ostern product_cat-geschirr product_cat-kueche product_cat-gedeckter-tisch product_tag-marein-ag has-post-thumbnail taxable shipping-taxable purchasable product-type-simple\">\n\t<a href=\"https:\/\/www.fleurop-home.ch\/fr-ch\/p\/blauer-handglasierter-krug-costal\" class=\"woocommerce-LoopProduct-link woocommerce-loop-product__link\"><a href=\"https:\/\/www.fleurop-home.ch\/fr-ch\/p\/blauer-handglasierter-krug-costal\"><div class=\"tp-image-wrapper\"><img decoding=\"async\" class=\"tp-image\" src=\"https:\/\/www.fleurop-home.ch\/wp-content\/uploads\/2024\/02\/0014694_blauerhandglasierterkrugcostal.png\" srcset=\"\" sizes=\"(max-width: 360px) 100vw, 360px\" alt=\"Pichet bleu \u00e9maill\u00e9 \u00e0 la main \"costal\"\"><img decoding=\"async\" class=\"tp-image-hover\" src=\"https:\/\/www.fleurop-home.ch\/wp-content\/uploads\/2024\/02\/0012973_blauerhandglasierterkrugcostal-456x456.jpeg\" srcset=\"\" sizes=\"(max-width: 360px) 100vw, 360px\" alt=\"Pichet bleu \u00e9maill\u00e9 \u00e0 la main \"costal\"\"><\/div><\/a>            <a href=\"https:\/\/www.fleurop-home.ch\/fr-ch\/p\/blauer-handglasierter-krug-costal\"><h2 class=\"woocommerce-loop-product__title\">Pichet bleu \u00e9maill\u00e9 \u00e0 la main \"Costal<\/h2><\/a>\n\n\t<span class=\"price\"><span class=\"woocommerce-Price-amount amount\"><bdi><span class=\"woocommerce-Price-currencySymbol\">CHF<\/span>&nbsp;21.50<\/bdi><\/span><\/span>\n\n\n\n<\/a>\n\t<p class=\"wc-gzd-additional-info wc-gzd-additional-info-loop tax-info\">TVA incluse<\/p>\n\n\t<p class=\"wc-gzd-additional-info wc-gzd-additional-info-loop shipping-costs-info\">plus <a href=\"https:\/\/www.fleurop-home.ch\/fr-ch\/versandinformationen\" target=\"_blank\">Frais d'exp\u00e9dition<\/a><\/p>\n\n\t<p class=\"wc-gzd-additional-info delivery-time-info wc-gzd-additional-info-loop\"><span class=\"delivery-time-inner delivery-time-1-3-arbeitstage\">D\u00e9lai de livraison : <span class=\"delivery-time-data\">1 \u00e0 3 jours ouvrables<\/span><\/span><\/p>\n\n<div class=\"woocommerce-loop-product__buttons\"><a href=\"\/fr-ch\/wp-json\/wp\/v2\/pages\/60506?add-to-cart=13658\" aria-describedby=\"woocommerce_loop_add_to_cart_link_describedby_13658\" data-quantity=\"1\" class=\"button product_type_simple add_to_cart_button ajax_add_to_cart\" data-product_id=\"13658\" data-product_sku=\"MAR-MES110.189.01\" aria-label=\"Ajouter au panier : &quot;Blauer handglasierter Krug &quot;Costal&quot;&quot;\" rel=\"nofollow\" data-success_message=\"\u00ab\u00a0Blauer handglasierter Krug &quot;Costal&quot;\u00a0\u00bb a \u00e9t\u00e9 ajout\u00e9 \u00e0 votre panier\" role=\"button\" data-no-translation=\"\" data-trp-gettext=\"\" data-no-translation-aria-label=\"\" data-no-translation-data-success_message=\"\">Ajouter au panier<\/a><\/div>\t<span id=\"woocommerce_loop_add_to_cart_link_describedby_13658\" class=\"screen-reader-text\">\n\t\t\t<\/span>\n<span class=\"gtm4wp_productdata\" style=\"display:none; visibility:hidden;\" data-gtm4wp_product_data=\"{&quot;internal_id&quot;:13658,&quot;item_id&quot;:&quot;MAR-MES110.189.01&quot;,&quot;item_name&quot;:&quot;Blauer handglasierter Krug \\&quot;Costal\\&quot;&quot;,&quot;sku&quot;:&quot;MAR-MES110.189.01&quot;,&quot;price&quot;:21.5,&quot;stocklevel&quot;:null,&quot;stockstatus&quot;:&quot;instock&quot;,&quot;google_business_vertical&quot;:&quot;retail&quot;,&quot;item_category&quot;:&quot;K\\u00fcche&quot;,&quot;item_category2&quot;:&quot;Gedeckter Tisch&quot;,&quot;item_category3&quot;:&quot;Geschirr&quot;,&quot;item_category4&quot;:&quot;Trinken&quot;,&quot;id&quot;:&quot;MAR-MES110.189.01&quot;,&quot;item_brand&quot;:&quot;MAREIN AG&quot;,&quot;productlink&quot;:&quot;https:\\\/\\\/www.fleurop-home.ch\\\/fr-ch\\\/p\\\/blauer-handglasierter-krug-costal&quot;,&quot;item_list_name&quot;:&quot;Liste g\\u00e9n\\u00e9rale des produits&quot;,&quot;index&quot;:2,&quot;product_type&quot;:&quot;simple&quot;}\"><\/span><\/li>\n<li class=\"product type-product post-55837 status-publish instock product_cat-deko-accessoires product_cat-fleuropkids product_cat-home-living product_cat-kinderzimmer-deko-fleuropkids product_cat-wanddeko product_cat-kids product_cat-kinderzimmer-deko product_tag-marein-ag has-post-thumbnail taxable shipping-taxable purchasable product-type-simple\">\n\t<a href=\"https:\/\/www.fleurop-home.ch\/fr-ch\/p\/befuellbarer-holz-bilderrahmen-schwarz\" class=\"woocommerce-LoopProduct-link woocommerce-loop-product__link\"><a href=\"https:\/\/www.fleurop-home.ch\/fr-ch\/p\/befuellbarer-holz-bilderrahmen-schwarz\"><div class=\"tp-image-wrapper\"><img decoding=\"async\" class=\"tp-image\" src=\"https:\/\/www.fleurop-home.ch\/wp-content\/uploads\/2025\/05\/DS-135846_34x25-5cm-befullbarer-holz-bilderrahmen-deko-fotorahmen-frontoffnung-kunstwerke-zeichnungen-fotos-schwarz_2-456x456.webp\" srcset=\"https:\/\/www.fleurop-home.ch\/wp-content\/uploads\/2025\/05\/DS-135846_34x25-5cm-befullbarer-holz-bilderrahmen-deko-fotorahmen-frontoffnung-kunstwerke-zeichnungen-fotos-schwarz_2-456x456.webp 456w, https:\/\/www.fleurop-home.ch\/wp-content\/uploads\/2025\/05\/DS-135846_34x25-5cm-befullbarer-holz-bilderrahmen-deko-fotorahmen-frontoffnung-kunstwerke-zeichnungen-fotos-schwarz_2-300x300.webp 300w, https:\/\/www.fleurop-home.ch\/wp-content\/uploads\/2025\/05\/DS-135846_34x25-5cm-befullbarer-holz-bilderrahmen-deko-fotorahmen-frontoffnung-kunstwerke-zeichnungen-fotos-schwarz_2-400x400.webp 400w, https:\/\/www.fleurop-home.ch\/wp-content\/uploads\/2025\/05\/DS-135846_34x25-5cm-befullbarer-holz-bilderrahmen-deko-fotorahmen-frontoffnung-kunstwerke-zeichnungen-fotos-schwarz_2-100x100.webp 100w, https:\/\/www.fleurop-home.ch\/wp-content\/uploads\/2025\/05\/DS-135846_34x25-5cm-befullbarer-holz-bilderrahmen-deko-fotorahmen-frontoffnung-kunstwerke-zeichnungen-fotos-schwarz_2-50x50.webp 50w\" sizes=\"(max-width: 360px) 100vw, 360px\" alt=\"Cadre photo en bois \u00e0 remplir, noir\"><img decoding=\"async\" class=\"tp-image-hover\" src=\"https:\/\/www.fleurop-home.ch\/wp-content\/uploads\/2025\/05\/DS-135846_Fruehling-456x456.webp\" srcset=\"https:\/\/www.fleurop-home.ch\/wp-content\/uploads\/2025\/05\/DS-135846_Fruehling-456x456.webp 456w, https:\/\/www.fleurop-home.ch\/wp-content\/uploads\/2025\/05\/DS-135846_Fruehling-300x300.webp 300w, https:\/\/www.fleurop-home.ch\/wp-content\/uploads\/2025\/05\/DS-135846_Fruehling-400x400.webp 400w, https:\/\/www.fleurop-home.ch\/wp-content\/uploads\/2025\/05\/DS-135846_Fruehling-100x100.webp 100w, https:\/\/www.fleurop-home.ch\/wp-content\/uploads\/2025\/05\/DS-135846_Fruehling-50x50.webp 50w\" sizes=\"(max-width: 360px) 100vw, 360px\" alt=\"Cadre photo en bois \u00e0 remplir, noir\"><\/div><\/a>            <a href=\"https:\/\/www.fleurop-home.ch\/fr-ch\/p\/befuellbarer-holz-bilderrahmen-schwarz\"><h2 class=\"woocommerce-loop-product__title\">Cadre photo en bois \u00e0 remplir, noir<\/h2><\/a>\n\n\t<span class=\"price\"><span class=\"woocommerce-Price-amount amount\"><bdi><span class=\"woocommerce-Price-currencySymbol\">CHF<\/span>&nbsp;32.40<\/bdi><\/span><\/span>\n\n\n\n<\/a>\n\t<p class=\"wc-gzd-additional-info wc-gzd-additional-info-loop tax-info\">TVA incluse<\/p>\n\n\t<p class=\"wc-gzd-additional-info wc-gzd-additional-info-loop shipping-costs-info\">plus <a href=\"https:\/\/www.fleurop-home.ch\/fr-ch\/versandinformationen\" target=\"_blank\">Frais d'exp\u00e9dition<\/a><\/p>\n\n\t<p class=\"wc-gzd-additional-info delivery-time-info wc-gzd-additional-info-loop\"><span class=\"delivery-time-inner delivery-time-1-3-arbeitstage\">D\u00e9lai de livraison : <span class=\"delivery-time-data\">1 \u00e0 3 jours ouvrables<\/span><\/span><\/p>\n\n<div class=\"woocommerce-loop-product__buttons\"><a data-quantity=\"1\" href=\"\/fr-ch\/wp-json\/wp\/v2\/pages\/60506?add-to-cart=55837\" aria-describedby=\"woocommerce_loop_add_to_cart_link_describedby_55837\" class=\"button product_type_simple add_to_cart_button ajax_add_to_cart\" data-product_id=\"55837\" data-product_sku=\"MAR-DS-135846\" aria-label=\"Ajouter au panier : &quot;Bef\u00fcllbarer Holz Bilderrahmen, schwarz&quot;\" rel=\"nofollow\" data-success_message=\"\u00ab\u00a0Bef\u00fcllbarer Holz Bilderrahmen, schwarz\u00a0\u00bb a \u00e9t\u00e9 ajout\u00e9 \u00e0 votre panier\" role=\"button\" data-no-translation=\"\" data-trp-gettext=\"\" data-no-translation-aria-label=\"\" data-no-translation-data-success_message=\"\">Ajouter au panier<\/a><\/div>\t<span id=\"woocommerce_loop_add_to_cart_link_describedby_55837\" class=\"screen-reader-text\">\n\t\t\t<\/span>\n<span class=\"gtm4wp_productdata\" style=\"display:none; visibility:hidden;\" data-gtm4wp_product_data=\"{&quot;internal_id&quot;:55837,&quot;item_id&quot;:&quot;MAR-DS-135846&quot;,&quot;item_name&quot;:&quot;Bef\\u00fcllbarer Holz Bilderrahmen, schwarz&quot;,&quot;sku&quot;:&quot;MAR-DS-135846&quot;,&quot;price&quot;:32.4,&quot;stocklevel&quot;:null,&quot;stockstatus&quot;:&quot;instock&quot;,&quot;google_business_vertical&quot;:&quot;retail&quot;,&quot;item_category&quot;:&quot;Home &amp; Living&quot;,&quot;item_category2&quot;:&quot;Deko &amp; Accessoires&quot;,&quot;id&quot;:&quot;MAR-DS-135846&quot;,&quot;item_brand&quot;:&quot;MAREIN AG&quot;,&quot;productlink&quot;:&quot;https:\\\/\\\/www.fleurop-home.ch\\\/fr-ch\\\/p\\\/befuellbarer-holz-bilderrahmen-schwarz&quot;,&quot;item_list_name&quot;:&quot;Liste g\\u00e9n\\u00e9rale des produits&quot;,&quot;index&quot;:3,&quot;product_type&quot;:&quot;simple&quot;}\"><\/span><\/li>\n<\/ul>\n<\/div>\t\t\t\t<\/div>\n\t\t\t\t<\/div>\n\t\t\t\t<\/div>\n\t\t\t\t<\/div>\n\t\t<div class=\"elementor-element elementor-element-fd27a13 e-con-full e-flex e-con e-child\" data-id=\"fd27a13\" data-element_type=\"container\" data-e-type=\"container\" data-settings=\"{&quot;_ha_eqh_enable&quot;:false}\">\n\t\t<div class=\"elementor-element elementor-element-0ee1a6b e-con-full e-flex e-con e-child\" data-id=\"0ee1a6b\" data-element_type=\"container\" data-e-type=\"container\" data-settings=\"{&quot;_ha_eqh_enable&quot;:false}\">\n\t\t\t\t<div class=\"elementor-element elementor-element-9515a4c elementor-widget-mobile__width-initial elementor-widget elementor-widget-icon-box\" data-id=\"9515a4c\" data-element_type=\"widget\" data-e-type=\"widget\" data-widget_type=\"icon-box.default\">\n\t\t\t\t<div class=\"elementor-widget-container\">\n\t\t\t\t\t\t\t<div class=\"elementor-icon-box-wrapper\">\n\n\t\t\t\n\t\t\t\t\t\t<div class=\"elementor-icon-box-content\">\n\n\t\t\t\t\t\t\t\t\t<h3 class=\"elementor-icon-box-title\">\n\t\t\t\t\t\t<span  >\n\t\t\t\t\t\t\t\ud83d\udc40 A propos de MAREIN AG\t\t\t\t\t\t<\/span>\n\t\t\t\t\t<\/h3>\n\t\t\t\t\n\t\t\t\t\t\t\t\t\t<p class=\"elementor-icon-box-description\">\n\t\t\t\t\t\tFond\u00e9e en 1979 par Manfred Reinecke, MAREIN AG est pass\u00e9e d'une petite entreprise familiale \u00e0 un leader national du march\u00e9. Avec un portefeuille vari\u00e9 allant des fournitures cr\u00e9atives et artistiques aux produits de style de vie, l'entreprise sert aujourd'hui aussi bien les clients B2B que D2C. Les \u00e9tapes importantes comprennent le lancement de marques propres comme I AM CREATIVE et Esm\u00e9e, ainsi que l'entr\u00e9e r\u00e9ussie dans le commerce en ligne.\t\t\t\t\t<\/p>\n\t\t\t\t\n\t\t\t<\/div>\n\t\t\t\n\t\t<\/div>\n\t\t\t\t\t\t<\/div>\n\t\t\t\t<\/div>\n\t\t\t\t<\/div>\n\t\t<div class=\"elementor-element elementor-element-ff25e0c e-con-full e-flex e-con e-child\" data-id=\"ff25e0c\" data-element_type=\"container\" data-e-type=\"container\" data-settings=\"{&quot;background_background&quot;:&quot;classic&quot;,&quot;_ha_eqh_enable&quot;:false}\">\n\t\t\t\t<div class=\"elementor-element elementor-element-6854300 elementor-widget elementor-widget-image\" data-id=\"6854300\" data-element_type=\"widget\" data-e-type=\"widget\" data-widget_type=\"image.default\">\n\t\t\t\t<div class=\"elementor-widget-container\">\n\t\t\t\t\t\t\t\t\t\t\t\t\t\t\t<img fetchpriority=\"high\" decoding=\"async\" width=\"800\" height=\"533\" src=\"https:\/\/www.fleurop-home.ch\/wp-content\/uploads\/2025\/07\/27.01.22_164-1920x1280.jpg\" class=\"attachment-large size-large wp-image-60512\" alt=\"\" srcset=\"https:\/\/www.fleurop-home.ch\/wp-content\/uploads\/2025\/07\/27.01.22_164-1920x1280.jpg 1920w, https:\/\/www.fleurop-home.ch\/wp-content\/uploads\/2025\/07\/27.01.22_164-600x400.jpg 600w, https:\/\/www.fleurop-home.ch\/wp-content\/uploads\/2025\/07\/27.01.22_164-768x512.jpg 768w, https:\/\/www.fleurop-home.ch\/wp-content\/uploads\/2025\/07\/27.01.22_164-1536x1024.jpg 1536w, https:\/\/www.fleurop-home.ch\/wp-content\/uploads\/2025\/07\/27.01.22_164-2048x1365.jpg 2048w, https:\/\/www.fleurop-home.ch\/wp-content\/uploads\/2025\/07\/27.01.22_164-18x12.jpg 18w, https:\/\/www.fleurop-home.ch\/wp-content\/uploads\/2025\/07\/27.01.22_164-1080x720.jpg 1080w, https:\/\/www.fleurop-home.ch\/wp-content\/uploads\/2025\/07\/27.01.22_164-700x467.jpg 700w\" sizes=\"(max-width: 800px) 100vw, 800px\" \/>\t\t\t\t\t\t\t\t\t\t\t\t\t\t\t<\/div>\n\t\t\t\t<\/div>\n\t\t\t\t<\/div>\n\t\t\t\t<\/div>\n\t\t<div class=\"elementor-element elementor-element-f245e8c e-con-full e-flex e-con e-child\" data-id=\"f245e8c\" data-element_type=\"container\" data-e-type=\"container\" data-settings=\"{&quot;background_background&quot;:&quot;gradient&quot;,&quot;_ha_eqh_enable&quot;:false}\">\n\t\t<div class=\"elementor-element elementor-element-f5c5a4d e-con-full e-flex e-con e-child\" data-id=\"f5c5a4d\" data-element_type=\"container\" data-e-type=\"container\" data-settings=\"{&quot;background_background&quot;:&quot;classic&quot;,&quot;_ha_eqh_enable&quot;:false}\">\n\t\t\t\t<div class=\"elementor-element elementor-element-ecb6c3d elementor-widget elementor-widget-image\" data-id=\"ecb6c3d\" data-element_type=\"widget\" data-e-type=\"widget\" data-widget_type=\"image.default\">\n\t\t\t\t<div class=\"elementor-widget-container\">\n\t\t\t\t\t\t\t\t\t\t\t\t\t\t\t<img decoding=\"async\" width=\"800\" height=\"533\" src=\"https:\/\/www.fleurop-home.ch\/wp-content\/uploads\/2025\/07\/240530_FleuropHOME-24_1246-1920x1280.jpg\" class=\"attachment-large size-large wp-image-60513\" alt=\"\" srcset=\"https:\/\/www.fleurop-home.ch\/wp-content\/uploads\/2025\/07\/240530_FleuropHOME-24_1246-1920x1280.jpg 1920w, https:\/\/www.fleurop-home.ch\/wp-content\/uploads\/2025\/07\/240530_FleuropHOME-24_1246-600x400.jpg 600w, https:\/\/www.fleurop-home.ch\/wp-content\/uploads\/2025\/07\/240530_FleuropHOME-24_1246-768x512.jpg 768w, https:\/\/www.fleurop-home.ch\/wp-content\/uploads\/2025\/07\/240530_FleuropHOME-24_1246-1536x1024.jpg 1536w, https:\/\/www.fleurop-home.ch\/wp-content\/uploads\/2025\/07\/240530_FleuropHOME-24_1246-2048x1365.jpg 2048w, https:\/\/www.fleurop-home.ch\/wp-content\/uploads\/2025\/07\/240530_FleuropHOME-24_1246-18x12.jpg 18w, https:\/\/www.fleurop-home.ch\/wp-content\/uploads\/2025\/07\/240530_FleuropHOME-24_1246-1080x720.jpg 1080w, https:\/\/www.fleurop-home.ch\/wp-content\/uploads\/2025\/07\/240530_FleuropHOME-24_1246-700x467.jpg 700w\" sizes=\"(max-width: 800px) 100vw, 800px\" \/>\t\t\t\t\t\t\t\t\t\t\t\t\t\t\t<\/div>\n\t\t\t\t<\/div>\n\t\t\t\t<\/div>\n\t\t<div class=\"elementor-element elementor-element-07ceac3 e-con-full e-flex e-con e-child\" data-id=\"07ceac3\" data-element_type=\"container\" data-e-type=\"container\" data-settings=\"{&quot;_ha_eqh_enable&quot;:false}\">\n\t\t\t\t<div class=\"elementor-element elementor-element-1ab791e elementor-widget__width-initial elementor-widget elementor-widget-icon-box\" data-id=\"1ab791e\" data-element_type=\"widget\" data-e-type=\"widget\" data-widget_type=\"icon-box.default\">\n\t\t\t\t<div class=\"elementor-widget-container\">\n\t\t\t\t\t\t\t<div class=\"elementor-icon-box-wrapper\">\n\n\t\t\t\n\t\t\t\t\t\t<div class=\"elementor-icon-box-content\">\n\n\t\t\t\t\t\t\t\t\t<h3 class=\"elementor-icon-box-title\">\n\t\t\t\t\t\t<span  >\n\t\t\t\t\t\t\t\ud83d\udc68\u200d\ud83d\udc69\u200d\ud83d\udc67\u200d\ud83d\udc66 A propos des fondateurs\t\t\t\t\t\t<\/span>\n\t\t\t\t\t<\/h3>\n\t\t\t\t\n\t\t\t\t\t\t\t\t\t<p class=\"elementor-icon-box-description\">\n\t\t\t\t\t\tDerri\u00e8re MAREIN AG se trouve la famille Reinecke, avec en t\u00eate le fondateur Manfred Reinecke et son fils William, qui a repris la direction en 2011. Leur vision \u00e9tait d'enrichir le march\u00e9 suisse avec des produits innovants de haute qualit\u00e9 tout en gardant toute la cha\u00eene de valeur en interne. Leur passion pour le design et la qualit\u00e9 continue d'animer l'entreprise aujourd'hui. \t\t\t\t\t<\/p>\n\t\t\t\t\n\t\t\t<\/div>\n\t\t\t\n\t\t<\/div>\n\t\t\t\t\t\t<\/div>\n\t\t\t\t<\/div>\n\t\t\t\t<\/div>\n\t\t\t\t<\/div>\n\t\t<div class=\"elementor-element elementor-element-2a99946 e-con-full e-flex e-con e-child\" data-id=\"2a99946\" data-element_type=\"container\" data-e-type=\"container\" data-settings=\"{&quot;_ha_eqh_enable&quot;:false}\">\n\t\t<div class=\"elementor-element elementor-element-dfc4a7d e-con-full e-flex e-con e-child\" data-id=\"dfc4a7d\" data-element_type=\"container\" data-e-type=\"container\" data-settings=\"{&quot;_ha_eqh_enable&quot;:false}\">\n\t\t\t\t<div class=\"elementor-element elementor-element-96a90ac elementor-widget-mobile__width-initial elementor-widget elementor-widget-icon-box\" data-id=\"96a90ac\" data-element_type=\"widget\" data-e-type=\"widget\" data-widget_type=\"icon-box.default\">\n\t\t\t\t<div class=\"elementor-widget-container\">\n\t\t\t\t\t\t\t<div class=\"elementor-icon-box-wrapper\">\n\n\t\t\t\n\t\t\t\t\t\t<div class=\"elementor-icon-box-content\">\n\n\t\t\t\t\t\t\t\t\t<h3 class=\"elementor-icon-box-title\">\n\t\t\t\t\t\t<span  >\n\t\t\t\t\t\t\t\ud83c\udf3f Mission et valeurs\t\t\t\t\t\t<\/span>\n\t\t\t\t\t<\/h3>\n\t\t\t\t\n\t\t\t\t\t\t\t\t\t<p class=\"elementor-icon-box-description\">\n\t\t\t\t\t\tMAREIN repr\u00e9sente l'alliance de la tradition et du dynamisme. L'entreprise accorde une grande importance \u00e0 l'innovation, \u00e0 la qualit\u00e9 et \u00e0 la durabilit\u00e9. En d\u00e9veloppant ses propres designs et en utilisant les tendances bas\u00e9es sur les donn\u00e9es, elle cr\u00e9e des produits qui correspondent \u00e0 l'esprit du temps et qui inspirent les clients. La promotion de l'esprit d'entreprise et de la pens\u00e9e non conventionnelle est centrale.\t\t\t\t\t<\/p>\n\t\t\t\t\n\t\t\t<\/div>\n\t\t\t\n\t\t<\/div>\n\t\t\t\t\t\t<\/div>\n\t\t\t\t<\/div>\n\t\t\t\t<\/div>\n\t\t<div class=\"elementor-element elementor-element-9a9173a e-con-full e-flex e-con e-child\" data-id=\"9a9173a\" data-element_type=\"container\" data-e-type=\"container\" data-settings=\"{&quot;background_background&quot;:&quot;classic&quot;,&quot;_ha_eqh_enable&quot;:false}\">\n\t\t\t\t<div class=\"elementor-element elementor-element-2b533e4 elementor-widget elementor-widget-image\" data-id=\"2b533e4\" data-element_type=\"widget\" data-e-type=\"widget\" data-widget_type=\"image.default\">\n\t\t\t\t<div class=\"elementor-widget-container\">\n\t\t\t\t\t\t\t\t\t\t\t\t\t\t\t<img decoding=\"async\" width=\"800\" height=\"533\" src=\"https:\/\/www.fleurop-home.ch\/wp-content\/uploads\/2025\/07\/D7S6027-1920x1278.jpg\" class=\"attachment-large size-large wp-image-60511\" alt=\"\" srcset=\"https:\/\/www.fleurop-home.ch\/wp-content\/uploads\/2025\/07\/D7S6027-1920x1278.jpg 1920w, https:\/\/www.fleurop-home.ch\/wp-content\/uploads\/2025\/07\/D7S6027-600x399.jpg 600w, https:\/\/www.fleurop-home.ch\/wp-content\/uploads\/2025\/07\/D7S6027-768x511.jpg 768w, https:\/\/www.fleurop-home.ch\/wp-content\/uploads\/2025\/07\/D7S6027-1536x1022.jpg 1536w, https:\/\/www.fleurop-home.ch\/wp-content\/uploads\/2025\/07\/D7S6027-2048x1363.jpg 2048w, https:\/\/www.fleurop-home.ch\/wp-content\/uploads\/2025\/07\/D7S6027-18x12.jpg 18w, https:\/\/www.fleurop-home.ch\/wp-content\/uploads\/2025\/07\/D7S6027-1080x719.jpg 1080w, https:\/\/www.fleurop-home.ch\/wp-content\/uploads\/2025\/07\/D7S6027-700x466.jpg 700w\" sizes=\"(max-width: 800px) 100vw, 800px\" \/>\t\t\t\t\t\t\t\t\t\t\t\t\t\t\t<\/div>\n\t\t\t\t<\/div>\n\t\t\t\t<\/div>\n\t\t\t\t<\/div>\n\t\t<div class=\"elementor-element elementor-element-add3dc4 e-con-full e-flex e-con e-child\" data-id=\"add3dc4\" data-element_type=\"container\" data-e-type=\"container\" data-settings=\"{&quot;_ha_eqh_enable&quot;:false}\">\n\t\t\t\t<div class=\"elementor-element elementor-element-ca5c5cd elementor-product-loop-item--align-left elementor-grid-4 elementor-grid-tablet-3 elementor-grid-mobile-2 elementor-products-grid elementor-wc-products elementor-widget elementor-widget-woocommerce-products\" data-id=\"ca5c5cd\" data-element_type=\"widget\" data-e-type=\"widget\" data-widget_type=\"woocommerce-products.default\">\n\t\t\t\t<div class=\"elementor-widget-container\">\n\t\t\t\t\t<div class=\"woocommerce columns-4\"><ul class=\"products elementor-grid columns-4\">\n<li class=\"product type-product post-13620 status-publish first instock product_cat-hocker-beistelltische product_cat-home-living product_cat-deko-accessoires product_tag-marein-ag has-post-thumbnail featured taxable shipping-taxable purchasable product-type-simple\">\n\t<a href=\"https:\/\/www.fleurop-home.ch\/fr-ch\/p\/dekorativer-rechteckiger-holzhocker\" class=\"woocommerce-LoopProduct-link woocommerce-loop-product__link\"><a href=\"https:\/\/www.fleurop-home.ch\/fr-ch\/p\/dekorativer-rechteckiger-holzhocker\"><div class=\"tp-image-wrapper\"><img decoding=\"async\" class=\"tp-image\" src=\"https:\/\/www.fleurop-home.ch\/wp-content\/uploads\/2023\/07\/Kein-Titel-600-x-600-px-3-456x456.jpg\" srcset=\"https:\/\/www.fleurop-home.ch\/wp-content\/uploads\/2023\/07\/Kein-Titel-600-x-600-px-3-456x456.jpg 456w, https:\/\/www.fleurop-home.ch\/wp-content\/uploads\/2023\/07\/Kein-Titel-600-x-600-px-3-300x300.jpg 300w, https:\/\/www.fleurop-home.ch\/wp-content\/uploads\/2023\/07\/Kein-Titel-600-x-600-px-3-12x12.jpg 12w, https:\/\/www.fleurop-home.ch\/wp-content\/uploads\/2023\/07\/Kein-Titel-600-x-600-px-3-400x400.jpg 400w, https:\/\/www.fleurop-home.ch\/wp-content\/uploads\/2023\/07\/Kein-Titel-600-x-600-px-3-100x100.jpg 100w, https:\/\/www.fleurop-home.ch\/wp-content\/uploads\/2023\/07\/Kein-Titel-600-x-600-px-3-50x50.jpg 50w, https:\/\/www.fleurop-home.ch\/wp-content\/uploads\/2023\/07\/Kein-Titel-600-x-600-px-3.jpg 600w\" sizes=\"(max-width: 360px) 100vw, 360px\" alt=\"Tabouret d\u00e9coratif rectangulaire en bois\"><img decoding=\"async\" class=\"tp-image-hover\" src=\"https:\/\/www.fleurop-home.ch\/wp-content\/uploads\/2023\/07\/0012945_dekorativerrechteckigerholzhocker-600x600-1-456x456.jpeg\" srcset=\"https:\/\/www.fleurop-home.ch\/wp-content\/uploads\/2023\/07\/0012945_dekorativerrechteckigerholzhocker-600x600-1-456x456.jpeg 456w, https:\/\/www.fleurop-home.ch\/wp-content\/uploads\/2023\/07\/0012945_dekorativerrechteckigerholzhocker-600x600-1-300x300.jpeg 300w, https:\/\/www.fleurop-home.ch\/wp-content\/uploads\/2023\/07\/0012945_dekorativerrechteckigerholzhocker-600x600-1-12x12.jpeg 12w, https:\/\/www.fleurop-home.ch\/wp-content\/uploads\/2023\/07\/0012945_dekorativerrechteckigerholzhocker-600x600-1-400x400.jpeg 400w, https:\/\/www.fleurop-home.ch\/wp-content\/uploads\/2023\/07\/0012945_dekorativerrechteckigerholzhocker-600x600-1-100x100.jpeg 100w, https:\/\/www.fleurop-home.ch\/wp-content\/uploads\/2023\/07\/0012945_dekorativerrechteckigerholzhocker-600x600-1-50x50.jpeg 50w, https:\/\/www.fleurop-home.ch\/wp-content\/uploads\/2023\/07\/0012945_dekorativerrechteckigerholzhocker-600x600-1.jpeg 600w\" sizes=\"(max-width: 360px) 100vw, 360px\" alt=\"Tabouret d\u00e9coratif rectangulaire en bois\"><\/div><\/a><div class=\"advanced-woo-labels awl-position-type-before-title awl-label-type-archive awl-align-left\" style=\"display:flex;flex-wrap:wrap;flex-direction:row;text-align:left;width:100%;position:relative;z-index:1;justify-content:flex-start;\"><div class=\"awl-label-wrap awl-text-label-wrap awl-label-id-30625\" style=\"\"><span class=\"awl-product-label awl-type-label awl-type-label-standard\" style=\"display:table;position:relative;line-height:1;white-space:nowrap;vertical-align:baseline;font-size:14px;--awl-font-size-tablet:14px;--awl-font-size-phone:14px;font-weight:400;font-style:normal;letter-spacing:0px;color:#fff;opacity:1;margin:0px 0px 0px 0px;\"><span class=\"awl-label-text\"  style=\"display:table-cell;padding:0.3em 0.6em 0.3em 0.6em;z-index:1;background:#9fa896;position:relative;line-height:1;border-radius:0;\"><span class=\"awl-inner-text\">Populaire<\/span><\/span><\/span><\/div><\/div>            <a href=\"https:\/\/www.fleurop-home.ch\/fr-ch\/p\/dekorativer-rechteckiger-holzhocker\"><h2 class=\"woocommerce-loop-product__title\">Tabouret d\u00e9coratif rectangulaire en bois<\/h2><\/a>\n\n\t<span class=\"price\"><span class=\"woocommerce-Price-amount amount\"><bdi><span class=\"woocommerce-Price-currencySymbol\">CHF<\/span>&nbsp;26.90<\/bdi><\/span><\/span>\n\n\n\n<\/a>\n\t<p class=\"wc-gzd-additional-info wc-gzd-additional-info-loop tax-info\">TVA incluse<\/p>\n\n\t<p class=\"wc-gzd-additional-info wc-gzd-additional-info-loop shipping-costs-info\">plus <a href=\"https:\/\/www.fleurop-home.ch\/fr-ch\/versandinformationen\" target=\"_blank\">Frais d'exp\u00e9dition<\/a><\/p>\n\n\t<p class=\"wc-gzd-additional-info delivery-time-info wc-gzd-additional-info-loop\"><span class=\"delivery-time-inner delivery-time-1-3-arbeitstage\">D\u00e9lai de livraison : <span class=\"delivery-time-data\">1 \u00e0 3 jours ouvrables<\/span><\/span><\/p>\n\n<div class=\"woocommerce-loop-product__buttons\"><a href=\"\/fr-ch\/wp-json\/wp\/v2\/pages\/60506?add-to-cart=13620\" aria-describedby=\"woocommerce_loop_add_to_cart_link_describedby_13620\" data-quantity=\"1\" class=\"button product_type_simple add_to_cart_button ajax_add_to_cart\" data-product_id=\"13620\" data-product_sku=\"MAR-MES220.016.01\" aria-label=\"Ajouter au panier : &quot;Dekorativer rechteckiger Holzhocker&quot;\" rel=\"nofollow\" data-success_message=\"\u00ab\u00a0Dekorativer rechteckiger Holzhocker\u00a0\u00bb a \u00e9t\u00e9 ajout\u00e9 \u00e0 votre panier\" role=\"button\" data-no-translation=\"\" data-trp-gettext=\"\" data-no-translation-aria-label=\"\" data-no-translation-data-success_message=\"\">Ajouter au panier<\/a><\/div>\t<span id=\"woocommerce_loop_add_to_cart_link_describedby_13620\" class=\"screen-reader-text\">\n\t\t\t<\/span>\n<span class=\"gtm4wp_productdata\" style=\"display:none; visibility:hidden;\" data-gtm4wp_product_data=\"{&quot;internal_id&quot;:13620,&quot;item_id&quot;:&quot;MAR-MES220.016.01&quot;,&quot;item_name&quot;:&quot;Dekorativer rechteckiger Holzhocker&quot;,&quot;sku&quot;:&quot;MAR-MES220.016.01&quot;,&quot;price&quot;:26.9,&quot;stocklevel&quot;:null,&quot;stockstatus&quot;:&quot;instock&quot;,&quot;google_business_vertical&quot;:&quot;retail&quot;,&quot;item_category&quot;:&quot;Home &amp; Living&quot;,&quot;item_category2&quot;:&quot;Deko &amp; Accessoires&quot;,&quot;id&quot;:&quot;MAR-MES220.016.01&quot;,&quot;item_brand&quot;:&quot;MAREIN AG&quot;,&quot;productlink&quot;:&quot;https:\\\/\\\/www.fleurop-home.ch\\\/fr-ch\\\/p\\\/dekorativer-rechteckiger-holzhocker&quot;,&quot;item_list_name&quot;:&quot;Liste g\\u00e9n\\u00e9rale des produits&quot;,&quot;index&quot;:1,&quot;product_type&quot;:&quot;simple&quot;}\"><\/span><\/li>\n<li class=\"product type-product post-55871 status-publish instock product_cat-vasen-gefaesse product_cat-home-living product_cat-toepfe product_cat-garten-balkon product_cat-uebertoepfe product_tag-marein-ag has-post-thumbnail taxable shipping-taxable purchasable product-type-simple\">\n\t<a href=\"https:\/\/www.fleurop-home.ch\/fr-ch\/p\/haengetopf-sand\" class=\"woocommerce-LoopProduct-link woocommerce-loop-product__link\"><a href=\"https:\/\/www.fleurop-home.ch\/fr-ch\/p\/haengetopf-sand\"><div class=\"tp-image-wrapper\"><img decoding=\"async\" class=\"tp-image\" src=\"https:\/\/www.fleurop-home.ch\/wp-content\/uploads\/2025\/05\/130.445.01_Haengetopf_18_-456x456.jpg\" srcset=\"https:\/\/www.fleurop-home.ch\/wp-content\/uploads\/2025\/05\/130.445.01_Haengetopf_18_-456x456.jpg 456w, https:\/\/www.fleurop-home.ch\/wp-content\/uploads\/2025\/05\/130.445.01_Haengetopf_18_-300x300.jpg 300w, https:\/\/www.fleurop-home.ch\/wp-content\/uploads\/2025\/05\/130.445.01_Haengetopf_18_-400x400.jpg 400w, https:\/\/www.fleurop-home.ch\/wp-content\/uploads\/2025\/05\/130.445.01_Haengetopf_18_-100x100.jpg 100w, https:\/\/www.fleurop-home.ch\/wp-content\/uploads\/2025\/05\/130.445.01_Haengetopf_18_-50x50.jpg 50w\" sizes=\"(max-width: 360px) 100vw, 360px\" alt=\"Pot suspendu sable\"><img decoding=\"async\" class=\"tp-image-hover\" src=\"https:\/\/www.fleurop-home.ch\/wp-content\/uploads\/2025\/05\/130.445.01_Haengetopf_18_2-456x456.jpg\" srcset=\"https:\/\/www.fleurop-home.ch\/wp-content\/uploads\/2025\/05\/130.445.01_Haengetopf_18_2-456x456.jpg 456w, https:\/\/www.fleurop-home.ch\/wp-content\/uploads\/2025\/05\/130.445.01_Haengetopf_18_2-300x300.jpg 300w, https:\/\/www.fleurop-home.ch\/wp-content\/uploads\/2025\/05\/130.445.01_Haengetopf_18_2-400x400.jpg 400w, https:\/\/www.fleurop-home.ch\/wp-content\/uploads\/2025\/05\/130.445.01_Haengetopf_18_2-100x100.jpg 100w, https:\/\/www.fleurop-home.ch\/wp-content\/uploads\/2025\/05\/130.445.01_Haengetopf_18_2-50x50.jpg 50w\" sizes=\"(max-width: 360px) 100vw, 360px\" alt=\"Pot suspendu sable\"><\/div><\/a>            <a href=\"https:\/\/www.fleurop-home.ch\/fr-ch\/p\/haengetopf-sand\"><h2 class=\"woocommerce-loop-product__title\">Pot suspendu sable<\/h2><\/a>\n\n\t<span class=\"price\"><span class=\"woocommerce-Price-amount amount\"><bdi><span class=\"woocommerce-Price-currencySymbol\">CHF<\/span>&nbsp;26.95<\/bdi><\/span><\/span>\n\n\n\n<\/a>\n\t<p class=\"wc-gzd-additional-info wc-gzd-additional-info-loop tax-info\">TVA incluse<\/p>\n\n\t<p class=\"wc-gzd-additional-info wc-gzd-additional-info-loop shipping-costs-info\">plus <a href=\"https:\/\/www.fleurop-home.ch\/fr-ch\/versandinformationen\" target=\"_blank\">Frais d'exp\u00e9dition<\/a><\/p>\n\n\t<p class=\"wc-gzd-additional-info delivery-time-info wc-gzd-additional-info-loop\"><span class=\"delivery-time-inner delivery-time-1-3-arbeitstage\">D\u00e9lai de livraison : <span class=\"delivery-time-data\">1 \u00e0 3 jours ouvrables<\/span><\/span><\/p>\n\n<div class=\"woocommerce-loop-product__buttons\"><a data-quantity=\"1\" href=\"\/fr-ch\/wp-json\/wp\/v2\/pages\/60506?add-to-cart=55871\" aria-describedby=\"woocommerce_loop_add_to_cart_link_describedby_55871\" class=\"button product_type_simple add_to_cart_button ajax_add_to_cart\" data-product_id=\"55871\" data-product_sku=\"MAR-130.445.01\u00a0\" aria-label=\"Ajouter au panier : &quot;H\u00e4ngetopf sand&quot;\" rel=\"nofollow\" data-success_message=\"\u00ab\u00a0H\u00e4ngetopf sand\u00a0\u00bb a \u00e9t\u00e9 ajout\u00e9 \u00e0 votre panier\" role=\"button\" data-no-translation=\"\" data-trp-gettext=\"\" data-no-translation-aria-label=\"\" data-no-translation-data-success_message=\"\">Ajouter au panier<\/a><\/div>\t<span id=\"woocommerce_loop_add_to_cart_link_describedby_55871\" class=\"screen-reader-text\">\n\t\t\t<\/span>\n<span class=\"gtm4wp_productdata\" style=\"display:none; visibility:hidden;\" data-gtm4wp_product_data=\"{&quot;internal_id&quot;:55871,&quot;item_id&quot;:&quot;MAR-130.445.01\\u00a0&quot;,&quot;item_name&quot;:&quot;H\\u00e4ngetopf sand&quot;,&quot;sku&quot;:&quot;MAR-130.445.01\\u00a0&quot;,&quot;price&quot;:26.95,&quot;stocklevel&quot;:null,&quot;stockstatus&quot;:&quot;instock&quot;,&quot;google_business_vertical&quot;:&quot;retail&quot;,&quot;item_category&quot;:&quot;Home &amp; Living&quot;,&quot;item_category2&quot;:&quot;Vasen &amp; Gef\\u00e4sse&quot;,&quot;id&quot;:&quot;MAR-130.445.01\\u00a0&quot;,&quot;item_brand&quot;:&quot;MAREIN AG&quot;,&quot;productlink&quot;:&quot;https:\\\/\\\/www.fleurop-home.ch\\\/fr-ch\\\/p\\\/haengetopf-sand&quot;,&quot;item_list_name&quot;:&quot;Liste g\\u00e9n\\u00e9rale des produits&quot;,&quot;index&quot;:2,&quot;product_type&quot;:&quot;simple&quot;}\"><\/span><\/li>\n<li class=\"product type-product post-55926 status-publish instock product_cat-trinken product_cat-silvester product_cat-silvestertisch product_cat-weihnachten product_cat-weihnachtsdeko product_cat-accessoires product_cat-geschirr product_cat-kueche product_cat-gedeckter-tisch product_tag-marein-ag has-post-thumbnail taxable shipping-taxable purchasable product-type-simple\">\n\t<a href=\"https:\/\/www.fleurop-home.ch\/fr-ch\/p\/champagnerglasset-oskar-2-stk\" class=\"woocommerce-LoopProduct-link woocommerce-loop-product__link\"><a href=\"https:\/\/www.fleurop-home.ch\/fr-ch\/p\/champagnerglasset-oskar-2-stk\"><div class=\"tp-image-wrapper\"><img decoding=\"async\" class=\"tp-image\" src=\"https:\/\/www.fleurop-home.ch\/wp-content\/uploads\/2025\/05\/110.426.01_Oskar-Champagner-Glas_-456x456.jpg\" srcset=\"https:\/\/www.fleurop-home.ch\/wp-content\/uploads\/2025\/05\/110.426.01_Oskar-Champagner-Glas_-456x456.jpg 456w, https:\/\/www.fleurop-home.ch\/wp-content\/uploads\/2025\/05\/110.426.01_Oskar-Champagner-Glas_-300x300.jpg 300w, https:\/\/www.fleurop-home.ch\/wp-content\/uploads\/2025\/05\/110.426.01_Oskar-Champagner-Glas_-400x400.jpg 400w, https:\/\/www.fleurop-home.ch\/wp-content\/uploads\/2025\/05\/110.426.01_Oskar-Champagner-Glas_-100x100.jpg 100w, https:\/\/www.fleurop-home.ch\/wp-content\/uploads\/2025\/05\/110.426.01_Oskar-Champagner-Glas_-50x50.jpg 50w\" sizes=\"(max-width: 360px) 100vw, 360px\" alt=\"Set de verres \u00e0 champagne Oskar 2 pcs.\"><img decoding=\"async\" class=\"tp-image-hover\" src=\"https:\/\/www.fleurop-home.ch\/wp-content\/uploads\/2025\/05\/110.426.01_Oskar-Champagner-Glas_2-456x456.jpg\" srcset=\"https:\/\/www.fleurop-home.ch\/wp-content\/uploads\/2025\/05\/110.426.01_Oskar-Champagner-Glas_2-456x456.jpg 456w, https:\/\/www.fleurop-home.ch\/wp-content\/uploads\/2025\/05\/110.426.01_Oskar-Champagner-Glas_2-300x300.jpg 300w, https:\/\/www.fleurop-home.ch\/wp-content\/uploads\/2025\/05\/110.426.01_Oskar-Champagner-Glas_2-400x400.jpg 400w, https:\/\/www.fleurop-home.ch\/wp-content\/uploads\/2025\/05\/110.426.01_Oskar-Champagner-Glas_2-100x100.jpg 100w, https:\/\/www.fleurop-home.ch\/wp-content\/uploads\/2025\/05\/110.426.01_Oskar-Champagner-Glas_2-50x50.jpg 50w\" sizes=\"(max-width: 360px) 100vw, 360px\" alt=\"Set de verres \u00e0 champagne Oskar 2 pcs.\"><\/div><\/a>            <a href=\"https:\/\/www.fleurop-home.ch\/fr-ch\/p\/champagnerglasset-oskar-2-stk\"><h2 class=\"woocommerce-loop-product__title\">Set de verres \u00e0 champagne Oskar 2 pcs.<\/h2><\/a>\n\n\t<span class=\"price\"><span class=\"woocommerce-Price-amount amount\"><bdi><span class=\"woocommerce-Price-currencySymbol\">CHF<\/span>&nbsp;32.35<\/bdi><\/span><\/span>\n\n\n\n<\/a>\n\t<p class=\"wc-gzd-additional-info wc-gzd-additional-info-loop tax-info\">TVA incluse<\/p>\n\n\t<p class=\"wc-gzd-additional-info wc-gzd-additional-info-loop shipping-costs-info\">plus <a href=\"https:\/\/www.fleurop-home.ch\/fr-ch\/versandinformationen\" target=\"_blank\">Frais d'exp\u00e9dition<\/a><\/p>\n\n\t<p class=\"wc-gzd-additional-info delivery-time-info wc-gzd-additional-info-loop\"><span class=\"delivery-time-inner delivery-time-1-3-arbeitstage\">D\u00e9lai de livraison : <span class=\"delivery-time-data\">1 \u00e0 3 jours ouvrables<\/span><\/span><\/p>\n\n<div class=\"woocommerce-loop-product__buttons\"><a data-quantity=\"1\" href=\"\/fr-ch\/wp-json\/wp\/v2\/pages\/60506?add-to-cart=55926\" aria-describedby=\"woocommerce_loop_add_to_cart_link_describedby_55926\" class=\"button product_type_simple add_to_cart_button ajax_add_to_cart\" data-product_id=\"55926\" data-product_sku=\"MAR-110.426.01\u00a0\" aria-label=\"Ajouter au panier : &quot;Champagnerglasset Oskar 2 Stk.&quot;\" rel=\"nofollow\" data-success_message=\"\u00ab\u00a0Champagnerglasset Oskar 2 Stk.\u00a0\u00bb a \u00e9t\u00e9 ajout\u00e9 \u00e0 votre panier\" role=\"button\" data-no-translation=\"\" data-trp-gettext=\"\" data-no-translation-aria-label=\"\" data-no-translation-data-success_message=\"\">Ajouter au panier<\/a><\/div>\t<span id=\"woocommerce_loop_add_to_cart_link_describedby_55926\" class=\"screen-reader-text\">\n\t\t\t<\/span>\n<span class=\"gtm4wp_productdata\" style=\"display:none; visibility:hidden;\" data-gtm4wp_product_data=\"{&quot;internal_id&quot;:55926,&quot;item_id&quot;:&quot;MAR-110.426.01\\u00a0&quot;,&quot;item_name&quot;:&quot;Champagnerglasset Oskar 2 Stk.&quot;,&quot;sku&quot;:&quot;MAR-110.426.01\\u00a0&quot;,&quot;price&quot;:32.35,&quot;stocklevel&quot;:null,&quot;stockstatus&quot;:&quot;instock&quot;,&quot;google_business_vertical&quot;:&quot;retail&quot;,&quot;item_category&quot;:&quot;K\\u00fcche&quot;,&quot;item_category2&quot;:&quot;Gedeckter Tisch&quot;,&quot;item_category3&quot;:&quot;Geschirr&quot;,&quot;item_category4&quot;:&quot;Trinken&quot;,&quot;id&quot;:&quot;MAR-110.426.01\\u00a0&quot;,&quot;item_brand&quot;:&quot;MAREIN AG&quot;,&quot;productlink&quot;:&quot;https:\\\/\\\/www.fleurop-home.ch\\\/fr-ch\\\/p\\\/champagnerglasset-oskar-2-stk&quot;,&quot;item_list_name&quot;:&quot;Liste g\\u00e9n\\u00e9rale des produits&quot;,&quot;index&quot;:3,&quot;product_type&quot;:&quot;simple&quot;}\"><\/span><\/li>\n<li class=\"product type-product post-55831 status-publish last instock product_cat-spielzeug product_cat-kids product_tag-marein-ag has-post-thumbnail taxable shipping-taxable purchasable product-type-simple\">\n\t<a href=\"https:\/\/www.fleurop-home.ch\/fr-ch\/p\/holz-kinderwerkzeug-koffer\" class=\"woocommerce-LoopProduct-link woocommerce-loop-product__link\"><a href=\"https:\/\/www.fleurop-home.ch\/fr-ch\/p\/holz-kinderwerkzeug-koffer\"><div class=\"tp-image-wrapper\"><img decoding=\"async\" class=\"tp-image\" src=\"https:\/\/www.fleurop-home.ch\/wp-content\/uploads\/2025\/05\/DS-105856_36-tlg-set-kinder-holz-werkzeug-koffer-handwerker-tool-zubehor-lern-spielset_2-456x456.webp\" srcset=\"https:\/\/www.fleurop-home.ch\/wp-content\/uploads\/2025\/05\/DS-105856_36-tlg-set-kinder-holz-werkzeug-koffer-handwerker-tool-zubehor-lern-spielset_2-456x456.webp 456w, https:\/\/www.fleurop-home.ch\/wp-content\/uploads\/2025\/05\/DS-105856_36-tlg-set-kinder-holz-werkzeug-koffer-handwerker-tool-zubehor-lern-spielset_2-300x300.webp 300w, https:\/\/www.fleurop-home.ch\/wp-content\/uploads\/2025\/05\/DS-105856_36-tlg-set-kinder-holz-werkzeug-koffer-handwerker-tool-zubehor-lern-spielset_2-400x400.webp 400w, https:\/\/www.fleurop-home.ch\/wp-content\/uploads\/2025\/05\/DS-105856_36-tlg-set-kinder-holz-werkzeug-koffer-handwerker-tool-zubehor-lern-spielset_2-100x100.webp 100w, https:\/\/www.fleurop-home.ch\/wp-content\/uploads\/2025\/05\/DS-105856_36-tlg-set-kinder-holz-werkzeug-koffer-handwerker-tool-zubehor-lern-spielset_2-50x50.webp 50w\" sizes=\"(max-width: 360px) 100vw, 360px\" alt=\"Coffre \u00e0 outils en bois pour enfants\"><img decoding=\"async\" class=\"tp-image-hover\" src=\"https:\/\/www.fleurop-home.ch\/wp-content\/uploads\/2025\/05\/DS-105856_36-tlg-set-kinder-holz-werkzeug-koffer-handwerker-tool-zubehor-lern-spielset_3-456x456.webp\" srcset=\"https:\/\/www.fleurop-home.ch\/wp-content\/uploads\/2025\/05\/DS-105856_36-tlg-set-kinder-holz-werkzeug-koffer-handwerker-tool-zubehor-lern-spielset_3-456x456.webp 456w, https:\/\/www.fleurop-home.ch\/wp-content\/uploads\/2025\/05\/DS-105856_36-tlg-set-kinder-holz-werkzeug-koffer-handwerker-tool-zubehor-lern-spielset_3-300x300.webp 300w, https:\/\/www.fleurop-home.ch\/wp-content\/uploads\/2025\/05\/DS-105856_36-tlg-set-kinder-holz-werkzeug-koffer-handwerker-tool-zubehor-lern-spielset_3-400x400.webp 400w, https:\/\/www.fleurop-home.ch\/wp-content\/uploads\/2025\/05\/DS-105856_36-tlg-set-kinder-holz-werkzeug-koffer-handwerker-tool-zubehor-lern-spielset_3-100x100.webp 100w, https:\/\/www.fleurop-home.ch\/wp-content\/uploads\/2025\/05\/DS-105856_36-tlg-set-kinder-holz-werkzeug-koffer-handwerker-tool-zubehor-lern-spielset_3-50x50.webp 50w\" sizes=\"(max-width: 360px) 100vw, 360px\" alt=\"Coffre \u00e0 outils en bois pour enfants\"><\/div><\/a>            <a href=\"https:\/\/www.fleurop-home.ch\/fr-ch\/p\/holz-kinderwerkzeug-koffer\"><h2 class=\"woocommerce-loop-product__title\">Coffre \u00e0 outils en bois pour enfants<\/h2><\/a>\n\n\t<span class=\"price\"><span class=\"woocommerce-Price-amount amount\"><bdi><span class=\"woocommerce-Price-currencySymbol\">CHF<\/span>&nbsp;43.20<\/bdi><\/span><\/span>\n\n\n\n<\/a>\n\t<p class=\"wc-gzd-additional-info wc-gzd-additional-info-loop tax-info\">TVA incluse<\/p>\n\n\t<p class=\"wc-gzd-additional-info wc-gzd-additional-info-loop shipping-costs-info\">plus <a href=\"https:\/\/www.fleurop-home.ch\/fr-ch\/versandinformationen\" target=\"_blank\">Frais d'exp\u00e9dition<\/a><\/p>\n\n\t<p class=\"wc-gzd-additional-info delivery-time-info wc-gzd-additional-info-loop\"><span class=\"delivery-time-inner delivery-time-1-3-arbeitstage\">D\u00e9lai de livraison : <span class=\"delivery-time-data\">1 \u00e0 3 jours ouvrables<\/span><\/span><\/p>\n\n<div class=\"woocommerce-loop-product__buttons\"><a data-quantity=\"1\" href=\"\/fr-ch\/wp-json\/wp\/v2\/pages\/60506?add-to-cart=55831\" aria-describedby=\"woocommerce_loop_add_to_cart_link_describedby_55831\" class=\"button product_type_simple add_to_cart_button ajax_add_to_cart\" data-product_id=\"55831\" data-product_sku=\"MAR-DS-105856\u00a0\" aria-label=\"Ajouter au panier : &quot;Holz Kinderwerkzeug-Koffer&quot;\" rel=\"nofollow\" data-success_message=\"\u00ab\u00a0Holz Kinderwerkzeug-Koffer\u00a0\u00bb a \u00e9t\u00e9 ajout\u00e9 \u00e0 votre panier\" role=\"button\" data-no-translation=\"\" data-trp-gettext=\"\" data-no-translation-aria-label=\"\" data-no-translation-data-success_message=\"\">Ajouter au panier<\/a><\/div>\t<span id=\"woocommerce_loop_add_to_cart_link_describedby_55831\" class=\"screen-reader-text\">\n\t\t\t<\/span>\n<span class=\"gtm4wp_productdata\" style=\"display:none; visibility:hidden;\" data-gtm4wp_product_data=\"{&quot;internal_id&quot;:55831,&quot;item_id&quot;:&quot;MAR-DS-105856\\u00a0&quot;,&quot;item_name&quot;:&quot;Holz Kinderwerkzeug-Koffer&quot;,&quot;sku&quot;:&quot;MAR-DS-105856\\u00a0&quot;,&quot;price&quot;:43.2,&quot;stocklevel&quot;:null,&quot;stockstatus&quot;:&quot;instock&quot;,&quot;google_business_vertical&quot;:&quot;retail&quot;,&quot;item_category&quot;:&quot;Kids&quot;,&quot;item_category2&quot;:&quot;Spielzeug&quot;,&quot;id&quot;:&quot;MAR-DS-105856\\u00a0&quot;,&quot;item_brand&quot;:&quot;MAREIN AG&quot;,&quot;productlink&quot;:&quot;https:\\\/\\\/www.fleurop-home.ch\\\/fr-ch\\\/p\\\/holz-kinderwerkzeug-koffer&quot;,&quot;item_list_name&quot;:&quot;Liste g\\u00e9n\\u00e9rale des produits&quot;,&quot;index&quot;:4,&quot;product_type&quot;:&quot;simple&quot;}\"><\/span><\/li>\n<\/ul>\n<\/div>\t\t\t\t<\/div>\n\t\t\t\t<\/div>\n\t\t\t\t<\/div>\n\t\t\t\t<div class=\"elementor-element elementor-element-9fd73f4 elementor-widget elementor-widget-spacer\" data-id=\"9fd73f4\" data-element_type=\"widget\" data-e-type=\"widget\" data-widget_type=\"spacer.default\">\n\t\t\t\t<div class=\"elementor-widget-container\">\n\t\t\t\t\t\t\t<div class=\"elementor-spacer\">\n\t\t\t<div class=\"elementor-spacer-inner\"><\/div>\n\t\t<\/div>\n\t\t\t\t\t\t<\/div>\n\t\t\t\t<\/div>\n\t\t<div class=\"elementor-element elementor-element-31bacde e-con-full e-flex e-con e-child\" data-id=\"31bacde\" data-element_type=\"container\" data-e-type=\"container\" data-settings=\"{&quot;_ha_eqh_enable&quot;:false}\">\n\t\t\t\t<div class=\"elementor-element elementor-element-f2425ba elementor-widget__width-initial elementor-widget elementor-widget-heading\" data-id=\"f2425ba\" data-element_type=\"widget\" data-e-type=\"widget\" data-widget_type=\"heading.default\">\n\t\t\t\t<div class=\"elementor-widget-container\">\n\t\t\t\t\t<h2 class=\"elementor-heading-title elementor-size-default\">\u2728 Impressions<\/h2>\t\t\t\t<\/div>\n\t\t\t\t<\/div>\n\t\t\t\t<div class=\"elementor-element elementor-element-a5f25f1 elementor-widget elementor-widget-spacer\" data-id=\"a5f25f1\" data-element_type=\"widget\" data-e-type=\"widget\" data-widget_type=\"spacer.default\">\n\t\t\t\t<div class=\"elementor-widget-container\">\n\t\t\t\t\t\t\t<div class=\"elementor-spacer\">\n\t\t\t<div class=\"elementor-spacer-inner\"><\/div>\n\t\t<\/div>\n\t\t\t\t\t\t<\/div>\n\t\t\t\t<\/div>\n\t\t\t\t<div class=\"elementor-element elementor-element-f1b2934 elementor-widget elementor-widget-image-gallery\" data-id=\"f1b2934\" data-element_type=\"widget\" data-e-type=\"widget\" data-widget_type=\"image-gallery.default\">\n\t\t\t\t<div class=\"elementor-widget-container\">\n\t\t\t\t\t\t\t<div class=\"elementor-image-gallery\">\n\t\t\t<div id='gallery-1' class='gallery galleryid-60506 gallery-columns-3 gallery-size-medium_large'><figure class='gallery-item'>\n\t\t\t<div class='gallery-icon landscape'>\n\t\t\t\t<a  href='https:\/\/www.fleurop-home.ch\/wp-content\/uploads\/2025\/07\/esmee_100.134.01_03.jpg'><img loading=\"lazy\" decoding=\"async\" width=\"768\" height=\"576\" src=\"https:\/\/www.fleurop-home.ch\/wp-content\/uploads\/2025\/07\/esmee_100.134.01_03-768x576.jpg\" class=\"attachment-medium_large size-medium_large\" alt=\"\" srcset=\"https:\/\/www.fleurop-home.ch\/wp-content\/uploads\/2025\/07\/esmee_100.134.01_03-768x576.jpg 768w, https:\/\/www.fleurop-home.ch\/wp-content\/uploads\/2025\/07\/esmee_100.134.01_03-600x450.jpg 600w, https:\/\/www.fleurop-home.ch\/wp-content\/uploads\/2025\/07\/esmee_100.134.01_03-1920x1440.jpg 1920w, https:\/\/www.fleurop-home.ch\/wp-content\/uploads\/2025\/07\/esmee_100.134.01_03-1536x1152.jpg 1536w, https:\/\/www.fleurop-home.ch\/wp-content\/uploads\/2025\/07\/esmee_100.134.01_03-16x12.jpg 16w, https:\/\/www.fleurop-home.ch\/wp-content\/uploads\/2025\/07\/esmee_100.134.01_03-1080x810.jpg 1080w, https:\/\/www.fleurop-home.ch\/wp-content\/uploads\/2025\/07\/esmee_100.134.01_03-700x525.jpg 700w, https:\/\/www.fleurop-home.ch\/wp-content\/uploads\/2025\/07\/esmee_100.134.01_03.jpg 2000w\" sizes=\"(max-width: 768px) 100vw, 768px\" \/><\/a>\n\t\t\t<\/div><\/figure><figure class='gallery-item'>\n\t\t\t<div class='gallery-icon landscape'>\n\t\t\t\t<a  href='https:\/\/www.fleurop-home.ch\/wp-content\/uploads\/2025\/07\/esmee_110.123.02_03.jpg'><img loading=\"lazy\" decoding=\"async\" width=\"768\" height=\"576\" src=\"https:\/\/www.fleurop-home.ch\/wp-content\/uploads\/2025\/07\/esmee_110.123.02_03-768x576.jpg\" class=\"attachment-medium_large size-medium_large\" alt=\"\" srcset=\"https:\/\/www.fleurop-home.ch\/wp-content\/uploads\/2025\/07\/esmee_110.123.02_03-768x576.jpg 768w, https:\/\/www.fleurop-home.ch\/wp-content\/uploads\/2025\/07\/esmee_110.123.02_03-600x450.jpg 600w, https:\/\/www.fleurop-home.ch\/wp-content\/uploads\/2025\/07\/esmee_110.123.02_03-1920x1440.jpg 1920w, https:\/\/www.fleurop-home.ch\/wp-content\/uploads\/2025\/07\/esmee_110.123.02_03-1536x1152.jpg 1536w, https:\/\/www.fleurop-home.ch\/wp-content\/uploads\/2025\/07\/esmee_110.123.02_03-16x12.jpg 16w, https:\/\/www.fleurop-home.ch\/wp-content\/uploads\/2025\/07\/esmee_110.123.02_03-1080x810.jpg 1080w, https:\/\/www.fleurop-home.ch\/wp-content\/uploads\/2025\/07\/esmee_110.123.02_03-700x525.jpg 700w, https:\/\/www.fleurop-home.ch\/wp-content\/uploads\/2025\/07\/esmee_110.123.02_03.jpg 2000w\" sizes=\"(max-width: 768px) 100vw, 768px\" \/><\/a>\n\t\t\t<\/div><\/figure><figure class='gallery-item'>\n\t\t\t<div class='gallery-icon landscape'>\n\t\t\t\t<a  href='https:\/\/www.fleurop-home.ch\/wp-content\/uploads\/2025\/07\/esmee_150.205.01_03.jpg'><img loading=\"lazy\" decoding=\"async\" width=\"768\" height=\"576\" src=\"https:\/\/www.fleurop-home.ch\/wp-content\/uploads\/2025\/07\/esmee_150.205.01_03-768x576.jpg\" class=\"attachment-medium_large size-medium_large\" alt=\"\" srcset=\"https:\/\/www.fleurop-home.ch\/wp-content\/uploads\/2025\/07\/esmee_150.205.01_03-768x576.jpg 768w, https:\/\/www.fleurop-home.ch\/wp-content\/uploads\/2025\/07\/esmee_150.205.01_03-600x450.jpg 600w, https:\/\/www.fleurop-home.ch\/wp-content\/uploads\/2025\/07\/esmee_150.205.01_03-1920x1440.jpg 1920w, https:\/\/www.fleurop-home.ch\/wp-content\/uploads\/2025\/07\/esmee_150.205.01_03-1536x1152.jpg 1536w, https:\/\/www.fleurop-home.ch\/wp-content\/uploads\/2025\/07\/esmee_150.205.01_03-16x12.jpg 16w, https:\/\/www.fleurop-home.ch\/wp-content\/uploads\/2025\/07\/esmee_150.205.01_03-1080x810.jpg 1080w, https:\/\/www.fleurop-home.ch\/wp-content\/uploads\/2025\/07\/esmee_150.205.01_03-700x525.jpg 700w, https:\/\/www.fleurop-home.ch\/wp-content\/uploads\/2025\/07\/esmee_150.205.01_03.jpg 2000w\" sizes=\"(max-width: 768px) 100vw, 768px\" \/><\/a>\n\t\t\t<\/div><\/figure><figure class='gallery-item'>\n\t\t\t<div class='gallery-icon landscape'>\n\t\t\t\t<a  href='https:\/\/www.fleurop-home.ch\/wp-content\/uploads\/2025\/07\/Esmee_Fruehling_2023_0077-scaled.jpg'><img loading=\"lazy\" decoding=\"async\" width=\"768\" height=\"511\" src=\"https:\/\/www.fleurop-home.ch\/wp-content\/uploads\/2025\/07\/Esmee_Fruehling_2023_0077-768x511.jpg\" class=\"attachment-medium_large size-medium_large\" alt=\"\" srcset=\"https:\/\/www.fleurop-home.ch\/wp-content\/uploads\/2025\/07\/Esmee_Fruehling_2023_0077-768x511.jpg 768w, https:\/\/www.fleurop-home.ch\/wp-content\/uploads\/2025\/07\/Esmee_Fruehling_2023_0077-600x399.jpg 600w, https:\/\/www.fleurop-home.ch\/wp-content\/uploads\/2025\/07\/Esmee_Fruehling_2023_0077-1920x1278.jpg 1920w, https:\/\/www.fleurop-home.ch\/wp-content\/uploads\/2025\/07\/Esmee_Fruehling_2023_0077-1536x1022.jpg 1536w, https:\/\/www.fleurop-home.ch\/wp-content\/uploads\/2025\/07\/Esmee_Fruehling_2023_0077-2048x1363.jpg 2048w, https:\/\/www.fleurop-home.ch\/wp-content\/uploads\/2025\/07\/Esmee_Fruehling_2023_0077-18x12.jpg 18w, https:\/\/www.fleurop-home.ch\/wp-content\/uploads\/2025\/07\/Esmee_Fruehling_2023_0077-1080x719.jpg 1080w, https:\/\/www.fleurop-home.ch\/wp-content\/uploads\/2025\/07\/Esmee_Fruehling_2023_0077-700x466.jpg 700w\" sizes=\"(max-width: 768px) 100vw, 768px\" \/><\/a>\n\t\t\t<\/div><\/figure><figure class='gallery-item'>\n\t\t\t<div class='gallery-icon landscape'>\n\t\t\t\t<a  href='https:\/\/www.fleurop-home.ch\/wp-content\/uploads\/2025\/07\/Esmee_sommer_22_149-scaled.jpg'><img loading=\"lazy\" decoding=\"async\" width=\"768\" height=\"512\" src=\"https:\/\/www.fleurop-home.ch\/wp-content\/uploads\/2025\/07\/Esmee_sommer_22_149-768x512.jpg\" class=\"attachment-medium_large size-medium_large\" alt=\"\" srcset=\"https:\/\/www.fleurop-home.ch\/wp-content\/uploads\/2025\/07\/Esmee_sommer_22_149-768x512.jpg 768w, https:\/\/www.fleurop-home.ch\/wp-content\/uploads\/2025\/07\/Esmee_sommer_22_149-600x400.jpg 600w, https:\/\/www.fleurop-home.ch\/wp-content\/uploads\/2025\/07\/Esmee_sommer_22_149-1920x1280.jpg 1920w, https:\/\/www.fleurop-home.ch\/wp-content\/uploads\/2025\/07\/Esmee_sommer_22_149-1536x1024.jpg 1536w, https:\/\/www.fleurop-home.ch\/wp-content\/uploads\/2025\/07\/Esmee_sommer_22_149-2048x1365.jpg 2048w, https:\/\/www.fleurop-home.ch\/wp-content\/uploads\/2025\/07\/Esmee_sommer_22_149-18x12.jpg 18w, https:\/\/www.fleurop-home.ch\/wp-content\/uploads\/2025\/07\/Esmee_sommer_22_149-1080x720.jpg 1080w, https:\/\/www.fleurop-home.ch\/wp-content\/uploads\/2025\/07\/Esmee_sommer_22_149-700x467.jpg 700w\" sizes=\"(max-width: 768px) 100vw, 768px\" \/><\/a>\n\t\t\t<\/div><\/figure><figure class='gallery-item'>\n\t\t\t<div class='gallery-icon landscape'>\n\t\t\t\t<a  href='https:\/\/www.fleurop-home.ch\/wp-content\/uploads\/2025\/07\/esmee_220.016.01_03-1-1.jpg'><img loading=\"lazy\" decoding=\"async\" width=\"768\" height=\"512\" src=\"https:\/\/www.fleurop-home.ch\/wp-content\/uploads\/2025\/07\/esmee_220.016.01_03-1-1-768x512.jpg\" class=\"attachment-medium_large size-medium_large\" alt=\"\" srcset=\"https:\/\/www.fleurop-home.ch\/wp-content\/uploads\/2025\/07\/esmee_220.016.01_03-1-1-768x512.jpg 768w, https:\/\/www.fleurop-home.ch\/wp-content\/uploads\/2025\/07\/esmee_220.016.01_03-1-1-600x400.jpg 600w, https:\/\/www.fleurop-home.ch\/wp-content\/uploads\/2025\/07\/esmee_220.016.01_03-1-1-1920x1280.jpg 1920w, https:\/\/www.fleurop-home.ch\/wp-content\/uploads\/2025\/07\/esmee_220.016.01_03-1-1-1536x1024.jpg 1536w, https:\/\/www.fleurop-home.ch\/wp-content\/uploads\/2025\/07\/esmee_220.016.01_03-1-1-18x12.jpg 18w, https:\/\/www.fleurop-home.ch\/wp-content\/uploads\/2025\/07\/esmee_220.016.01_03-1-1-1080x720.jpg 1080w, https:\/\/www.fleurop-home.ch\/wp-content\/uploads\/2025\/07\/esmee_220.016.01_03-1-1-700x467.jpg 700w, https:\/\/www.fleurop-home.ch\/wp-content\/uploads\/2025\/07\/esmee_220.016.01_03-1-1.jpg 2000w\" sizes=\"(max-width: 768px) 100vw, 768px\" \/><\/a>\n\t\t\t<\/div><\/figure>\n\t\t<\/div>\n\t\t<\/div>\n\t\t\t\t\t\t<\/div>\n\t\t\t\t<\/div>\n\t\t\t\t<div class=\"elementor-element elementor-element-78e5c85 elementor-widget elementor-widget-spacer\" data-id=\"78e5c85\" data-element_type=\"widget\" data-e-type=\"widget\" data-widget_type=\"spacer.default\">\n\t\t\t\t<div class=\"elementor-widget-container\">\n\t\t\t\t\t\t\t<div class=\"elementor-spacer\">\n\t\t\t<div class=\"elementor-spacer-inner\"><\/div>\n\t\t<\/div>\n\t\t\t\t\t\t<\/div>\n\t\t\t\t<\/div>\n\t\t<div class=\"elementor-element elementor-element-ccda5c8 e-con-full e-flex e-con e-child\" data-id=\"ccda5c8\" data-element_type=\"container\" data-e-type=\"container\" data-settings=\"{&quot;_ha_eqh_enable&quot;:false}\">\n\t\t\t\t<div class=\"elementor-element elementor-element-4ef117f elementor-widget__width-initial elementor-widget elementor-widget-heading\" data-id=\"4ef117f\" data-element_type=\"widget\" data-e-type=\"widget\" data-widget_type=\"heading.default\">\n\t\t\t\t<div class=\"elementor-widget-container\">\n\t\t\t\t\t<h2 class=\"elementor-heading-title elementor-size-default\">\ud83d\udecb\ufe0f D\u00e9couvre la diversit\u00e9<\/h2>\t\t\t\t<\/div>\n\t\t\t\t<\/div>\n\t\t\t\t<div class=\"elementor-element elementor-element-c69bac8 elementor-widget elementor-widget-spacer\" data-id=\"c69bac8\" data-element_type=\"widget\" data-e-type=\"widget\" data-widget_type=\"spacer.default\">\n\t\t\t\t<div class=\"elementor-widget-container\">\n\t\t\t\t\t\t\t<div class=\"elementor-spacer\">\n\t\t\t<div class=\"elementor-spacer-inner\"><\/div>\n\t\t<\/div>\n\t\t\t\t\t\t<\/div>\n\t\t\t\t<\/div>\n\t\t\t\t<div class=\"elementor-element elementor-element-053aeb1 elementor-product-loop-item--align-left elementor-grid-4 elementor-grid-tablet-3 elementor-grid-mobile-2 elementor-products-grid elementor-wc-products elementor-widget elementor-widget-woocommerce-products\" data-id=\"053aeb1\" data-element_type=\"widget\" data-e-type=\"widget\" data-widget_type=\"woocommerce-products.default\">\n\t\t\t\t<div class=\"elementor-widget-container\">\n\t\t\t\t\t<div class=\"woocommerce columns-4\"><ul class=\"products elementor-grid columns-4\">\n<li class=\"product type-product post-55799 status-publish first instock product_cat-spielzeug product_cat-fleuropkids product_cat-garten-outdoor product_cat-garten-balkon product_cat-kids-im-gruenen product_cat-kids product_tag-marein-ag has-post-thumbnail taxable shipping-taxable purchasable product-type-simple\">\n\t<a href=\"https:\/\/www.fleurop-home.ch\/fr-ch\/p\/kinder-kehrschaufel-frosch\" class=\"woocommerce-LoopProduct-link woocommerce-loop-product__link\"><a href=\"https:\/\/www.fleurop-home.ch\/fr-ch\/p\/kinder-kehrschaufel-frosch\"><div class=\"tp-image-wrapper\"><img decoding=\"async\" class=\"tp-image\" src=\"https:\/\/www.fleurop-home.ch\/wp-content\/uploads\/2025\/05\/1000-1471_Frosch-Schaufel_iac-456x456.jpg\" srcset=\"https:\/\/www.fleurop-home.ch\/wp-content\/uploads\/2025\/05\/1000-1471_Frosch-Schaufel_iac-456x456.jpg 456w, https:\/\/www.fleurop-home.ch\/wp-content\/uploads\/2025\/05\/1000-1471_Frosch-Schaufel_iac-300x300.jpg 300w, https:\/\/www.fleurop-home.ch\/wp-content\/uploads\/2025\/05\/1000-1471_Frosch-Schaufel_iac-400x400.jpg 400w, https:\/\/www.fleurop-home.ch\/wp-content\/uploads\/2025\/05\/1000-1471_Frosch-Schaufel_iac-100x100.jpg 100w, https:\/\/www.fleurop-home.ch\/wp-content\/uploads\/2025\/05\/1000-1471_Frosch-Schaufel_iac-50x50.jpg 50w\" sizes=\"(max-width: 360px) 100vw, 360px\" alt=\"Pelle \u00e0 poussi\u00e8re grenouille pour enfants\"><img decoding=\"async\" class=\"tp-image-hover\" src=\"https:\/\/www.fleurop-home.ch\/wp-content\/uploads\/2025\/05\/1000-1471_Frosch-Schaufel_iac-2-456x456.jpg\" srcset=\"https:\/\/www.fleurop-home.ch\/wp-content\/uploads\/2025\/05\/1000-1471_Frosch-Schaufel_iac-2-456x456.jpg 456w, https:\/\/www.fleurop-home.ch\/wp-content\/uploads\/2025\/05\/1000-1471_Frosch-Schaufel_iac-2-300x300.jpg 300w, https:\/\/www.fleurop-home.ch\/wp-content\/uploads\/2025\/05\/1000-1471_Frosch-Schaufel_iac-2-400x400.jpg 400w, https:\/\/www.fleurop-home.ch\/wp-content\/uploads\/2025\/05\/1000-1471_Frosch-Schaufel_iac-2-100x100.jpg 100w, https:\/\/www.fleurop-home.ch\/wp-content\/uploads\/2025\/05\/1000-1471_Frosch-Schaufel_iac-2-50x50.jpg 50w\" sizes=\"(max-width: 360px) 100vw, 360px\" alt=\"Pelle \u00e0 poussi\u00e8re grenouille pour enfants\"><\/div><\/a>            <a href=\"https:\/\/www.fleurop-home.ch\/fr-ch\/p\/kinder-kehrschaufel-frosch\"><h2 class=\"woocommerce-loop-product__title\">Pelle \u00e0 poussi\u00e8re grenouille pour enfants<\/h2><\/a>\n\n\t<span class=\"price\"><span class=\"woocommerce-Price-amount amount\"><bdi><span class=\"woocommerce-Price-currencySymbol\">CHF<\/span>&nbsp;16.15<\/bdi><\/span><\/span>\n\n\n\n<\/a>\n\t<p class=\"wc-gzd-additional-info wc-gzd-additional-info-loop tax-info\">TVA incluse<\/p>\n\n\t<p class=\"wc-gzd-additional-info wc-gzd-additional-info-loop shipping-costs-info\">plus <a href=\"https:\/\/www.fleurop-home.ch\/fr-ch\/versandinformationen\" target=\"_blank\">Frais d'exp\u00e9dition<\/a><\/p>\n\n\t<p class=\"wc-gzd-additional-info delivery-time-info wc-gzd-additional-info-loop\"><span class=\"delivery-time-inner delivery-time-1-3-arbeitstage\">D\u00e9lai de livraison : <span class=\"delivery-time-data\">1 \u00e0 3 jours ouvrables<\/span><\/span><\/p>\n\n<div class=\"woocommerce-loop-product__buttons\"><a data-quantity=\"1\" href=\"\/fr-ch\/wp-json\/wp\/v2\/pages\/60506?add-to-cart=55799\" aria-describedby=\"woocommerce_loop_add_to_cart_link_describedby_55799\" class=\"button product_type_simple add_to_cart_button ajax_add_to_cart\" data-product_id=\"55799\" data-product_sku=\"MAR-1000-1471\" aria-label=\"Ajouter au panier : &quot;Kinder Kehrschaufel Frosch&quot;\" rel=\"nofollow\" data-success_message=\"\u00ab\u00a0Kinder Kehrschaufel Frosch\u00a0\u00bb a \u00e9t\u00e9 ajout\u00e9 \u00e0 votre panier\" role=\"button\" data-no-translation=\"\" data-trp-gettext=\"\" data-no-translation-aria-label=\"\" data-no-translation-data-success_message=\"\">Ajouter au panier<\/a><\/div>\t<span id=\"woocommerce_loop_add_to_cart_link_describedby_55799\" class=\"screen-reader-text\">\n\t\t\t<\/span>\n<span class=\"gtm4wp_productdata\" style=\"display:none; visibility:hidden;\" data-gtm4wp_product_data=\"{&quot;internal_id&quot;:55799,&quot;item_id&quot;:&quot;MAR-1000-1471&quot;,&quot;item_name&quot;:&quot;Kinder Kehrschaufel Frosch&quot;,&quot;sku&quot;:&quot;MAR-1000-1471&quot;,&quot;price&quot;:16.15,&quot;stocklevel&quot;:null,&quot;stockstatus&quot;:&quot;instock&quot;,&quot;google_business_vertical&quot;:&quot;retail&quot;,&quot;item_category&quot;:&quot;Kids&quot;,&quot;item_category2&quot;:&quot;Spielzeug&quot;,&quot;id&quot;:&quot;MAR-1000-1471&quot;,&quot;item_brand&quot;:&quot;MAREIN AG&quot;,&quot;productlink&quot;:&quot;https:\\\/\\\/www.fleurop-home.ch\\\/fr-ch\\\/p\\\/kinder-kehrschaufel-frosch&quot;,&quot;item_list_name&quot;:&quot;Liste g\\u00e9n\\u00e9rale des produits&quot;,&quot;index&quot;:1,&quot;product_type&quot;:&quot;simple&quot;}\"><\/span><\/li>\n<li class=\"product type-product post-13611 status-publish instock product_cat-trinken product_cat-brunch product_cat-muttertag product_cat-osterbrunch product_cat-ostern product_cat-silvester product_cat-silvestertisch product_cat-geschirr product_cat-kueche product_cat-gedeckter-tisch product_tag-marein-ag has-post-thumbnail taxable shipping-taxable purchasable product-type-simple\">\n\t<a href=\"https:\/\/www.fleurop-home.ch\/fr-ch\/p\/handglasiertes-porzellantassen-set-latte-macchiato-tassen\" class=\"woocommerce-LoopProduct-link woocommerce-loop-product__link\"><a href=\"https:\/\/www.fleurop-home.ch\/fr-ch\/p\/handglasiertes-porzellantassen-set-latte-macchiato-tassen\"><div class=\"tp-image-wrapper\"><img decoding=\"async\" class=\"tp-image\" src=\"https:\/\/www.fleurop-home.ch\/wp-content\/uploads\/2023\/07\/0012937_handglasiertesporzellantassensetlattemacchiatotassen-456x456.webp\" srcset=\"https:\/\/www.fleurop-home.ch\/wp-content\/uploads\/2023\/07\/0012937_handglasiertesporzellantassensetlattemacchiatotassen-456x456.webp 456w, https:\/\/www.fleurop-home.ch\/wp-content\/uploads\/2023\/07\/0012937_handglasiertesporzellantassensetlattemacchiatotassen-600x600.webp 600w, https:\/\/www.fleurop-home.ch\/wp-content\/uploads\/2023\/07\/0012937_handglasiertesporzellantassensetlattemacchiatotassen-300x300.webp 300w, https:\/\/www.fleurop-home.ch\/wp-content\/uploads\/2023\/07\/0012937_handglasiertesporzellantassensetlattemacchiatotassen-768x768.webp 768w, https:\/\/www.fleurop-home.ch\/wp-content\/uploads\/2023\/07\/0012937_handglasiertesporzellantassensetlattemacchiatotassen-1536x1536.webp 1536w, https:\/\/www.fleurop-home.ch\/wp-content\/uploads\/2023\/07\/0012937_handglasiertesporzellantassensetlattemacchiatotassen-12x12.webp 12w, https:\/\/www.fleurop-home.ch\/wp-content\/uploads\/2023\/07\/0012937_handglasiertesporzellantassensetlattemacchiatotassen-1080x1080.webp 1080w, https:\/\/www.fleurop-home.ch\/wp-content\/uploads\/2023\/07\/0012937_handglasiertesporzellantassensetlattemacchiatotassen-700x700.webp 700w, https:\/\/www.fleurop-home.ch\/wp-content\/uploads\/2023\/07\/0012937_handglasiertesporzellantassensetlattemacchiatotassen-400x400.webp 400w, https:\/\/www.fleurop-home.ch\/wp-content\/uploads\/2023\/07\/0012937_handglasiertesporzellantassensetlattemacchiatotassen-100x100.webp 100w, https:\/\/www.fleurop-home.ch\/wp-content\/uploads\/2023\/07\/0012937_handglasiertesporzellantassensetlattemacchiatotassen-50x50.webp 50w, https:\/\/www.fleurop-home.ch\/wp-content\/uploads\/2023\/07\/0012937_handglasiertesporzellantassensetlattemacchiatotassen.webp 1562w\" sizes=\"(max-width: 360px) 100vw, 360px\" alt=\"Set de tasses en porcelaine \u00e9maill\u00e9e \u00e0 la main, tasses \u00e0 latte macchiato\"><img decoding=\"async\" class=\"tp-image-hover\" src=\"https:\/\/www.fleurop-home.ch\/wp-content\/uploads\/2024\/02\/0012938_handglasiertesporzellantassensetlattemacchiatotassen-456x456.jpeg\" srcset=\"\" sizes=\"(max-width: 360px) 100vw, 360px\" alt=\"Set de tasses en porcelaine \u00e9maill\u00e9e \u00e0 la main, tasses \u00e0 latte macchiato\"><\/div><\/a>            <a href=\"https:\/\/www.fleurop-home.ch\/fr-ch\/p\/handglasiertes-porzellantassen-set-latte-macchiato-tassen\"><h2 class=\"woocommerce-loop-product__title\">Set de tasses en porcelaine \u00e9maill\u00e9e \u00e0 la main, tasses \u00e0 latte macchiato<\/h2><\/a>\n\n\t<span class=\"price\"><span class=\"woocommerce-Price-amount amount\"><bdi><span class=\"woocommerce-Price-currencySymbol\">CHF<\/span>&nbsp;21.50<\/bdi><\/span><\/span>\n\n\n\n<\/a>\n\t<p class=\"wc-gzd-additional-info wc-gzd-additional-info-loop tax-info\">TVA incluse<\/p>\n\n\t<p class=\"wc-gzd-additional-info wc-gzd-additional-info-loop shipping-costs-info\">plus <a href=\"https:\/\/www.fleurop-home.ch\/fr-ch\/versandinformationen\" target=\"_blank\">Frais d'exp\u00e9dition<\/a><\/p>\n\n\t<p class=\"wc-gzd-additional-info delivery-time-info wc-gzd-additional-info-loop\"><span class=\"delivery-time-inner delivery-time-1-3-arbeitstage\">D\u00e9lai de livraison : <span class=\"delivery-time-data\">1 \u00e0 3 jours ouvrables<\/span><\/span><\/p>\n\n<div class=\"woocommerce-loop-product__buttons\"><a href=\"\/fr-ch\/wp-json\/wp\/v2\/pages\/60506?add-to-cart=13611\" aria-describedby=\"woocommerce_loop_add_to_cart_link_describedby_13611\" data-quantity=\"1\" class=\"button product_type_simple add_to_cart_button ajax_add_to_cart\" data-product_id=\"13611\" data-product_sku=\"MAR-MAE110.278.01\" aria-label=\"Ajouter au panier : &quot;Handglasiertes Porzellantassen Set, Latte Macchiato-Tassen&quot;\" rel=\"nofollow\" data-success_message=\"\u00ab\u00a0Handglasiertes Porzellantassen Set, Latte Macchiato-Tassen\u00a0\u00bb a \u00e9t\u00e9 ajout\u00e9 \u00e0 votre panier\" role=\"button\" data-no-translation=\"\" data-trp-gettext=\"\" data-no-translation-aria-label=\"\" data-no-translation-data-success_message=\"\">Ajouter au panier<\/a><\/div>\t<span id=\"woocommerce_loop_add_to_cart_link_describedby_13611\" class=\"screen-reader-text\">\n\t\t\t<\/span>\n<span class=\"gtm4wp_productdata\" style=\"display:none; visibility:hidden;\" data-gtm4wp_product_data=\"{&quot;internal_id&quot;:13611,&quot;item_id&quot;:&quot;MAR-MAE110.278.01&quot;,&quot;item_name&quot;:&quot;Handglasiertes Porzellantassen Set, Latte Macchiato-Tassen&quot;,&quot;sku&quot;:&quot;MAR-MAE110.278.01&quot;,&quot;price&quot;:21.5,&quot;stocklevel&quot;:null,&quot;stockstatus&quot;:&quot;instock&quot;,&quot;google_business_vertical&quot;:&quot;retail&quot;,&quot;item_category&quot;:&quot;K\\u00fcche&quot;,&quot;item_category2&quot;:&quot;Gedeckter Tisch&quot;,&quot;item_category3&quot;:&quot;Geschirr&quot;,&quot;item_category4&quot;:&quot;Trinken&quot;,&quot;id&quot;:&quot;MAR-MAE110.278.01&quot;,&quot;item_brand&quot;:&quot;MAREIN AG&quot;,&quot;productlink&quot;:&quot;https:\\\/\\\/www.fleurop-home.ch\\\/fr-ch\\\/p\\\/handglasiertes-porzellantassen-set-latte-macchiato-tassen&quot;,&quot;item_list_name&quot;:&quot;Liste g\\u00e9n\\u00e9rale des produits&quot;,&quot;index&quot;:2,&quot;product_type&quot;:&quot;simple&quot;}\"><\/span><\/li>\n<li class=\"product type-product post-55932 status-publish instock product_cat-untersetzer product_cat-osterbrunch product_cat-ostern product_cat-kueche product_cat-tischakzente product_cat-gedeckter-tisch product_tag-marein-ag has-post-thumbnail taxable shipping-taxable purchasable product-type-simple\">\n\t<a href=\"https:\/\/www.fleurop-home.ch\/fr-ch\/p\/keramikuntersetzer-carre-4-stk\" class=\"woocommerce-LoopProduct-link woocommerce-loop-product__link\"><a href=\"https:\/\/www.fleurop-home.ch\/fr-ch\/p\/keramikuntersetzer-carre-4-stk\"><div class=\"tp-image-wrapper\"><img decoding=\"async\" class=\"tp-image\" src=\"https:\/\/www.fleurop-home.ch\/wp-content\/uploads\/2025\/05\/7l2zl4ae-456x456.png\" srcset=\"https:\/\/www.fleurop-home.ch\/wp-content\/uploads\/2025\/05\/7l2zl4ae-456x456.png 456w, https:\/\/www.fleurop-home.ch\/wp-content\/uploads\/2025\/05\/7l2zl4ae-300x300.png 300w, https:\/\/www.fleurop-home.ch\/wp-content\/uploads\/2025\/05\/7l2zl4ae-12x12.png 12w, https:\/\/www.fleurop-home.ch\/wp-content\/uploads\/2025\/05\/7l2zl4ae-400x400.png 400w, https:\/\/www.fleurop-home.ch\/wp-content\/uploads\/2025\/05\/7l2zl4ae-100x100.png 100w, https:\/\/www.fleurop-home.ch\/wp-content\/uploads\/2025\/05\/7l2zl4ae-50x50.png 50w, https:\/\/www.fleurop-home.ch\/wp-content\/uploads\/2025\/05\/7l2zl4ae.png 600w\" sizes=\"(max-width: 360px) 100vw, 360px\" alt=\"Dessous de verre en c\u00e9ramique, carr\u00e9, 4 pi\u00e8ces\"><img decoding=\"async\" class=\"tp-image-hover\" src=\"https:\/\/www.fleurop-home.ch\/wp-content\/uploads\/2025\/05\/110.443.02_Keramikuntersetzer-Kariert_2-456x456.jpg\" srcset=\"https:\/\/www.fleurop-home.ch\/wp-content\/uploads\/2025\/05\/110.443.02_Keramikuntersetzer-Kariert_2-456x456.jpg 456w, https:\/\/www.fleurop-home.ch\/wp-content\/uploads\/2025\/05\/110.443.02_Keramikuntersetzer-Kariert_2-300x300.jpg 300w, https:\/\/www.fleurop-home.ch\/wp-content\/uploads\/2025\/05\/110.443.02_Keramikuntersetzer-Kariert_2-400x400.jpg 400w, https:\/\/www.fleurop-home.ch\/wp-content\/uploads\/2025\/05\/110.443.02_Keramikuntersetzer-Kariert_2-100x100.jpg 100w, https:\/\/www.fleurop-home.ch\/wp-content\/uploads\/2025\/05\/110.443.02_Keramikuntersetzer-Kariert_2-50x50.jpg 50w\" sizes=\"(max-width: 360px) 100vw, 360px\" alt=\"Dessous de verre en c\u00e9ramique, carr\u00e9, 4 pi\u00e8ces\"><\/div><\/a>            <a href=\"https:\/\/www.fleurop-home.ch\/fr-ch\/p\/keramikuntersetzer-carre-4-stk\"><h2 class=\"woocommerce-loop-product__title\">Dessous de verre en c\u00e9ramique, carr\u00e9, 4 pi\u00e8ces<\/h2><\/a>\n\n\t<span class=\"price\"><span class=\"woocommerce-Price-amount amount\"><bdi><span class=\"woocommerce-Price-currencySymbol\">CHF<\/span>&nbsp;21.55<\/bdi><\/span><\/span>\n\n\n\n<\/a>\n\t<p class=\"wc-gzd-additional-info wc-gzd-additional-info-loop tax-info\">TVA incluse<\/p>\n\n\t<p class=\"wc-gzd-additional-info wc-gzd-additional-info-loop shipping-costs-info\">plus <a href=\"https:\/\/www.fleurop-home.ch\/fr-ch\/versandinformationen\" target=\"_blank\">Frais d'exp\u00e9dition<\/a><\/p>\n\n\t<p class=\"wc-gzd-additional-info delivery-time-info wc-gzd-additional-info-loop\"><span class=\"delivery-time-inner delivery-time-1-3-arbeitstage\">D\u00e9lai de livraison : <span class=\"delivery-time-data\">1 \u00e0 3 jours ouvrables<\/span><\/span><\/p>\n\n<div class=\"woocommerce-loop-product__buttons\"><a data-quantity=\"1\" href=\"\/fr-ch\/wp-json\/wp\/v2\/pages\/60506?add-to-cart=55932\" aria-describedby=\"woocommerce_loop_add_to_cart_link_describedby_55932\" class=\"button product_type_simple add_to_cart_button ajax_add_to_cart\" data-product_id=\"55932\" data-product_sku=\"MAR-110.443.02\" aria-label=\"Ajouter au panier : &quot;Keramikuntersetzer, carr\u00e9, 4 Stk.&quot;\" rel=\"nofollow\" data-success_message=\"\u00ab\u00a0Keramikuntersetzer, carr\u00e9, 4 Stk.\u00a0\u00bb a \u00e9t\u00e9 ajout\u00e9 \u00e0 votre panier\" role=\"button\" data-no-translation=\"\" data-trp-gettext=\"\" data-no-translation-aria-label=\"\" data-no-translation-data-success_message=\"\">Ajouter au panier<\/a><\/div>\t<span id=\"woocommerce_loop_add_to_cart_link_describedby_55932\" class=\"screen-reader-text\">\n\t\t\t<\/span>\n<span class=\"gtm4wp_productdata\" style=\"display:none; visibility:hidden;\" data-gtm4wp_product_data=\"{&quot;internal_id&quot;:55932,&quot;item_id&quot;:&quot;MAR-110.443.02&quot;,&quot;item_name&quot;:&quot;Keramikuntersetzer, carr\\u00e9, 4 Stk.&quot;,&quot;sku&quot;:&quot;MAR-110.443.02&quot;,&quot;price&quot;:21.55,&quot;stocklevel&quot;:null,&quot;stockstatus&quot;:&quot;instock&quot;,&quot;google_business_vertical&quot;:&quot;retail&quot;,&quot;item_category&quot;:&quot;K\\u00fcche&quot;,&quot;item_category2&quot;:&quot;Gedeckter Tisch&quot;,&quot;item_category3&quot;:&quot;Tischakzente&quot;,&quot;item_category4&quot;:&quot;Untersetzer&quot;,&quot;id&quot;:&quot;MAR-110.443.02&quot;,&quot;item_brand&quot;:&quot;MAREIN AG&quot;,&quot;productlink&quot;:&quot;https:\\\/\\\/www.fleurop-home.ch\\\/fr-ch\\\/p\\\/keramikuntersetzer-carre-4-stk&quot;,&quot;item_list_name&quot;:&quot;Liste g\\u00e9n\\u00e9rale des produits&quot;,&quot;index&quot;:3,&quot;product_type&quot;:&quot;simple&quot;}\"><\/span><\/li>\n<li class=\"product type-product post-55981 status-publish last instock product_cat-trinken product_cat-osterbrunch product_cat-ostern product_cat-silvester product_cat-silvestertisch product_cat-geschirr product_cat-kueche product_cat-gedeckter-tisch product_tag-marein-ag has-post-thumbnail taxable shipping-taxable purchasable product-type-simple\">\n\t<a href=\"https:\/\/www.fleurop-home.ch\/fr-ch\/p\/keramikkrug-jordan\" class=\"woocommerce-LoopProduct-link woocommerce-loop-product__link\"><a href=\"https:\/\/www.fleurop-home.ch\/fr-ch\/p\/keramikkrug-jordan\"><div class=\"tp-image-wrapper\"><img decoding=\"async\" class=\"tp-image\" src=\"https:\/\/www.fleurop-home.ch\/wp-content\/uploads\/2025\/05\/130.247.01-1-scaled-1-456x456.jpg\" srcset=\"https:\/\/www.fleurop-home.ch\/wp-content\/uploads\/2025\/05\/130.247.01-1-scaled-1-456x456.jpg 456w, https:\/\/www.fleurop-home.ch\/wp-content\/uploads\/2025\/05\/130.247.01-1-scaled-1-300x300.jpg 300w, https:\/\/www.fleurop-home.ch\/wp-content\/uploads\/2025\/05\/130.247.01-1-scaled-1-400x400.jpg 400w, https:\/\/www.fleurop-home.ch\/wp-content\/uploads\/2025\/05\/130.247.01-1-scaled-1-100x100.jpg 100w, https:\/\/www.fleurop-home.ch\/wp-content\/uploads\/2025\/05\/130.247.01-1-scaled-1-50x50.jpg 50w\" sizes=\"(max-width: 360px) 100vw, 360px\" alt=\"Pichet en c\u00e9ramique Jordan\"><img decoding=\"async\" class=\"tp-image-hover\" src=\"https:\/\/www.fleurop-home.ch\/wp-content\/uploads\/2025\/05\/130.247.01-2-scaled-1-456x456.jpg\" srcset=\"https:\/\/www.fleurop-home.ch\/wp-content\/uploads\/2025\/05\/130.247.01-2-scaled-1-456x456.jpg 456w, https:\/\/www.fleurop-home.ch\/wp-content\/uploads\/2025\/05\/130.247.01-2-scaled-1-300x300.jpg 300w, https:\/\/www.fleurop-home.ch\/wp-content\/uploads\/2025\/05\/130.247.01-2-scaled-1-400x400.jpg 400w, https:\/\/www.fleurop-home.ch\/wp-content\/uploads\/2025\/05\/130.247.01-2-scaled-1-100x100.jpg 100w, https:\/\/www.fleurop-home.ch\/wp-content\/uploads\/2025\/05\/130.247.01-2-scaled-1-50x50.jpg 50w\" sizes=\"(max-width: 360px) 100vw, 360px\" alt=\"Pichet en c\u00e9ramique Jordan\"><\/div><\/a>            <a href=\"https:\/\/www.fleurop-home.ch\/fr-ch\/p\/keramikkrug-jordan\"><h2 class=\"woocommerce-loop-product__title\">Pichet en c\u00e9ramique Jordan<\/h2><\/a>\n\n\t<span class=\"price\"><span class=\"woocommerce-Price-amount amount\"><bdi><span class=\"woocommerce-Price-currencySymbol\">CHF<\/span>&nbsp;24.75<\/bdi><\/span><\/span>\n\n\n\n<\/a>\n\t<p class=\"wc-gzd-additional-info wc-gzd-additional-info-loop tax-info\">TVA incluse<\/p>\n\n\t<p class=\"wc-gzd-additional-info wc-gzd-additional-info-loop shipping-costs-info\">plus <a href=\"https:\/\/www.fleurop-home.ch\/fr-ch\/versandinformationen\" target=\"_blank\">Frais d'exp\u00e9dition<\/a><\/p>\n\n\t<p class=\"wc-gzd-additional-info delivery-time-info wc-gzd-additional-info-loop\"><span class=\"delivery-time-inner delivery-time-1-3-arbeitstage\">D\u00e9lai de livraison : <span class=\"delivery-time-data\">1 \u00e0 3 jours ouvrables<\/span><\/span><\/p>\n\n<div class=\"woocommerce-loop-product__buttons\"><a data-quantity=\"1\" href=\"\/fr-ch\/wp-json\/wp\/v2\/pages\/60506?add-to-cart=55981\" aria-describedby=\"woocommerce_loop_add_to_cart_link_describedby_55981\" class=\"button product_type_simple add_to_cart_button ajax_add_to_cart\" data-product_id=\"55981\" data-product_sku=\"MAR-130.247.01\" aria-label=\"Ajouter au panier : &quot;Keramikkrug Jordan&quot;\" rel=\"nofollow\" data-success_message=\"\u00ab\u00a0Keramikkrug Jordan\u00a0\u00bb a \u00e9t\u00e9 ajout\u00e9 \u00e0 votre panier\" role=\"button\" data-no-translation=\"\" data-trp-gettext=\"\" data-no-translation-aria-label=\"\" data-no-translation-data-success_message=\"\">Ajouter au panier<\/a><\/div>\t<span id=\"woocommerce_loop_add_to_cart_link_describedby_55981\" class=\"screen-reader-text\">\n\t\t\t<\/span>\n<span class=\"gtm4wp_productdata\" style=\"display:none; visibility:hidden;\" data-gtm4wp_product_data=\"{&quot;internal_id&quot;:55981,&quot;item_id&quot;:&quot;MAR-130.247.01&quot;,&quot;item_name&quot;:&quot;Keramikkrug Jordan&quot;,&quot;sku&quot;:&quot;MAR-130.247.01&quot;,&quot;price&quot;:24.75,&quot;stocklevel&quot;:null,&quot;stockstatus&quot;:&quot;instock&quot;,&quot;google_business_vertical&quot;:&quot;retail&quot;,&quot;item_category&quot;:&quot;K\\u00fcche&quot;,&quot;item_category2&quot;:&quot;Gedeckter Tisch&quot;,&quot;item_category3&quot;:&quot;Geschirr&quot;,&quot;item_category4&quot;:&quot;Trinken&quot;,&quot;id&quot;:&quot;MAR-130.247.01&quot;,&quot;item_brand&quot;:&quot;MAREIN AG&quot;,&quot;productlink&quot;:&quot;https:\\\/\\\/www.fleurop-home.ch\\\/fr-ch\\\/p\\\/keramikkrug-jordan&quot;,&quot;item_list_name&quot;:&quot;Liste g\\u00e9n\\u00e9rale des produits&quot;,&quot;index&quot;:4,&quot;product_type&quot;:&quot;simple&quot;}\"><\/span><\/li>\n<li class=\"product type-product post-56091 status-publish first instock product_cat-kuechentextilien product_cat-kueche product_cat-textilien product_tag-marein-ag has-post-thumbnail taxable shipping-taxable purchasable product-type-simple\">\n\t<a href=\"https:\/\/www.fleurop-home.ch\/fr-ch\/p\/nura-kochschuerze-dusty-olive\" class=\"woocommerce-LoopProduct-link woocommerce-loop-product__link\"><a href=\"https:\/\/www.fleurop-home.ch\/fr-ch\/p\/nura-kochschuerze-dusty-olive\"><div class=\"tp-image-wrapper\"><img decoding=\"async\" class=\"tp-image\" src=\"https:\/\/www.fleurop-home.ch\/wp-content\/uploads\/2025\/05\/100.367.01_Kochschuerze_Nura_-456x456.jpg\" srcset=\"https:\/\/www.fleurop-home.ch\/wp-content\/uploads\/2025\/05\/100.367.01_Kochschuerze_Nura_-456x456.jpg 456w, https:\/\/www.fleurop-home.ch\/wp-content\/uploads\/2025\/05\/100.367.01_Kochschuerze_Nura_-300x300.jpg 300w, https:\/\/www.fleurop-home.ch\/wp-content\/uploads\/2025\/05\/100.367.01_Kochschuerze_Nura_-400x400.jpg 400w, https:\/\/www.fleurop-home.ch\/wp-content\/uploads\/2025\/05\/100.367.01_Kochschuerze_Nura_-100x100.jpg 100w, https:\/\/www.fleurop-home.ch\/wp-content\/uploads\/2025\/05\/100.367.01_Kochschuerze_Nura_-50x50.jpg 50w\" sizes=\"(max-width: 360px) 100vw, 360px\" alt=\"Tablier de cuisine Nura, dusty olive\"><img decoding=\"async\" class=\"tp-image-hover\" src=\"https:\/\/www.fleurop-home.ch\/wp-content\/uploads\/2025\/05\/100.367.01_Kochschuerze_Nura_2-456x456.jpg\" srcset=\"https:\/\/www.fleurop-home.ch\/wp-content\/uploads\/2025\/05\/100.367.01_Kochschuerze_Nura_2-456x456.jpg 456w, https:\/\/www.fleurop-home.ch\/wp-content\/uploads\/2025\/05\/100.367.01_Kochschuerze_Nura_2-300x300.jpg 300w, https:\/\/www.fleurop-home.ch\/wp-content\/uploads\/2025\/05\/100.367.01_Kochschuerze_Nura_2-400x400.jpg 400w, https:\/\/www.fleurop-home.ch\/wp-content\/uploads\/2025\/05\/100.367.01_Kochschuerze_Nura_2-100x100.jpg 100w, https:\/\/www.fleurop-home.ch\/wp-content\/uploads\/2025\/05\/100.367.01_Kochschuerze_Nura_2-50x50.jpg 50w\" sizes=\"(max-width: 360px) 100vw, 360px\" alt=\"Tablier de cuisine Nura, dusty olive\"><\/div><\/a>            <a href=\"https:\/\/www.fleurop-home.ch\/fr-ch\/p\/nura-kochschuerze-dusty-olive\"><h2 class=\"woocommerce-loop-product__title\">Tablier de cuisine Nura, dusty olive<\/h2><\/a>\n\n\t<span class=\"price\"><span class=\"woocommerce-Price-amount amount\"><bdi><span class=\"woocommerce-Price-currencySymbol\">CHF<\/span>&nbsp;37.75<\/bdi><\/span><\/span>\n\n\n\n<\/a>\n\t<p class=\"wc-gzd-additional-info wc-gzd-additional-info-loop tax-info\">TVA incluse<\/p>\n\n\t<p class=\"wc-gzd-additional-info wc-gzd-additional-info-loop shipping-costs-info\">plus <a href=\"https:\/\/www.fleurop-home.ch\/fr-ch\/versandinformationen\" target=\"_blank\">Frais d'exp\u00e9dition<\/a><\/p>\n\n\t<p class=\"wc-gzd-additional-info delivery-time-info wc-gzd-additional-info-loop\"><span class=\"delivery-time-inner delivery-time-1-3-arbeitstage\">D\u00e9lai de livraison : <span class=\"delivery-time-data\">1 \u00e0 3 jours ouvrables<\/span><\/span><\/p>\n\n<div class=\"woocommerce-loop-product__buttons\"><a data-quantity=\"1\" href=\"\/fr-ch\/wp-json\/wp\/v2\/pages\/60506?add-to-cart=56091\" aria-describedby=\"woocommerce_loop_add_to_cart_link_describedby_56091\" class=\"button product_type_simple add_to_cart_button ajax_add_to_cart\" data-product_id=\"56091\" data-product_sku=\"MAR-100.367.01\" aria-label=\"Ajouter au panier : &quot;Nura Kochsch\u00fcrze, dusty olive&quot;\" rel=\"nofollow\" data-success_message=\"\u00ab\u00a0Nura Kochsch\u00fcrze, dusty olive\u00a0\u00bb a \u00e9t\u00e9 ajout\u00e9 \u00e0 votre panier\" role=\"button\" data-no-translation=\"\" data-trp-gettext=\"\" data-no-translation-aria-label=\"\" data-no-translation-data-success_message=\"\">Ajouter au panier<\/a><\/div>\t<span id=\"woocommerce_loop_add_to_cart_link_describedby_56091\" class=\"screen-reader-text\">\n\t\t\t<\/span>\n<span class=\"gtm4wp_productdata\" style=\"display:none; visibility:hidden;\" data-gtm4wp_product_data=\"{&quot;internal_id&quot;:56091,&quot;item_id&quot;:&quot;MAR-100.367.01&quot;,&quot;item_name&quot;:&quot;Nura Kochsch\\u00fcrze, dusty olive&quot;,&quot;sku&quot;:&quot;MAR-100.367.01&quot;,&quot;price&quot;:37.75,&quot;stocklevel&quot;:null,&quot;stockstatus&quot;:&quot;instock&quot;,&quot;google_business_vertical&quot;:&quot;retail&quot;,&quot;item_category&quot;:&quot;K\\u00fcche&quot;,&quot;item_category2&quot;:&quot;Textilien&quot;,&quot;item_category3&quot;:&quot;K\\u00fcchentextilien&quot;,&quot;id&quot;:&quot;MAR-100.367.01&quot;,&quot;item_brand&quot;:&quot;MAREIN AG&quot;,&quot;productlink&quot;:&quot;https:\\\/\\\/www.fleurop-home.ch\\\/fr-ch\\\/p\\\/nura-kochschuerze-dusty-olive&quot;,&quot;item_list_name&quot;:&quot;Liste g\\u00e9n\\u00e9rale des produits&quot;,&quot;index&quot;:5,&quot;product_type&quot;:&quot;simple&quot;}\"><\/span><\/li>\n<li class=\"product type-product post-55829 status-publish instock product_cat-kinderzimmer-deko product_cat-kids product_cat-spielzeug product_tag-marein-ag has-post-thumbnail taxable shipping-taxable purchasable product-type-simple\">\n\t<a href=\"https:\/\/www.fleurop-home.ch\/fr-ch\/p\/kinder-spieltipi\" class=\"woocommerce-LoopProduct-link woocommerce-loop-product__link\"><a href=\"https:\/\/www.fleurop-home.ch\/fr-ch\/p\/kinder-spieltipi\"><div class=\"tp-image-wrapper\"><img decoding=\"async\" class=\"tp-image\" src=\"https:\/\/www.fleurop-home.ch\/wp-content\/uploads\/2025\/05\/jeqjga6w-456x456.png\" srcset=\"https:\/\/www.fleurop-home.ch\/wp-content\/uploads\/2025\/05\/jeqjga6w-456x456.png 456w, https:\/\/www.fleurop-home.ch\/wp-content\/uploads\/2025\/05\/jeqjga6w-300x300.png 300w, https:\/\/www.fleurop-home.ch\/wp-content\/uploads\/2025\/05\/jeqjga6w-12x12.png 12w, https:\/\/www.fleurop-home.ch\/wp-content\/uploads\/2025\/05\/jeqjga6w-400x400.png 400w, https:\/\/www.fleurop-home.ch\/wp-content\/uploads\/2025\/05\/jeqjga6w-100x100.png 100w, https:\/\/www.fleurop-home.ch\/wp-content\/uploads\/2025\/05\/jeqjga6w-50x50.png 50w, https:\/\/www.fleurop-home.ch\/wp-content\/uploads\/2025\/05\/jeqjga6w.png 600w\" sizes=\"(max-width: 360px) 100vw, 360px\" alt=\"Tipi de jeu pour enfants\"><img decoding=\"async\" class=\"tp-image-hover\" src=\"https:\/\/www.fleurop-home.ch\/wp-content\/uploads\/2025\/05\/120x150cm-kinder-spieltipi-indoor-indianer-spielzelt_2.512x512@100.high_-456x456.jpg\" srcset=\"https:\/\/www.fleurop-home.ch\/wp-content\/uploads\/2025\/05\/120x150cm-kinder-spieltipi-indoor-indianer-spielzelt_2.512x512@100.high_-456x456.jpg 456w, https:\/\/www.fleurop-home.ch\/wp-content\/uploads\/2025\/05\/120x150cm-kinder-spieltipi-indoor-indianer-spielzelt_2.512x512@100.high_-300x300.jpg 300w, https:\/\/www.fleurop-home.ch\/wp-content\/uploads\/2025\/05\/120x150cm-kinder-spieltipi-indoor-indianer-spielzelt_2.512x512@100.high_-12x12.jpg 12w, https:\/\/www.fleurop-home.ch\/wp-content\/uploads\/2025\/05\/120x150cm-kinder-spieltipi-indoor-indianer-spielzelt_2.512x512@100.high_-400x400.jpg 400w, https:\/\/www.fleurop-home.ch\/wp-content\/uploads\/2025\/05\/120x150cm-kinder-spieltipi-indoor-indianer-spielzelt_2.512x512@100.high_-100x100.jpg 100w, https:\/\/www.fleurop-home.ch\/wp-content\/uploads\/2025\/05\/120x150cm-kinder-spieltipi-indoor-indianer-spielzelt_2.512x512@100.high_-50x50.jpg 50w, https:\/\/www.fleurop-home.ch\/wp-content\/uploads\/2025\/05\/120x150cm-kinder-spieltipi-indoor-indianer-spielzelt_2.512x512@100.high_.jpg 512w\" sizes=\"(max-width: 360px) 100vw, 360px\" alt=\"Tipi de jeu pour enfants\"><\/div><\/a>            <a href=\"https:\/\/www.fleurop-home.ch\/fr-ch\/p\/kinder-spieltipi\"><h2 class=\"woocommerce-loop-product__title\">Tipi de jeu pour enfants<\/h2><\/a>\n\n\t<span class=\"price\"><span class=\"woocommerce-Price-amount amount\"><bdi><span class=\"woocommerce-Price-currencySymbol\">CHF<\/span>&nbsp;86.45<\/bdi><\/span><\/span>\n\n\n\n<\/a>\n\t<p class=\"wc-gzd-additional-info wc-gzd-additional-info-loop tax-info\">TVA incluse<\/p>\n\n\t<p class=\"wc-gzd-additional-info wc-gzd-additional-info-loop shipping-costs-info\">plus <a href=\"https:\/\/www.fleurop-home.ch\/fr-ch\/versandinformationen\" target=\"_blank\">Frais d'exp\u00e9dition<\/a><\/p>\n\n\t<p class=\"wc-gzd-additional-info delivery-time-info wc-gzd-additional-info-loop\"><span class=\"delivery-time-inner delivery-time-1-3-arbeitstage\">D\u00e9lai de livraison : <span class=\"delivery-time-data\">1 \u00e0 3 jours ouvrables<\/span><\/span><\/p>\n\n<div class=\"woocommerce-loop-product__buttons\"><a data-quantity=\"1\" href=\"\/fr-ch\/wp-json\/wp\/v2\/pages\/60506?add-to-cart=55829\" aria-describedby=\"woocommerce_loop_add_to_cart_link_describedby_55829\" class=\"button product_type_simple add_to_cart_button ajax_add_to_cart\" data-product_id=\"55829\" data-product_sku=\"MAR-DS-111151\" aria-label=\"Ajouter au panier : &quot;Kinder Spieltipi&quot;\" rel=\"nofollow\" data-success_message=\"\u00ab\u00a0Kinder Spieltipi\u00a0\u00bb a \u00e9t\u00e9 ajout\u00e9 \u00e0 votre panier\" role=\"button\" data-no-translation=\"\" data-trp-gettext=\"\" data-no-translation-aria-label=\"\" data-no-translation-data-success_message=\"\">Ajouter au panier<\/a><\/div>\t<span id=\"woocommerce_loop_add_to_cart_link_describedby_55829\" class=\"screen-reader-text\">\n\t\t\t<\/span>\n<span class=\"gtm4wp_productdata\" style=\"display:none; visibility:hidden;\" data-gtm4wp_product_data=\"{&quot;internal_id&quot;:55829,&quot;item_id&quot;:&quot;MAR-DS-111151&quot;,&quot;item_name&quot;:&quot;Kinder Spieltipi&quot;,&quot;sku&quot;:&quot;MAR-DS-111151&quot;,&quot;price&quot;:86.45,&quot;stocklevel&quot;:null,&quot;stockstatus&quot;:&quot;instock&quot;,&quot;google_business_vertical&quot;:&quot;retail&quot;,&quot;item_category&quot;:&quot;Kids&quot;,&quot;item_category2&quot;:&quot;Kinderzimmer Deko&quot;,&quot;id&quot;:&quot;MAR-DS-111151&quot;,&quot;item_brand&quot;:&quot;MAREIN AG&quot;,&quot;productlink&quot;:&quot;https:\\\/\\\/www.fleurop-home.ch\\\/fr-ch\\\/p\\\/kinder-spieltipi&quot;,&quot;item_list_name&quot;:&quot;Liste g\\u00e9n\\u00e9rale des produits&quot;,&quot;index&quot;:6,&quot;product_type&quot;:&quot;simple&quot;}\"><\/span><\/li>\n<\/ul>\n<\/div>\t\t\t\t<\/div>\n\t\t\t\t<\/div>\n\t\t\t\t<div data-ha-element-link=\"{&quot;url&quot;:&quot;https:\\\/\\\/www.fleurop-home.ch\\\/de-ch\\\/marktplatz\\\/marein&quot;,&quot;is_external&quot;:&quot;&quot;,&quot;nofollow&quot;:&quot;&quot;}\" style=\"cursor: pointer\" class=\"elementor-element elementor-element-5937d93 elementor-align-center elementor-widget elementor-widget-button\" data-id=\"5937d93\" data-element_type=\"widget\" data-e-type=\"widget\" data-widget_type=\"button.default\">\n\t\t\t\t<div class=\"elementor-widget-container\">\n\t\t\t\t\t\t\t\t\t<div class=\"elementor-button-wrapper\">\n\t\t\t\t\t<a class=\"elementor-button elementor-size-sm\" role=\"button\">\n\t\t\t\t\t\t<span class=\"elementor-button-content-wrapper\">\n\t\t\t\t\t\t\t\t\t<span class=\"elementor-button-text\">Vers l'offre<\/span>\n\t\t\t\t\t<\/span>\n\t\t\t\t\t<\/a>\n\t\t\t\t<\/div>\n\t\t\t\t\t\t\t\t<\/div>\n\t\t\t\t<\/div>\n\t\t\t\t<div class=\"elementor-element elementor-element-b3e543d elementor-widget-divider--view-line elementor-widget elementor-widget-divider\" data-id=\"b3e543d\" data-element_type=\"widget\" data-e-type=\"widget\" data-widget_type=\"divider.default\">\n\t\t\t\t<div class=\"elementor-widget-container\">\n\t\t\t\t\t\t\t<div class=\"elementor-divider\">\n\t\t\t<span class=\"elementor-divider-separator\">\n\t\t\t\t\t\t<\/span>\n\t\t<\/div>\n\t\t\t\t\t\t<\/div>\n\t\t\t\t<\/div>\n\t\t\t\t<\/div>\n\t\t\t\t<\/div>\n\t\t\t\t\t<\/div>\n\t\t\t\t<\/div>\n\t\t\t\t<\/div>","protected":false},"excerpt":{"rendered":"<p>MAREIN AGFamilienunternehmen mit Start-Up Mentalit\u00e4t. \ud83c\udfa8 Kreativit\u00e4t neu definiert Tauche ein in die Welt der MAREIN AG, wo traditionelles Handwerk auf moderne Designs trifft. Seit \u00fcber vier Jahrzehnten pr\u00e4gt das Familienunternehmen den Schweizer Markt mit innovativen Produkten in den Bereichen Kreativbedarf, Home &amp; Living, Lifestyle und E-Mobility. Lass dich inspirieren und entdecke, wie MAREIN deine [&hellip;]<\/p>\n","protected":false},"author":17,"featured_media":0,"parent":0,"menu_order":0,"comment_status":"closed","ping_status":"closed","template":"","meta":{"footnotes":""},"class_list":["post-60506","page","type-page","status-publish","hentry"],"_links":{"self":[{"href":"https:\/\/www.fleurop-home.ch\/fr-ch\/wp-json\/wp\/v2\/pages\/60506","targetHints":{"allow":["GET"]}}],"collection":[{"href":"https:\/\/www.fleurop-home.ch\/fr-ch\/wp-json\/wp\/v2\/pages"}],"about":[{"href":"https:\/\/www.fleurop-home.ch\/fr-ch\/wp-json\/wp\/v2\/types\/page"}],"author":[{"embeddable":true,"href":"https:\/\/www.fleurop-home.ch\/fr-ch\/wp-json\/wp\/v2\/users\/17"}],"replies":[{"embeddable":true,"href":"https:\/\/www.fleurop-home.ch\/fr-ch\/wp-json\/wp\/v2\/comments?post=60506"}],"version-history":[{"count":0,"href":"https:\/\/www.fleurop-home.ch\/fr-ch\/wp-json\/wp\/v2\/pages\/60506\/revisions"}],"wp:attachment":[{"href":"https:\/\/www.fleurop-home.ch\/fr-ch\/wp-json\/wp\/v2\/media?parent=60506"}],"curies":[{"name":"wp","href":"https:\/\/api.w.org\/{rel}","templated":true}]}}