{"id":70346,"date":"2025-12-03T16:33:55","date_gmt":"2025-12-03T15:33:55","guid":{"rendered":"https:\/\/www.fleurop-home.ch\/?page_id=70346"},"modified":"2025-12-03T16:34:27","modified_gmt":"2025-12-03T15:34:27","slug":"contentseite-lichterketten-laternen","status":"publish","type":"page","link":"https:\/\/www.fleurop-home.ch\/de-ch\/contentseite-lichterketten-laternen","title":{"rendered":"Contentseite-Lichterketten &#038; Laternen"},"content":{"rendered":"\t\t<div data-elementor-type=\"wp-page\" data-elementor-id=\"70346\" class=\"elementor elementor-70346\" data-elementor-settings=\"{&quot;ha_cmc_init_switcher&quot;:&quot;no&quot;}\" data-elementor-post-type=\"page\">\n\t\t\t\t<div class=\"elementor-element elementor-element-9ddc53c e-flex e-con-boxed e-con e-parent\" data-id=\"9ddc53c\" data-element_type=\"container\" data-e-type=\"container\" data-settings=\"{&quot;_ha_eqh_enable&quot;:false}\">\n\t\t\t\t\t<div class=\"e-con-inner\">\n\t\t\t\t<div data-ha-element-link=\"{&quot;url&quot;:&quot;https:\\\/\\\/www.fleurop-home.ch\\\/de-ch\\\/pc\\\/home-living\\\/kerzen-lichter\\\/lichterketten-laternen&quot;,&quot;is_external&quot;:&quot;on&quot;,&quot;nofollow&quot;:&quot;&quot;}\" style=\"cursor: pointer\" class=\"elementor-element elementor-element-6b6b4de elementor--h-position-center elementor--v-position-middle elementor-arrows-position-inside elementor-pagination-position-inside elementor-widget elementor-widget-slides\" data-id=\"6b6b4de\" data-element_type=\"widget\" data-e-type=\"widget\" data-settings=\"{&quot;navigation&quot;:&quot;both&quot;,&quot;autoplay&quot;:&quot;yes&quot;,&quot;pause_on_hover&quot;:&quot;yes&quot;,&quot;pause_on_interaction&quot;:&quot;yes&quot;,&quot;autoplay_speed&quot;:5000,&quot;infinite&quot;:&quot;yes&quot;,&quot;transition&quot;:&quot;slide&quot;,&quot;transition_speed&quot;:500}\" data-widget_type=\"slides.default\">\n\t\t\t\t<div class=\"elementor-widget-container\">\n\t\t\t\t\t\t\t\t\t<div class=\"elementor-swiper\">\n\t\t\t\t\t<div class=\"elementor-slides-wrapper elementor-main-swiper swiper\" role=\"region\" aria-roledescription=\"carousel\" aria-label=\"Slider\" dir=\"ltr\" data-animation=\"fadeInUp\">\n\t\t\t\t<div class=\"swiper-wrapper elementor-slides\">\n\t\t\t\t\t\t\t\t\t\t<div class=\"elementor-repeater-item-1aa066d swiper-slide\" role=\"group\" aria-roledescription=\"slide\"><div class=\"swiper-slide-bg\" role=\"img\" aria-label=\"Lichterketten &amp; Laternen\"><\/div><div class=\"elementor-background-overlay\"><\/div><div class=\"swiper-slide-inner\" ><div class=\"swiper-slide-contents\"><div class=\"elementor-slide-heading\">Lichterketten & Laternen<\/div><div class=\"elementor-slide-description\">Setze mit unseren exklusiven Laternen und Lichtern gezielte Akzente.<\/div><\/div><\/div><\/div>\t\t\t\t<\/div>\n\t\t\t\t\t\t\t<\/div>\n\t\t\t\t<\/div>\n\t\t\t\t\t\t\t\t<\/div>\n\t\t\t\t<\/div>\n\t\t<div class=\"elementor-element elementor-element-d03debc e-con-full e-flex e-con e-child\" data-id=\"d03debc\" data-element_type=\"container\" data-e-type=\"container\" data-settings=\"{&quot;_ha_eqh_enable&quot;:false}\">\n\t\t<div class=\"elementor-element elementor-element-ccdb20a e-con-full e-flex e-con e-child\" data-id=\"ccdb20a\" data-element_type=\"container\" data-e-type=\"container\" data-settings=\"{&quot;_ha_eqh_enable&quot;:false}\">\n\t\t\t\t<div class=\"elementor-element elementor-element-d0716f9 elementor-widget__width-initial elementor-widget elementor-widget-heading\" data-id=\"d0716f9\" data-element_type=\"widget\" data-e-type=\"widget\" data-widget_type=\"heading.default\">\n\t\t\t\t<div class=\"elementor-widget-container\">\n\t\t\t\t\t<h2 class=\"elementor-heading-title elementor-size-default\">\ud83c\udf1f Bringe dein Zuhause zum Strahlen!<\/h2>\t\t\t\t<\/div>\n\t\t\t\t<\/div>\n\t\t\t\t<div class=\"elementor-element elementor-element-7f67fac elementor-widget__width-initial elementor-widget-mobile__width-initial elementor-widget elementor-widget-text-editor\" data-id=\"7f67fac\" data-element_type=\"widget\" data-e-type=\"widget\" data-widget_type=\"text-editor.default\">\n\t\t\t\t<div class=\"elementor-widget-container\">\n\t\t\t\t\t\t\t\t\t<p>Verwandle dein Zuhause in eine stimmungsvolle Wohlf\u00fchloase mit unseren stilvollen Lichterketten und Laternen. Ob f\u00fcr gem\u00fctliche Abende, festliche Anl\u00e4sse oder als dekoratives Highlight \u2013 entdecke die Vielfalt unserer Beleuchtungsl\u00f6sungen. Unsere Auswahl umfasst sowohl klassische als auch moderne Designs, die sich harmonisch in jedes Ambiente einf\u00fcgen. Lass dich inspirieren und finde die perfekte Beleuchtung, um dein Zuhause in ein warmes, einladendes Licht zu tauchen.<\/p>\t\t\t\t\t\t\t\t<\/div>\n\t\t\t\t<\/div>\n\t\t\t\t<div data-ha-element-link=\"{&quot;url&quot;:&quot;https:\\\/\\\/www.fleurop-home.ch\\\/de-ch\\\/pc\\\/home-living\\\/kerzen-lichter\\\/lichterketten-laternen&quot;,&quot;is_external&quot;:&quot;on&quot;,&quot;nofollow&quot;:&quot;&quot;}\" style=\"cursor: pointer\" class=\"elementor-element elementor-element-71feddd elementor-align-center elementor-widget elementor-widget-button\" data-id=\"71feddd\" data-element_type=\"widget\" data-e-type=\"widget\" data-widget_type=\"button.default\">\n\t\t\t\t<div class=\"elementor-widget-container\">\n\t\t\t\t\t\t\t\t\t<div class=\"elementor-button-wrapper\">\n\t\t\t\t\t<a class=\"elementor-button elementor-size-sm\" role=\"button\">\n\t\t\t\t\t\t<span class=\"elementor-button-content-wrapper\">\n\t\t\t\t\t\t\t\t\t<span class=\"elementor-button-text\">Zum Angebot<\/span>\n\t\t\t\t\t<\/span>\n\t\t\t\t\t<\/a>\n\t\t\t\t<\/div>\n\t\t\t\t\t\t\t\t<\/div>\n\t\t\t\t<\/div>\n\t\t\t\t<div class=\"elementor-element elementor-element-f5d5987 elementor-widget-divider--view-line elementor-widget elementor-widget-divider\" data-id=\"f5d5987\" data-element_type=\"widget\" data-e-type=\"widget\" data-widget_type=\"divider.default\">\n\t\t\t\t<div class=\"elementor-widget-container\">\n\t\t\t\t\t\t\t<div class=\"elementor-divider\">\n\t\t\t<span class=\"elementor-divider-separator\">\n\t\t\t\t\t\t<\/span>\n\t\t<\/div>\n\t\t\t\t\t\t<\/div>\n\t\t\t\t<\/div>\n\t\t\t\t<div class=\"elementor-element elementor-element-ce86091 elementor-widget elementor-widget-spacer\" data-id=\"ce86091\" data-element_type=\"widget\" data-e-type=\"widget\" data-widget_type=\"spacer.default\">\n\t\t\t\t<div class=\"elementor-widget-container\">\n\t\t\t\t\t\t\t<div class=\"elementor-spacer\">\n\t\t\t<div class=\"elementor-spacer-inner\"><\/div>\n\t\t<\/div>\n\t\t\t\t\t\t<\/div>\n\t\t\t\t<\/div>\n\t\t\t\t<div class=\"elementor-element elementor-element-2ac039d elementor-widget__width-initial elementor-widget elementor-widget-heading\" data-id=\"2ac039d\" data-element_type=\"widget\" data-e-type=\"widget\" data-widget_type=\"heading.default\">\n\t\t\t\t<div class=\"elementor-widget-container\">\n\t\t\t\t\t<h2 class=\"elementor-heading-title elementor-size-default\">\u2728 Aktuell im Trend<\/h2>\t\t\t\t<\/div>\n\t\t\t\t<\/div>\n\t\t\t\t<div class=\"elementor-element elementor-element-f07af64 elementor-widget elementor-widget-spacer\" data-id=\"f07af64\" data-element_type=\"widget\" data-e-type=\"widget\" data-widget_type=\"spacer.default\">\n\t\t\t\t<div class=\"elementor-widget-container\">\n\t\t\t\t\t\t\t<div class=\"elementor-spacer\">\n\t\t\t<div class=\"elementor-spacer-inner\"><\/div>\n\t\t<\/div>\n\t\t\t\t\t\t<\/div>\n\t\t\t\t<\/div>\n\t\t\t\t<div class=\"elementor-element elementor-element-a926452 elementor-product-loop-item--align-left elementor-grid-4 elementor-grid-tablet-3 elementor-grid-mobile-2 elementor-products-grid elementor-wc-products elementor-widget elementor-widget-woocommerce-products\" data-id=\"a926452\" data-element_type=\"widget\" data-e-type=\"widget\" data-widget_type=\"woocommerce-products.default\">\n\t\t\t\t<div class=\"elementor-widget-container\">\n\t\t\t\t\t<div class=\"woocommerce columns-4 \"><ul class=\"products elementor-grid columns-4\">\n<li class=\"product type-product post-58757 status-publish first instock product_cat-lichterketten-laternen product_cat-home-living product_cat-kerzen-lichter product_cat-garten-balkon product_cat-gartendeko product_tag-samen-mauser has-post-thumbnail taxable shipping-taxable purchasable product-type-simple\">\n\t<a href=\"https:\/\/www.fleurop-home.ch\/de-ch\/p\/solarlaterne-maris\" class=\"woocommerce-LoopProduct-link woocommerce-loop-product__link\"><a href=\"https:\/\/www.fleurop-home.ch\/de-ch\/p\/solarlaterne-maris\"><div class=\"tp-image-wrapper\"><img decoding=\"async\" class=\"image\" src=\"https:\/\/www.fleurop-home.ch\/wp-content\/uploads\/2025\/07\/qtv86uxx.png\" srcset=\"https:\/\/www.fleurop-home.ch\/wp-content\/uploads\/2025\/07\/qtv86uxx.png 399w, https:\/\/www.fleurop-home.ch\/wp-content\/uploads\/2025\/07\/qtv86uxx-300x300.png 300w, https:\/\/www.fleurop-home.ch\/wp-content\/uploads\/2025\/07\/qtv86uxx-12x12.png 12w, https:\/\/www.fleurop-home.ch\/wp-content\/uploads\/2025\/07\/qtv86uxx-100x100.png 100w, https:\/\/www.fleurop-home.ch\/wp-content\/uploads\/2025\/07\/qtv86uxx-50x50.png 50w\" sizes=\"(max-width: 360px) 100vw, 360px\" alt=\"Solarlaterne Maris\"><\/div><\/a>            <a href=\"https:\/\/www.fleurop-home.ch\/de-ch\/p\/solarlaterne-maris\"><h2 class=\"woocommerce-loop-product__title\">Solarlaterne Maris<\/h2><\/a>\n\n\t<span class=\"price\"><span class=\"woocommerce-Price-amount amount\"><bdi><span class=\"woocommerce-Price-currencySymbol\">&#67;&#72;&#70;<\/span>&nbsp;21.50<\/bdi><\/span><\/span>\n\n\n\n<\/a>\n\t<p class=\"wc-gzd-additional-info wc-gzd-additional-info-loop tax-info\">inkl. MwSt.<\/p>\n\n\t<p class=\"wc-gzd-additional-info wc-gzd-additional-info-loop shipping-costs-info\">zzgl. <a href=\"https:\/\/www.fleurop-home.ch\/de-ch\/versandinformationen\" target=\"_blank\">Versandkosten<\/a><\/p>\n\n\t<p class=\"wc-gzd-additional-info delivery-time-info wc-gzd-additional-info-loop\"><span class=\"delivery-time-inner delivery-time-1-3-arbeitstage\">Lieferzeit: <span class=\"delivery-time-data\">1-3 Arbeitstage<\/span><\/span><\/p>\n\n<div class=\"woocommerce-loop-product__buttons\"><a data-quantity=\"1\" href=\"\/de-ch\/wp-json\/wp\/v2\/pages\/70346?add-to-cart=58757\" aria-describedby=\"woocommerce_loop_add_to_cart_link_describedby_58757\" data-quantity=\"1\" class=\"button product_type_simple add_to_cart_button ajax_add_to_cart\" data-product_id=\"58757\" data-product_sku=\"SM-30139601\" aria-label=\"In den Warenkorb legen: &quot;Solarlaterne Maris&quot;\" rel=\"nofollow\" data-success_message=\"&quot;Solarlaterne Maris&quot; wurde in deinen Warenkorb gelegt.\" role=\"button\">In den Warenkorb<\/a><\/div>\t<span id=\"woocommerce_loop_add_to_cart_link_describedby_58757\" class=\"screen-reader-text\">\n\t\t\t<\/span>\n<span class=\"gtm4wp_productdata\" style=\"display:none; visibility:hidden;\" data-gtm4wp_product_data=\"{&quot;internal_id&quot;:58757,&quot;item_id&quot;:&quot;SM-30139601&quot;,&quot;item_name&quot;:&quot;Solarlaterne Maris&quot;,&quot;sku&quot;:&quot;SM-30139601&quot;,&quot;price&quot;:21.5,&quot;stocklevel&quot;:null,&quot;stockstatus&quot;:&quot;instock&quot;,&quot;google_business_vertical&quot;:&quot;retail&quot;,&quot;item_category&quot;:&quot;Home &amp; Living&quot;,&quot;item_category2&quot;:&quot;Kerzen &amp; Lichter&quot;,&quot;item_category3&quot;:&quot;Lichterketten &amp; Laternen&quot;,&quot;id&quot;:&quot;SM-30139601&quot;,&quot;item_brand&quot;:&quot;Samen Mauser&quot;,&quot;productlink&quot;:&quot;https:\\\/\\\/www.fleurop-home.ch\\\/de-ch\\\/p\\\/solarlaterne-maris&quot;,&quot;item_list_name&quot;:&quot;General Product List&quot;,&quot;index&quot;:1,&quot;product_type&quot;:&quot;simple&quot;}\"><\/span><\/li>\n<li class=\"product type-product post-52529 status-publish instock product_cat-gartendeko product_cat-home-living product_cat-lichterketten-laternen product_cat-kerzen-lichter product_cat-garten-balkon product_tag-selection-by-fleurophome has-post-thumbnail taxable shipping-taxable purchasable product-type-simple\">\n\t<a href=\"https:\/\/www.fleurop-home.ch\/de-ch\/p\/solarlaterne-antic-mini-m-baccara\" class=\"woocommerce-LoopProduct-link woocommerce-loop-product__link\"><a href=\"https:\/\/www.fleurop-home.ch\/de-ch\/p\/solarlaterne-antic-mini-m-baccara\"><div class=\"tp-image-wrapper\"><img decoding=\"async\" class=\"image\" src=\"https:\/\/www.fleurop-home.ch\/wp-content\/uploads\/2025\/03\/7640186616782_1-456x456.png\" srcset=\"https:\/\/www.fleurop-home.ch\/wp-content\/uploads\/2025\/03\/7640186616782_1-456x456.png 456w, https:\/\/www.fleurop-home.ch\/wp-content\/uploads\/2025\/03\/7640186616782_1-600x600.png 600w, https:\/\/www.fleurop-home.ch\/wp-content\/uploads\/2025\/03\/7640186616782_1-300x300.png 300w, https:\/\/www.fleurop-home.ch\/wp-content\/uploads\/2025\/03\/7640186616782_1-768x768.png 768w, https:\/\/www.fleurop-home.ch\/wp-content\/uploads\/2025\/03\/7640186616782_1-12x12.png 12w, https:\/\/www.fleurop-home.ch\/wp-content\/uploads\/2025\/03\/7640186616782_1-1080x1080.png 1080w, https:\/\/www.fleurop-home.ch\/wp-content\/uploads\/2025\/03\/7640186616782_1-700x700.png 700w, https:\/\/www.fleurop-home.ch\/wp-content\/uploads\/2025\/03\/7640186616782_1-400x400.png 400w, https:\/\/www.fleurop-home.ch\/wp-content\/uploads\/2025\/03\/7640186616782_1-100x100.png 100w, https:\/\/www.fleurop-home.ch\/wp-content\/uploads\/2025\/03\/7640186616782_1-50x50.png 50w, https:\/\/www.fleurop-home.ch\/wp-content\/uploads\/2025\/03\/7640186616782_1.png 1200w\" sizes=\"(max-width: 360px) 100vw, 360px\" alt=\"Solarlaterne Antic Mini M Baccara\"><\/div><\/a>            <a href=\"https:\/\/www.fleurop-home.ch\/de-ch\/p\/solarlaterne-antic-mini-m-baccara\"><h2 class=\"woocommerce-loop-product__title\">Solarlaterne Antic Mini M Baccara<\/h2><\/a>\n\n\t<span class=\"price\"><span class=\"woocommerce-Price-amount amount\"><bdi><span class=\"woocommerce-Price-currencySymbol\">&#67;&#72;&#70;<\/span>&nbsp;44.90<\/bdi><\/span><\/span>\n\n\n\n<\/a>\n\t<p class=\"wc-gzd-additional-info wc-gzd-additional-info-loop tax-info\">inkl. MwSt.<\/p>\n\n\t<p class=\"wc-gzd-additional-info wc-gzd-additional-info-loop shipping-costs-info\">zzgl. <a href=\"https:\/\/www.fleurop-home.ch\/de-ch\/versandinformationen\" target=\"_blank\">Versandkosten<\/a><\/p>\n\n\t<p class=\"wc-gzd-additional-info delivery-time-info wc-gzd-additional-info-loop\"><span class=\"delivery-time-inner delivery-time-3-5-arbeitstage\">Lieferzeit: <span class=\"delivery-time-data\">3-5 Arbeitstage<\/span><\/span><\/p>\n\n<div class=\"woocommerce-loop-product__buttons\"><a href=\"\/de-ch\/wp-json\/wp\/v2\/pages\/70346?add-to-cart=52529\" aria-describedby=\"woocommerce_loop_add_to_cart_link_describedby_52529\" data-quantity=\"1\" class=\"button product_type_simple add_to_cart_button ajax_add_to_cart\" data-product_id=\"52529\" data-product_sku=\"SE-SOL-063-55\" aria-label=\"In den Warenkorb legen: &quot;Solarlaterne Antic Mini M Baccara&quot;\" rel=\"nofollow\" data-success_message=\"&quot;Solarlaterne Antic Mini M Baccara&quot; wurde in deinen Warenkorb gelegt.\" role=\"button\">In den Warenkorb<\/a><\/div>\t<span id=\"woocommerce_loop_add_to_cart_link_describedby_52529\" class=\"screen-reader-text\">\n\t\t\t<\/span>\n<span class=\"gtm4wp_productdata\" style=\"display:none; visibility:hidden;\" data-gtm4wp_product_data=\"{&quot;internal_id&quot;:52529,&quot;item_id&quot;:&quot;SE-SOL-063-55&quot;,&quot;item_name&quot;:&quot;Solarlaterne Antic Mini M Baccara&quot;,&quot;sku&quot;:&quot;SE-SOL-063-55&quot;,&quot;price&quot;:44.9,&quot;stocklevel&quot;:7,&quot;stockstatus&quot;:&quot;instock&quot;,&quot;google_business_vertical&quot;:&quot;retail&quot;,&quot;item_category&quot;:&quot;Garten &amp; Balkon&quot;,&quot;item_category2&quot;:&quot;Gartendeko&quot;,&quot;id&quot;:&quot;SE-SOL-063-55&quot;,&quot;item_brand&quot;:&quot;Selection by FleuropHOME&quot;,&quot;productlink&quot;:&quot;https:\\\/\\\/www.fleurop-home.ch\\\/de-ch\\\/p\\\/solarlaterne-antic-mini-m-baccara&quot;,&quot;item_list_name&quot;:&quot;General Product List&quot;,&quot;index&quot;:2,&quot;product_type&quot;:&quot;simple&quot;}\"><\/span><\/li>\n<li class=\"product type-product post-59809 status-publish instock product_cat-home-living product_cat-lichterketten-laternen product_cat-kerzen-lichter product_tag-changemaker has-post-thumbnail taxable shipping-taxable purchasable product-type-simple\">\n\t<a href=\"https:\/\/www.fleurop-home.ch\/de-ch\/p\/solarleuchte-sonnenglas-classic-generation-6\" class=\"woocommerce-LoopProduct-link woocommerce-loop-product__link\"><a href=\"https:\/\/www.fleurop-home.ch\/de-ch\/p\/solarleuchte-sonnenglas-classic-generation-6\"><div class=\"tp-image-wrapper\"><img decoding=\"async\" class=\"tp-image\" src=\"https:\/\/www.fleurop-home.ch\/wp-content\/uploads\/2025\/07\/103919.06_1-456x456.jpg\" srcset=\"https:\/\/www.fleurop-home.ch\/wp-content\/uploads\/2025\/07\/103919.06_1-456x456.jpg 456w, https:\/\/www.fleurop-home.ch\/wp-content\/uploads\/2025\/07\/103919.06_1-600x600.jpg 600w, https:\/\/www.fleurop-home.ch\/wp-content\/uploads\/2025\/07\/103919.06_1-300x300.jpg 300w, https:\/\/www.fleurop-home.ch\/wp-content\/uploads\/2025\/07\/103919.06_1-768x768.jpg 768w, https:\/\/www.fleurop-home.ch\/wp-content\/uploads\/2025\/07\/103919.06_1-12x12.jpg 12w, https:\/\/www.fleurop-home.ch\/wp-content\/uploads\/2025\/07\/103919.06_1-700x700.jpg 700w, https:\/\/www.fleurop-home.ch\/wp-content\/uploads\/2025\/07\/103919.06_1-400x400.jpg 400w, https:\/\/www.fleurop-home.ch\/wp-content\/uploads\/2025\/07\/103919.06_1-100x100.jpg 100w, https:\/\/www.fleurop-home.ch\/wp-content\/uploads\/2025\/07\/103919.06_1-50x50.jpg 50w, https:\/\/www.fleurop-home.ch\/wp-content\/uploads\/2025\/07\/103919.06_1.jpg 800w\" sizes=\"(max-width: 360px) 100vw, 360px\" alt=\"Solarleuchte Sonnenglas Classic Generation 6\"><img decoding=\"async\" class=\"tp-image-hover\" src=\"https:\/\/www.fleurop-home.ch\/wp-content\/uploads\/2025\/07\/103919.06_2-456x456.jpg\" srcset=\"https:\/\/www.fleurop-home.ch\/wp-content\/uploads\/2025\/07\/103919.06_2-456x456.jpg 456w, https:\/\/www.fleurop-home.ch\/wp-content\/uploads\/2025\/07\/103919.06_2-600x600.jpg 600w, https:\/\/www.fleurop-home.ch\/wp-content\/uploads\/2025\/07\/103919.06_2-300x300.jpg 300w, https:\/\/www.fleurop-home.ch\/wp-content\/uploads\/2025\/07\/103919.06_2-768x768.jpg 768w, https:\/\/www.fleurop-home.ch\/wp-content\/uploads\/2025\/07\/103919.06_2-12x12.jpg 12w, https:\/\/www.fleurop-home.ch\/wp-content\/uploads\/2025\/07\/103919.06_2-700x700.jpg 700w, https:\/\/www.fleurop-home.ch\/wp-content\/uploads\/2025\/07\/103919.06_2-400x400.jpg 400w, https:\/\/www.fleurop-home.ch\/wp-content\/uploads\/2025\/07\/103919.06_2-100x100.jpg 100w, https:\/\/www.fleurop-home.ch\/wp-content\/uploads\/2025\/07\/103919.06_2-50x50.jpg 50w, https:\/\/www.fleurop-home.ch\/wp-content\/uploads\/2025\/07\/103919.06_2.jpg 800w\" sizes=\"(max-width: 360px) 100vw, 360px\" alt=\"Solarleuchte Sonnenglas Classic Generation 6\"><\/div><\/a>            <a href=\"https:\/\/www.fleurop-home.ch\/de-ch\/p\/solarleuchte-sonnenglas-classic-generation-6\"><h2 class=\"woocommerce-loop-product__title\">Solarleuchte Sonnenglas Classic Generation 6<\/h2><\/a>\n\n\t<span class=\"price\"><span class=\"woocommerce-Price-amount amount\"><bdi><span class=\"woocommerce-Price-currencySymbol\">&#67;&#72;&#70;<\/span>&nbsp;56.90<\/bdi><\/span><\/span>\n\n\n\n<\/a>\n\t<p class=\"wc-gzd-additional-info wc-gzd-additional-info-loop tax-info\">inkl. MwSt.<\/p>\n\n\t<p class=\"wc-gzd-additional-info wc-gzd-additional-info-loop shipping-costs-info\">zzgl. <a href=\"https:\/\/www.fleurop-home.ch\/de-ch\/versandinformationen\" target=\"_blank\">Versandkosten<\/a><\/p>\n\n\t<p class=\"wc-gzd-additional-info delivery-time-info wc-gzd-additional-info-loop\"><span class=\"delivery-time-inner delivery-time-3-5-arbeitstage\">Lieferzeit: <span class=\"delivery-time-data\">3-5 Arbeitstage<\/span><\/span><\/p>\n\n<div class=\"woocommerce-loop-product__buttons\"><a href=\"\/de-ch\/wp-json\/wp\/v2\/pages\/70346?add-to-cart=59809\" aria-describedby=\"woocommerce_loop_add_to_cart_link_describedby_59809\" data-quantity=\"1\" class=\"button product_type_simple add_to_cart_button ajax_add_to_cart\" data-product_id=\"59809\" data-product_sku=\"CHM-103919.06\" aria-label=\"In den Warenkorb legen: &quot;Solarleuchte Sonnenglas Classic Generation 6&quot;\" rel=\"nofollow\" data-success_message=\"&quot;Solarleuchte Sonnenglas Classic Generation 6&quot; wurde in deinen Warenkorb gelegt.\" role=\"button\">In den Warenkorb<\/a><\/div>\t<span id=\"woocommerce_loop_add_to_cart_link_describedby_59809\" class=\"screen-reader-text\">\n\t\t\t<\/span>\n<span class=\"gtm4wp_productdata\" style=\"display:none; visibility:hidden;\" data-gtm4wp_product_data=\"{&quot;internal_id&quot;:59809,&quot;item_id&quot;:&quot;CHM-103919.06&quot;,&quot;item_name&quot;:&quot;Solarleuchte Sonnenglas Classic Generation 6&quot;,&quot;sku&quot;:&quot;CHM-103919.06&quot;,&quot;price&quot;:56.9,&quot;stocklevel&quot;:null,&quot;stockstatus&quot;:&quot;instock&quot;,&quot;google_business_vertical&quot;:&quot;retail&quot;,&quot;item_category&quot;:&quot;Garten &amp; Balkon&quot;,&quot;item_category2&quot;:&quot;Gartendeko&quot;,&quot;id&quot;:&quot;CHM-103919.06&quot;,&quot;item_brand&quot;:&quot;Changemaker&quot;,&quot;productlink&quot;:&quot;https:\\\/\\\/www.fleurop-home.ch\\\/de-ch\\\/p\\\/solarleuchte-sonnenglas-classic-generation-6&quot;,&quot;item_list_name&quot;:&quot;General Product List&quot;,&quot;index&quot;:3,&quot;product_type&quot;:&quot;simple&quot;}\"><\/span><\/li>\n<li class=\"product type-product post-58749 status-publish last instock product_cat-lichterketten-laternen product_cat-home-living product_cat-kerzen-lichter product_cat-garten-balkon product_cat-gartendeko product_tag-samen-mauser has-post-thumbnail taxable shipping-taxable purchasable product-type-simple\">\n\t<a href=\"https:\/\/www.fleurop-home.ch\/de-ch\/p\/lichterkette-globulb-40-led\" class=\"woocommerce-LoopProduct-link woocommerce-loop-product__link\"><a href=\"https:\/\/www.fleurop-home.ch\/de-ch\/p\/lichterkette-globulb-40-led\"><div class=\"tp-image-wrapper\"><img decoding=\"async\" class=\"image\" src=\"https:\/\/www.fleurop-home.ch\/wp-content\/uploads\/2025\/07\/Lichterkette_Globulb_30136413_1500-x-1500-px-456x456.jpg\" srcset=\"https:\/\/www.fleurop-home.ch\/wp-content\/uploads\/2025\/07\/Lichterkette_Globulb_30136413_1500-x-1500-px-456x456.jpg 456w, https:\/\/www.fleurop-home.ch\/wp-content\/uploads\/2025\/07\/Lichterkette_Globulb_30136413_1500-x-1500-px-600x600.jpg 600w, https:\/\/www.fleurop-home.ch\/wp-content\/uploads\/2025\/07\/Lichterkette_Globulb_30136413_1500-x-1500-px-300x300.jpg 300w, https:\/\/www.fleurop-home.ch\/wp-content\/uploads\/2025\/07\/Lichterkette_Globulb_30136413_1500-x-1500-px-768x768.jpg 768w, https:\/\/www.fleurop-home.ch\/wp-content\/uploads\/2025\/07\/Lichterkette_Globulb_30136413_1500-x-1500-px-12x12.jpg 12w, https:\/\/www.fleurop-home.ch\/wp-content\/uploads\/2025\/07\/Lichterkette_Globulb_30136413_1500-x-1500-px-1080x1080.jpg 1080w, https:\/\/www.fleurop-home.ch\/wp-content\/uploads\/2025\/07\/Lichterkette_Globulb_30136413_1500-x-1500-px-700x700.jpg 700w, https:\/\/www.fleurop-home.ch\/wp-content\/uploads\/2025\/07\/Lichterkette_Globulb_30136413_1500-x-1500-px-400x400.jpg 400w, https:\/\/www.fleurop-home.ch\/wp-content\/uploads\/2025\/07\/Lichterkette_Globulb_30136413_1500-x-1500-px-100x100.jpg 100w, https:\/\/www.fleurop-home.ch\/wp-content\/uploads\/2025\/07\/Lichterkette_Globulb_30136413_1500-x-1500-px-50x50.jpg 50w, https:\/\/www.fleurop-home.ch\/wp-content\/uploads\/2025\/07\/Lichterkette_Globulb_30136413_1500-x-1500-px.jpg 1500w\" sizes=\"(max-width: 360px) 100vw, 360px\" alt=\"Lichterkette GloBulb 40 LED\"><\/div><\/a>            <a href=\"https:\/\/www.fleurop-home.ch\/de-ch\/p\/lichterkette-globulb-40-led\"><h2 class=\"woocommerce-loop-product__title\">Lichterkette GloBulb 40 LED<\/h2><\/a>\n\n\t<span class=\"price\"><span class=\"woocommerce-Price-amount amount\"><bdi><span class=\"woocommerce-Price-currencySymbol\">&#67;&#72;&#70;<\/span>&nbsp;59.50<\/bdi><\/span><\/span>\n\n\n\n<\/a>\n\t<p class=\"wc-gzd-additional-info wc-gzd-additional-info-loop tax-info\">inkl. MwSt.<\/p>\n\n\t<p class=\"wc-gzd-additional-info wc-gzd-additional-info-loop shipping-costs-info\">zzgl. <a href=\"https:\/\/www.fleurop-home.ch\/de-ch\/versandinformationen\" target=\"_blank\">Versandkosten<\/a><\/p>\n\n\t<p class=\"wc-gzd-additional-info delivery-time-info wc-gzd-additional-info-loop\"><span class=\"delivery-time-inner delivery-time-1-3-arbeitstage\">Lieferzeit: <span class=\"delivery-time-data\">1-3 Arbeitstage<\/span><\/span><\/p>\n\n<div class=\"woocommerce-loop-product__buttons\"><a data-quantity=\"1\" href=\"\/de-ch\/wp-json\/wp\/v2\/pages\/70346?add-to-cart=58749\" aria-describedby=\"woocommerce_loop_add_to_cart_link_describedby_58749\" data-quantity=\"1\" class=\"button product_type_simple add_to_cart_button ajax_add_to_cart\" data-product_id=\"58749\" data-product_sku=\"SM-30136414\" aria-label=\"In den Warenkorb legen: &quot;Lichterkette GloBulb 40 LED&quot;\" rel=\"nofollow\" data-success_message=\"&quot;Lichterkette GloBulb 40 LED&quot; wurde in deinen Warenkorb gelegt.\" role=\"button\">In den Warenkorb<\/a><\/div>\t<span id=\"woocommerce_loop_add_to_cart_link_describedby_58749\" class=\"screen-reader-text\">\n\t\t\t<\/span>\n<span class=\"gtm4wp_productdata\" style=\"display:none; visibility:hidden;\" data-gtm4wp_product_data=\"{&quot;internal_id&quot;:58749,&quot;item_id&quot;:&quot;SM-30136414&quot;,&quot;item_name&quot;:&quot;Lichterkette GloBulb 40 LED&quot;,&quot;sku&quot;:&quot;SM-30136414&quot;,&quot;price&quot;:59.5,&quot;stocklevel&quot;:null,&quot;stockstatus&quot;:&quot;instock&quot;,&quot;google_business_vertical&quot;:&quot;retail&quot;,&quot;item_category&quot;:&quot;Home &amp; Living&quot;,&quot;item_category2&quot;:&quot;Kerzen &amp; Lichter&quot;,&quot;item_category3&quot;:&quot;Lichterketten &amp; Laternen&quot;,&quot;id&quot;:&quot;SM-30136414&quot;,&quot;item_brand&quot;:&quot;Samen Mauser&quot;,&quot;productlink&quot;:&quot;https:\\\/\\\/www.fleurop-home.ch\\\/de-ch\\\/p\\\/lichterkette-globulb-40-led&quot;,&quot;item_list_name&quot;:&quot;General Product List&quot;,&quot;index&quot;:4,&quot;product_type&quot;:&quot;simple&quot;}\"><\/span><\/li>\n<\/ul>\n<\/div>\t\t\t\t<\/div>\n\t\t\t\t<\/div>\n\t\t\t\t<\/div>\n\t\t\t\t<\/div>\n\t\t\t\t<div class=\"elementor-element elementor-element-fc46307 elementor-widget elementor-widget-spacer\" data-id=\"fc46307\" data-element_type=\"widget\" data-e-type=\"widget\" data-widget_type=\"spacer.default\">\n\t\t\t\t<div class=\"elementor-widget-container\">\n\t\t\t\t\t\t\t<div class=\"elementor-spacer\">\n\t\t\t<div class=\"elementor-spacer-inner\"><\/div>\n\t\t<\/div>\n\t\t\t\t\t\t<\/div>\n\t\t\t\t<\/div>\n\t\t\t\t<div class=\"elementor-element elementor-element-8e5864f elementor-widget__width-initial elementor-widget elementor-widget-heading\" data-id=\"8e5864f\" data-element_type=\"widget\" data-e-type=\"widget\" data-widget_type=\"heading.default\">\n\t\t\t\t<div class=\"elementor-widget-container\">\n\t\t\t\t\t<h2 class=\"elementor-heading-title elementor-size-default\">\u2728 Unsere Favoriten im \u00dcberblick<\/h2>\t\t\t\t<\/div>\n\t\t\t\t<\/div>\n\t\t<div class=\"elementor-element elementor-element-fd27a13 e-con-full e-flex e-con e-child\" data-id=\"fd27a13\" data-element_type=\"container\" data-e-type=\"container\" data-settings=\"{&quot;_ha_eqh_enable&quot;:false}\">\n\t\t<div class=\"elementor-element elementor-element-0ee1a6b e-con-full e-flex e-con e-child\" data-id=\"0ee1a6b\" data-element_type=\"container\" data-e-type=\"container\" data-settings=\"{&quot;_ha_eqh_enable&quot;:false}\">\n\t\t\t\t<div class=\"elementor-element elementor-element-9515a4c elementor-widget-mobile__width-initial elementor-widget elementor-widget-icon-box\" data-id=\"9515a4c\" data-element_type=\"widget\" data-e-type=\"widget\" data-widget_type=\"icon-box.default\">\n\t\t\t\t<div class=\"elementor-widget-container\">\n\t\t\t\t\t\t\t<div class=\"elementor-icon-box-wrapper\">\n\n\t\t\t\n\t\t\t\t\t\t<div class=\"elementor-icon-box-content\">\n\n\t\t\t\t\t\t\t\t\t<h3 class=\"elementor-icon-box-title\">\n\t\t\t\t\t\t<span  >\n\t\t\t\t\t\t\t\ud83c\udf1e Solarlaterne Antic Sombra Globe\t\t\t\t\t\t<\/span>\n\t\t\t\t\t<\/h3>\n\t\t\t\t\n\t\t\t\t\t\t\t\t\t<p class=\"elementor-icon-box-description\">\n\t\t\t\t\t\tDie Solarlaterne Antic Sombra Globe kombiniert klassisches Design mit moderner Solartechnologie. Tags\u00fcber l\u00e4dt sie sich auf, um abends ein warmes Licht zu spenden. Ideal f\u00fcr Garten, Balkon oder Terrasse.\t\t\t\t\t<\/p>\n\t\t\t\t\n\t\t\t<\/div>\n\t\t\t\n\t\t<\/div>\n\t\t\t\t\t\t<\/div>\n\t\t\t\t<\/div>\n\t\t\t\t<div data-ha-element-link=\"{&quot;url&quot;:&quot;https:\\\/\\\/www.fleurop-home.ch\\\/de-ch\\\/p\\\/solarlaterne-antic-sombra-globe&quot;,&quot;is_external&quot;:&quot;on&quot;,&quot;nofollow&quot;:&quot;&quot;}\" style=\"cursor: pointer\" class=\"elementor-element elementor-element-985b84c elementor-align-center elementor-widget elementor-widget-button\" data-id=\"985b84c\" data-element_type=\"widget\" data-e-type=\"widget\" data-widget_type=\"button.default\">\n\t\t\t\t<div class=\"elementor-widget-container\">\n\t\t\t\t\t\t\t\t\t<div class=\"elementor-button-wrapper\">\n\t\t\t\t\t<a class=\"elementor-button elementor-size-sm\" role=\"button\">\n\t\t\t\t\t\t<span class=\"elementor-button-content-wrapper\">\n\t\t\t\t\t\t\t\t\t<span class=\"elementor-button-text\">Zum Produkt<\/span>\n\t\t\t\t\t<\/span>\n\t\t\t\t\t<\/a>\n\t\t\t\t<\/div>\n\t\t\t\t\t\t\t\t<\/div>\n\t\t\t\t<\/div>\n\t\t\t\t<\/div>\n\t\t<div class=\"elementor-element elementor-element-ff25e0c e-con-full e-flex e-con e-child\" data-id=\"ff25e0c\" data-element_type=\"container\" data-e-type=\"container\" data-settings=\"{&quot;background_background&quot;:&quot;classic&quot;,&quot;_ha_eqh_enable&quot;:false}\">\n\t\t\t\t<div data-ha-element-link=\"{&quot;url&quot;:&quot;https:\\\/\\\/www.fleurop-home.ch\\\/de-ch\\\/p\\\/solarlaterne-antic-sombra-globe&quot;,&quot;is_external&quot;:&quot;on&quot;,&quot;nofollow&quot;:&quot;&quot;}\" style=\"cursor: pointer\" class=\"elementor-element elementor-element-6854300 elementor-widget elementor-widget-image\" data-id=\"6854300\" data-element_type=\"widget\" data-e-type=\"widget\" data-widget_type=\"image.default\">\n\t\t\t\t<div class=\"elementor-widget-container\">\n\t\t\t\t\t\t\t\t\t\t\t\t\t\t\t<img fetchpriority=\"high\" decoding=\"async\" width=\"600\" height=\"600\" src=\"https:\/\/www.fleurop-home.ch\/wp-content\/uploads\/2025\/12\/7640186617840_1-600x600-1.webp\" class=\"attachment-medium size-medium wp-image-70348\" alt=\"\" srcset=\"https:\/\/www.fleurop-home.ch\/wp-content\/uploads\/2025\/12\/7640186617840_1-600x600-1.webp 600w, https:\/\/www.fleurop-home.ch\/wp-content\/uploads\/2025\/12\/7640186617840_1-600x600-1-300x300.webp 300w, https:\/\/www.fleurop-home.ch\/wp-content\/uploads\/2025\/12\/7640186617840_1-600x600-1-12x12.webp 12w, https:\/\/www.fleurop-home.ch\/wp-content\/uploads\/2025\/12\/7640186617840_1-600x600-1-400x400.webp 400w, https:\/\/www.fleurop-home.ch\/wp-content\/uploads\/2025\/12\/7640186617840_1-600x600-1-456x456.webp 456w, https:\/\/www.fleurop-home.ch\/wp-content\/uploads\/2025\/12\/7640186617840_1-600x600-1-100x100.webp 100w, https:\/\/www.fleurop-home.ch\/wp-content\/uploads\/2025\/12\/7640186617840_1-600x600-1-50x50.webp 50w\" sizes=\"(max-width: 600px) 100vw, 600px\" \/>\t\t\t\t\t\t\t\t\t\t\t\t\t\t\t<\/div>\n\t\t\t\t<\/div>\n\t\t\t\t<\/div>\n\t\t\t\t<\/div>\n\t\t<div class=\"elementor-element elementor-element-f245e8c e-con-full e-flex e-con e-child\" data-id=\"f245e8c\" data-element_type=\"container\" data-e-type=\"container\" data-settings=\"{&quot;background_background&quot;:&quot;gradient&quot;,&quot;_ha_eqh_enable&quot;:false}\">\n\t\t<div class=\"elementor-element elementor-element-f5c5a4d e-con-full e-flex e-con e-child\" data-id=\"f5c5a4d\" data-element_type=\"container\" data-e-type=\"container\" data-settings=\"{&quot;background_background&quot;:&quot;classic&quot;,&quot;_ha_eqh_enable&quot;:false}\">\n\t\t\t\t<div data-ha-element-link=\"{&quot;url&quot;:&quot;https:\\\/\\\/www.fleurop-home.ch\\\/de-ch\\\/p\\\/solarleuchte-gluehbirne-eureka&quot;,&quot;is_external&quot;:&quot;on&quot;,&quot;nofollow&quot;:&quot;&quot;}\" style=\"cursor: pointer\" class=\"elementor-element elementor-element-ecb6c3d elementor-widget elementor-widget-image\" data-id=\"ecb6c3d\" data-element_type=\"widget\" data-e-type=\"widget\" data-widget_type=\"image.default\">\n\t\t\t\t<div class=\"elementor-widget-container\">\n\t\t\t\t\t\t\t\t\t\t\t\t\t\t\t<img decoding=\"async\" width=\"600\" height=\"600\" src=\"https:\/\/www.fleurop-home.ch\/wp-content\/uploads\/2025\/12\/30138701-Solarlicht-Gluehbirne-Eureka-einzeln-600x600-1.webp\" class=\"attachment-medium size-medium wp-image-70349\" alt=\"\" srcset=\"https:\/\/www.fleurop-home.ch\/wp-content\/uploads\/2025\/12\/30138701-Solarlicht-Gluehbirne-Eureka-einzeln-600x600-1.webp 600w, https:\/\/www.fleurop-home.ch\/wp-content\/uploads\/2025\/12\/30138701-Solarlicht-Gluehbirne-Eureka-einzeln-600x600-1-300x300.webp 300w, https:\/\/www.fleurop-home.ch\/wp-content\/uploads\/2025\/12\/30138701-Solarlicht-Gluehbirne-Eureka-einzeln-600x600-1-12x12.webp 12w, https:\/\/www.fleurop-home.ch\/wp-content\/uploads\/2025\/12\/30138701-Solarlicht-Gluehbirne-Eureka-einzeln-600x600-1-400x400.webp 400w, https:\/\/www.fleurop-home.ch\/wp-content\/uploads\/2025\/12\/30138701-Solarlicht-Gluehbirne-Eureka-einzeln-600x600-1-456x456.webp 456w, https:\/\/www.fleurop-home.ch\/wp-content\/uploads\/2025\/12\/30138701-Solarlicht-Gluehbirne-Eureka-einzeln-600x600-1-100x100.webp 100w, https:\/\/www.fleurop-home.ch\/wp-content\/uploads\/2025\/12\/30138701-Solarlicht-Gluehbirne-Eureka-einzeln-600x600-1-50x50.webp 50w\" sizes=\"(max-width: 600px) 100vw, 600px\" \/>\t\t\t\t\t\t\t\t\t\t\t\t\t\t\t<\/div>\n\t\t\t\t<\/div>\n\t\t\t\t<\/div>\n\t\t<div class=\"elementor-element elementor-element-07ceac3 e-con-full e-flex e-con e-child\" data-id=\"07ceac3\" data-element_type=\"container\" data-e-type=\"container\" data-settings=\"{&quot;_ha_eqh_enable&quot;:false}\">\n\t\t\t\t<div class=\"elementor-element elementor-element-1ab791e elementor-widget__width-initial elementor-widget elementor-widget-icon-box\" data-id=\"1ab791e\" data-element_type=\"widget\" data-e-type=\"widget\" data-widget_type=\"icon-box.default\">\n\t\t\t\t<div class=\"elementor-widget-container\">\n\t\t\t\t\t\t\t<div class=\"elementor-icon-box-wrapper\">\n\n\t\t\t\n\t\t\t\t\t\t<div class=\"elementor-icon-box-content\">\n\n\t\t\t\t\t\t\t\t\t<h3 class=\"elementor-icon-box-title\">\n\t\t\t\t\t\t<span  >\n\t\t\t\t\t\t\t\ud83d\udca1 Solarleuchte Gl\u00fchbirne Eureka\t\t\t\t\t\t<\/span>\n\t\t\t\t\t<\/h3>\n\t\t\t\t\n\t\t\t\t\t\t\t\t\t<p class=\"elementor-icon-box-description\">\n\t\t\t\t\t\tDie Solarleuchte Gl\u00fchbirne Eureka besticht durch ihr originelles Design in Form einer klassischen Gl\u00fchbirne. Sie l\u00e4dt sich tags\u00fcber auf und sorgt abends f\u00fcr ein stimmungsvolles Licht. Perfekt f\u00fcr B\u00e4ume, Pergolen oder als Tischdekoration.\t\t\t\t\t<\/p>\n\t\t\t\t\n\t\t\t<\/div>\n\t\t\t\n\t\t<\/div>\n\t\t\t\t\t\t<\/div>\n\t\t\t\t<\/div>\n\t\t\t\t<div data-ha-element-link=\"{&quot;url&quot;:&quot;https:\\\/\\\/www.fleurop-home.ch\\\/de-ch\\\/p\\\/solarleuchte-gluehbirne-eureka&quot;,&quot;is_external&quot;:&quot;on&quot;,&quot;nofollow&quot;:&quot;&quot;}\" style=\"cursor: pointer\" class=\"elementor-element elementor-element-4fd1d8c elementor-align-center elementor-widget elementor-widget-button\" data-id=\"4fd1d8c\" data-element_type=\"widget\" data-e-type=\"widget\" data-widget_type=\"button.default\">\n\t\t\t\t<div class=\"elementor-widget-container\">\n\t\t\t\t\t\t\t\t\t<div class=\"elementor-button-wrapper\">\n\t\t\t\t\t<a class=\"elementor-button elementor-size-sm\" role=\"button\">\n\t\t\t\t\t\t<span class=\"elementor-button-content-wrapper\">\n\t\t\t\t\t\t\t\t\t<span class=\"elementor-button-text\">Zum Produkt<\/span>\n\t\t\t\t\t<\/span>\n\t\t\t\t\t<\/a>\n\t\t\t\t<\/div>\n\t\t\t\t\t\t\t\t<\/div>\n\t\t\t\t<\/div>\n\t\t\t\t<\/div>\n\t\t\t\t<\/div>\n\t\t\t\t<div class=\"elementor-element elementor-element-9fd73f4 elementor-widget elementor-widget-spacer\" data-id=\"9fd73f4\" data-element_type=\"widget\" data-e-type=\"widget\" data-widget_type=\"spacer.default\">\n\t\t\t\t<div class=\"elementor-widget-container\">\n\t\t\t\t\t\t\t<div class=\"elementor-spacer\">\n\t\t\t<div class=\"elementor-spacer-inner\"><\/div>\n\t\t<\/div>\n\t\t\t\t\t\t<\/div>\n\t\t\t\t<\/div>\n\t\t<div class=\"elementor-element elementor-element-c7561ee e-con-full e-flex e-con e-child\" data-id=\"c7561ee\" data-element_type=\"container\" data-e-type=\"container\" data-settings=\"{&quot;_ha_eqh_enable&quot;:false}\">\n\t\t<div class=\"elementor-element elementor-element-7200a13 e-con-full e-flex e-con e-child\" data-id=\"7200a13\" data-element_type=\"container\" data-e-type=\"container\" data-settings=\"{&quot;_ha_eqh_enable&quot;:false}\">\n\t\t\t\t<div class=\"elementor-element elementor-element-02393d6 elementor-widget-mobile__width-initial elementor-widget elementor-widget-icon-box\" data-id=\"02393d6\" data-element_type=\"widget\" data-e-type=\"widget\" data-widget_type=\"icon-box.default\">\n\t\t\t\t<div class=\"elementor-widget-container\">\n\t\t\t\t\t\t\t<div class=\"elementor-icon-box-wrapper\">\n\n\t\t\t\n\t\t\t\t\t\t<div class=\"elementor-icon-box-content\">\n\n\t\t\t\t\t\t\t\t\t<h3 class=\"elementor-icon-box-title\">\n\t\t\t\t\t\t<span  >\n\t\t\t\t\t\t\t\ud83d\udd6f\ufe0f Laternenset Norrlys\t\t\t\t\t\t<\/span>\n\t\t\t\t\t<\/h3>\n\t\t\t\t\n\t\t\t\t\t\t\t\t\t<p class=\"elementor-icon-box-description\">\n\t\t\t\t\t\tDas Laternenset Norrlys besteht aus zwei Laternen in verschiedenen Gr\u00f6ssen, die zusammen oder einzeln verwendet werden k\u00f6nnen. Sie schaffen eine gem\u00fctliche Atmosph\u00e4re und sind sowohl f\u00fcr den Innen- als auch Aussenbereich geeignet.\t\t\t\t\t<\/p>\n\t\t\t\t\n\t\t\t<\/div>\n\t\t\t\n\t\t<\/div>\n\t\t\t\t\t\t<\/div>\n\t\t\t\t<\/div>\n\t\t\t\t<div data-ha-element-link=\"{&quot;url&quot;:&quot;https:\\\/\\\/www.fleurop-home.ch\\\/de-ch\\\/p\\\/laternenset-norrlys&quot;,&quot;is_external&quot;:&quot;on&quot;,&quot;nofollow&quot;:&quot;&quot;}\" style=\"cursor: pointer\" class=\"elementor-element elementor-element-a7e731a elementor-align-center elementor-widget elementor-widget-button\" data-id=\"a7e731a\" data-element_type=\"widget\" data-e-type=\"widget\" data-widget_type=\"button.default\">\n\t\t\t\t<div class=\"elementor-widget-container\">\n\t\t\t\t\t\t\t\t\t<div class=\"elementor-button-wrapper\">\n\t\t\t\t\t<a class=\"elementor-button elementor-size-sm\" role=\"button\">\n\t\t\t\t\t\t<span class=\"elementor-button-content-wrapper\">\n\t\t\t\t\t\t\t\t\t<span class=\"elementor-button-text\">Zum Produkt<\/span>\n\t\t\t\t\t<\/span>\n\t\t\t\t\t<\/a>\n\t\t\t\t<\/div>\n\t\t\t\t\t\t\t\t<\/div>\n\t\t\t\t<\/div>\n\t\t\t\t<\/div>\n\t\t<div class=\"elementor-element elementor-element-bc3f343 e-con-full e-flex e-con e-child\" data-id=\"bc3f343\" data-element_type=\"container\" data-e-type=\"container\" data-settings=\"{&quot;background_background&quot;:&quot;classic&quot;,&quot;_ha_eqh_enable&quot;:false}\">\n\t\t\t\t<div data-ha-element-link=\"{&quot;url&quot;:&quot;https:\\\/\\\/www.fleurop-home.ch\\\/de-ch\\\/p\\\/laternenset-norrlys&quot;,&quot;is_external&quot;:&quot;on&quot;,&quot;nofollow&quot;:&quot;&quot;}\" style=\"cursor: pointer\" class=\"elementor-element elementor-element-703b86d elementor-widget elementor-widget-image\" data-id=\"703b86d\" data-element_type=\"widget\" data-e-type=\"widget\" data-widget_type=\"image.default\">\n\t\t\t\t<div class=\"elementor-widget-container\">\n\t\t\t\t\t\t\t\t\t\t\t\t\t\t\t<img decoding=\"async\" width=\"600\" height=\"600\" src=\"https:\/\/www.fleurop-home.ch\/wp-content\/uploads\/2025\/12\/8720006402210-600x600-1.webp\" class=\"attachment-medium size-medium wp-image-70350\" alt=\"\" srcset=\"https:\/\/www.fleurop-home.ch\/wp-content\/uploads\/2025\/12\/8720006402210-600x600-1.webp 600w, https:\/\/www.fleurop-home.ch\/wp-content\/uploads\/2025\/12\/8720006402210-600x600-1-300x300.webp 300w, https:\/\/www.fleurop-home.ch\/wp-content\/uploads\/2025\/12\/8720006402210-600x600-1-12x12.webp 12w, https:\/\/www.fleurop-home.ch\/wp-content\/uploads\/2025\/12\/8720006402210-600x600-1-400x400.webp 400w, https:\/\/www.fleurop-home.ch\/wp-content\/uploads\/2025\/12\/8720006402210-600x600-1-456x456.webp 456w, https:\/\/www.fleurop-home.ch\/wp-content\/uploads\/2025\/12\/8720006402210-600x600-1-100x100.webp 100w, https:\/\/www.fleurop-home.ch\/wp-content\/uploads\/2025\/12\/8720006402210-600x600-1-50x50.webp 50w\" sizes=\"(max-width: 600px) 100vw, 600px\" \/>\t\t\t\t\t\t\t\t\t\t\t\t\t\t\t<\/div>\n\t\t\t\t<\/div>\n\t\t\t\t<\/div>\n\t\t\t\t<\/div>\n\t\t<div class=\"elementor-element elementor-element-87eeb06 e-con-full e-flex e-con e-child\" data-id=\"87eeb06\" data-element_type=\"container\" data-e-type=\"container\" data-settings=\"{&quot;_ha_eqh_enable&quot;:false}\">\n\t\t\t\t<div class=\"elementor-element elementor-element-9eea09b elementor-widget__width-initial elementor-widget elementor-widget-heading\" data-id=\"9eea09b\" data-element_type=\"widget\" data-e-type=\"widget\" data-widget_type=\"heading.default\">\n\t\t\t\t<div class=\"elementor-widget-container\">\n\t\t\t\t\t<h2 class=\"elementor-heading-title elementor-size-default\">\ud83d\udca1 Entdecke die Vielfalt<\/h2>\t\t\t\t<\/div>\n\t\t\t\t<\/div>\n\t\t\t\t<div class=\"elementor-element elementor-element-29778e6 elementor-widget elementor-widget-spacer\" data-id=\"29778e6\" data-element_type=\"widget\" data-e-type=\"widget\" data-widget_type=\"spacer.default\">\n\t\t\t\t<div class=\"elementor-widget-container\">\n\t\t\t\t\t\t\t<div class=\"elementor-spacer\">\n\t\t\t<div class=\"elementor-spacer-inner\"><\/div>\n\t\t<\/div>\n\t\t\t\t\t\t<\/div>\n\t\t\t\t<\/div>\n\t\t\t\t<div class=\"elementor-element elementor-element-4fb50bf elementor-product-loop-item--align-left elementor-grid-4 elementor-grid-tablet-3 elementor-grid-mobile-2 elementor-products-grid elementor-wc-products elementor-widget elementor-widget-woocommerce-products\" data-id=\"4fb50bf\" data-element_type=\"widget\" data-e-type=\"widget\" data-widget_type=\"woocommerce-products.default\">\n\t\t\t\t<div class=\"elementor-widget-container\">\n\t\t\t\t\t<div class=\"woocommerce columns-4 \"><ul class=\"products elementor-grid columns-4\">\n<li class=\"product type-product post-57838 status-publish first instock product_cat-lichterketten-laternen product_cat-home-living product_cat-muttertag product_cat-muttertagsdeko product_cat-weihnachten product_cat-weihnachtsdeko product_cat-accessoires product_cat-kerzen-lichter product_tag-veg-and-the-city has-post-thumbnail featured taxable shipping-taxable purchasable product-type-simple\">\n\t<a href=\"https:\/\/www.fleurop-home.ch\/de-ch\/p\/windlicht-glas-braun-14-5-x-23-cm\" class=\"woocommerce-LoopProduct-link woocommerce-loop-product__link\"><a href=\"https:\/\/www.fleurop-home.ch\/de-ch\/p\/windlicht-glas-braun-14-5-x-23-cm\"><div class=\"tp-image-wrapper\"><img decoding=\"async\" class=\"tp-image\" src=\"https:\/\/www.fleurop-home.ch\/wp-content\/uploads\/2025\/06\/braun-1-456x456.jpg\" srcset=\"https:\/\/www.fleurop-home.ch\/wp-content\/uploads\/2025\/06\/braun-1-456x456.jpg 456w, https:\/\/www.fleurop-home.ch\/wp-content\/uploads\/2025\/06\/braun-1-600x600.jpg 600w, https:\/\/www.fleurop-home.ch\/wp-content\/uploads\/2025\/06\/braun-1-300x300.jpg 300w, https:\/\/www.fleurop-home.ch\/wp-content\/uploads\/2025\/06\/braun-1-768x768.jpg 768w, https:\/\/www.fleurop-home.ch\/wp-content\/uploads\/2025\/06\/braun-1-12x12.jpg 12w, https:\/\/www.fleurop-home.ch\/wp-content\/uploads\/2025\/06\/braun-1-700x700.jpg 700w, https:\/\/www.fleurop-home.ch\/wp-content\/uploads\/2025\/06\/braun-1-400x400.jpg 400w, https:\/\/www.fleurop-home.ch\/wp-content\/uploads\/2025\/06\/braun-1-100x100.jpg 100w, https:\/\/www.fleurop-home.ch\/wp-content\/uploads\/2025\/06\/braun-1-50x50.jpg 50w, https:\/\/www.fleurop-home.ch\/wp-content\/uploads\/2025\/06\/braun-1.jpg 1000w\" sizes=\"(max-width: 360px) 100vw, 360px\" alt=\"Windlicht Glas, braun - 14.5 x 23 cm\"><img decoding=\"async\" class=\"tp-image-hover\" src=\"https:\/\/www.fleurop-home.ch\/wp-content\/uploads\/2025\/06\/windlicht-glas-braun-edelman-mood-1139045_braun_2-456x456.jpg\" srcset=\"https:\/\/www.fleurop-home.ch\/wp-content\/uploads\/2025\/06\/windlicht-glas-braun-edelman-mood-1139045_braun_2-456x456.jpg 456w, https:\/\/www.fleurop-home.ch\/wp-content\/uploads\/2025\/06\/windlicht-glas-braun-edelman-mood-1139045_braun_2-600x600.jpg 600w, https:\/\/www.fleurop-home.ch\/wp-content\/uploads\/2025\/06\/windlicht-glas-braun-edelman-mood-1139045_braun_2-300x300.jpg 300w, https:\/\/www.fleurop-home.ch\/wp-content\/uploads\/2025\/06\/windlicht-glas-braun-edelman-mood-1139045_braun_2-768x768.jpg 768w, https:\/\/www.fleurop-home.ch\/wp-content\/uploads\/2025\/06\/windlicht-glas-braun-edelman-mood-1139045_braun_2-12x12.jpg 12w, https:\/\/www.fleurop-home.ch\/wp-content\/uploads\/2025\/06\/windlicht-glas-braun-edelman-mood-1139045_braun_2-700x700.jpg 700w, https:\/\/www.fleurop-home.ch\/wp-content\/uploads\/2025\/06\/windlicht-glas-braun-edelman-mood-1139045_braun_2-400x400.jpg 400w, https:\/\/www.fleurop-home.ch\/wp-content\/uploads\/2025\/06\/windlicht-glas-braun-edelman-mood-1139045_braun_2-100x100.jpg 100w, https:\/\/www.fleurop-home.ch\/wp-content\/uploads\/2025\/06\/windlicht-glas-braun-edelman-mood-1139045_braun_2-50x50.jpg 50w, https:\/\/www.fleurop-home.ch\/wp-content\/uploads\/2025\/06\/windlicht-glas-braun-edelman-mood-1139045_braun_2.jpg 1000w\" sizes=\"(max-width: 360px) 100vw, 360px\" alt=\"Windlicht Glas, braun - 14.5 x 23 cm\"><\/div><\/a><div class=\"advanced-woo-labels awl-position-type-before-title awl-label-type-archive awl-align-left\" style=\"display:flex;flex-wrap:wrap;flex-direction:row;text-align:left;width:100%;position:relative;z-index:1;justify-content:flex-start;\"><div class=\"awl-label-wrap awl-text-label-wrap awl-label-id-30625\" style=\"\"><span class=\"awl-product-label awl-type-label awl-type-label-standard\" style=\"display:table;position:relative;line-height:1;white-space:nowrap;vertical-align:baseline;font-size:14px;--awl-font-size-tablet:14px;--awl-font-size-phone:14px;font-weight:400;font-style:normal;letter-spacing:0px;color:#fff;opacity:1;margin:0px 0px 0px 0px;\"><span class=\"awl-label-text\"  style=\"display:table-cell;padding:0.3em 0.6em 0.3em 0.6em;z-index:1;background:#9fa896;position:relative;line-height:1;border-radius:0;\"><span class=\"awl-inner-text\">Beliebt<\/span><\/span><\/span><\/div><\/div>            <a href=\"https:\/\/www.fleurop-home.ch\/de-ch\/p\/windlicht-glas-braun-14-5-x-23-cm\"><h2 class=\"woocommerce-loop-product__title\">Windlicht Glas, braun &#8211; 14.5 x 23 cm<\/h2><\/a>\n\n\t<span class=\"price\"><span class=\"woocommerce-Price-amount amount\"><bdi><span class=\"woocommerce-Price-currencySymbol\">&#67;&#72;&#70;<\/span>&nbsp;24.00<\/bdi><\/span><\/span>\n\n\n\n<\/a>\n\t<p class=\"wc-gzd-additional-info wc-gzd-additional-info-loop tax-info\">inkl. MwSt.<\/p>\n\n\t<p class=\"wc-gzd-additional-info wc-gzd-additional-info-loop shipping-costs-info\">zzgl. <a href=\"https:\/\/www.fleurop-home.ch\/de-ch\/versandinformationen\" target=\"_blank\">Versandkosten<\/a><\/p>\n\n\t<p class=\"wc-gzd-additional-info delivery-time-info wc-gzd-additional-info-loop\"><span class=\"delivery-time-inner delivery-time-1-3-arbeitstage\">Lieferzeit: <span class=\"delivery-time-data\">1-3 Arbeitstage<\/span><\/span><\/p>\n\n<div class=\"woocommerce-loop-product__buttons\"><a href=\"\/de-ch\/wp-json\/wp\/v2\/pages\/70346?add-to-cart=57838\" aria-describedby=\"woocommerce_loop_add_to_cart_link_describedby_57838\" data-quantity=\"1\" class=\"button product_type_simple add_to_cart_button ajax_add_to_cart\" data-product_id=\"57838\" data-product_sku=\"VEG-1139045_braun\" aria-label=\"In den Warenkorb legen: &quot;Windlicht Glas, braun - 14.5 x 23 cm&quot;\" rel=\"nofollow\" data-success_message=\"&quot;Windlicht Glas, braun - 14.5 x 23 cm&quot; wurde in deinen Warenkorb gelegt.\" role=\"button\">In den Warenkorb<\/a><\/div>\t<span id=\"woocommerce_loop_add_to_cart_link_describedby_57838\" class=\"screen-reader-text\">\n\t\t\t<\/span>\n<span class=\"gtm4wp_productdata\" style=\"display:none; visibility:hidden;\" data-gtm4wp_product_data=\"{&quot;internal_id&quot;:57838,&quot;item_id&quot;:&quot;VEG-1139045_braun&quot;,&quot;item_name&quot;:&quot;Windlicht Glas, braun - 14.5 x 23 cm&quot;,&quot;sku&quot;:&quot;VEG-1139045_braun&quot;,&quot;price&quot;:24,&quot;stocklevel&quot;:null,&quot;stockstatus&quot;:&quot;instock&quot;,&quot;google_business_vertical&quot;:&quot;retail&quot;,&quot;item_category&quot;:&quot;Home &amp; Living&quot;,&quot;item_category2&quot;:&quot;Kerzen &amp; Lichter&quot;,&quot;item_category3&quot;:&quot;Lichterketten &amp; Laternen&quot;,&quot;id&quot;:&quot;VEG-1139045_braun&quot;,&quot;item_brand&quot;:&quot;VEG and the City&quot;,&quot;productlink&quot;:&quot;https:\\\/\\\/www.fleurop-home.ch\\\/de-ch\\\/p\\\/windlicht-glas-braun-14-5-x-23-cm&quot;,&quot;item_list_name&quot;:&quot;General Product List&quot;,&quot;index&quot;:1,&quot;product_type&quot;:&quot;simple&quot;}\"><\/span><\/li>\n<li class=\"product type-product post-58767 status-publish instock product_cat-lichterketten-laternen product_cat-home-living product_cat-kerzen-lichter product_cat-garten-balkon product_cat-gartendeko product_tag-samen-mauser has-post-thumbnail taxable shipping-taxable purchasable product-type-simple\">\n\t<a href=\"https:\/\/www.fleurop-home.ch\/de-ch\/p\/solarlampe-eureka-firefly-x-large\" class=\"woocommerce-LoopProduct-link woocommerce-loop-product__link\"><a href=\"https:\/\/www.fleurop-home.ch\/de-ch\/p\/solarlampe-eureka-firefly-x-large\"><div class=\"tp-image-wrapper\"><img decoding=\"async\" class=\"image\" src=\"https:\/\/www.fleurop-home.ch\/wp-content\/uploads\/2025\/07\/Eureka-Firefly-Extra-Large-Night-insitu_30152104_1500-x-1500-px-456x456.jpg\" srcset=\"https:\/\/www.fleurop-home.ch\/wp-content\/uploads\/2025\/07\/Eureka-Firefly-Extra-Large-Night-insitu_30152104_1500-x-1500-px-456x456.jpg 456w, https:\/\/www.fleurop-home.ch\/wp-content\/uploads\/2025\/07\/Eureka-Firefly-Extra-Large-Night-insitu_30152104_1500-x-1500-px-600x600.jpg 600w, https:\/\/www.fleurop-home.ch\/wp-content\/uploads\/2025\/07\/Eureka-Firefly-Extra-Large-Night-insitu_30152104_1500-x-1500-px-300x300.jpg 300w, https:\/\/www.fleurop-home.ch\/wp-content\/uploads\/2025\/07\/Eureka-Firefly-Extra-Large-Night-insitu_30152104_1500-x-1500-px-768x768.jpg 768w, https:\/\/www.fleurop-home.ch\/wp-content\/uploads\/2025\/07\/Eureka-Firefly-Extra-Large-Night-insitu_30152104_1500-x-1500-px-12x12.jpg 12w, https:\/\/www.fleurop-home.ch\/wp-content\/uploads\/2025\/07\/Eureka-Firefly-Extra-Large-Night-insitu_30152104_1500-x-1500-px-1080x1080.jpg 1080w, https:\/\/www.fleurop-home.ch\/wp-content\/uploads\/2025\/07\/Eureka-Firefly-Extra-Large-Night-insitu_30152104_1500-x-1500-px-700x700.jpg 700w, https:\/\/www.fleurop-home.ch\/wp-content\/uploads\/2025\/07\/Eureka-Firefly-Extra-Large-Night-insitu_30152104_1500-x-1500-px-400x400.jpg 400w, https:\/\/www.fleurop-home.ch\/wp-content\/uploads\/2025\/07\/Eureka-Firefly-Extra-Large-Night-insitu_30152104_1500-x-1500-px-100x100.jpg 100w, https:\/\/www.fleurop-home.ch\/wp-content\/uploads\/2025\/07\/Eureka-Firefly-Extra-Large-Night-insitu_30152104_1500-x-1500-px-50x50.jpg 50w, https:\/\/www.fleurop-home.ch\/wp-content\/uploads\/2025\/07\/Eureka-Firefly-Extra-Large-Night-insitu_30152104_1500-x-1500-px.jpg 1500w\" sizes=\"(max-width: 360px) 100vw, 360px\" alt=\"Solarlampe Eureka Firefly X Large\"><\/div><\/a>            <a href=\"https:\/\/www.fleurop-home.ch\/de-ch\/p\/solarlampe-eureka-firefly-x-large\"><h2 class=\"woocommerce-loop-product__title\">Solarlampe Eureka Firefly X Large<\/h2><\/a>\n\n\t<span class=\"price\"><span class=\"woocommerce-Price-amount amount\"><bdi><span class=\"woocommerce-Price-currencySymbol\">&#67;&#72;&#70;<\/span>&nbsp;25.50<\/bdi><\/span><\/span>\n\n\n\n<\/a>\n\t<p class=\"wc-gzd-additional-info wc-gzd-additional-info-loop tax-info\">inkl. MwSt.<\/p>\n\n\t<p class=\"wc-gzd-additional-info wc-gzd-additional-info-loop shipping-costs-info\">zzgl. <a href=\"https:\/\/www.fleurop-home.ch\/de-ch\/versandinformationen\" target=\"_blank\">Versandkosten<\/a><\/p>\n\n\t<p class=\"wc-gzd-additional-info delivery-time-info wc-gzd-additional-info-loop\"><span class=\"delivery-time-inner delivery-time-1-3-arbeitstage\">Lieferzeit: <span class=\"delivery-time-data\">1-3 Arbeitstage<\/span><\/span><\/p>\n\n<div class=\"woocommerce-loop-product__buttons\"><a href=\"\/de-ch\/wp-json\/wp\/v2\/pages\/70346?add-to-cart=58767\" aria-describedby=\"woocommerce_loop_add_to_cart_link_describedby_58767\" data-quantity=\"1\" class=\"button product_type_simple add_to_cart_button ajax_add_to_cart\" data-product_id=\"58767\" data-product_sku=\"SM-30152104\" aria-label=\"In den Warenkorb legen: &quot;Solarlampe Eureka Firefly X Large&quot;\" rel=\"nofollow\" data-success_message=\"&quot;Solarlampe Eureka Firefly X Large&quot; wurde in deinen Warenkorb gelegt.\" role=\"button\">In den Warenkorb<\/a><\/div>\t<span id=\"woocommerce_loop_add_to_cart_link_describedby_58767\" class=\"screen-reader-text\">\n\t\t\t<\/span>\n<span class=\"gtm4wp_productdata\" style=\"display:none; visibility:hidden;\" data-gtm4wp_product_data=\"{&quot;internal_id&quot;:58767,&quot;item_id&quot;:&quot;SM-30152104&quot;,&quot;item_name&quot;:&quot;Solarlampe Eureka Firefly X Large&quot;,&quot;sku&quot;:&quot;SM-30152104&quot;,&quot;price&quot;:25.5,&quot;stocklevel&quot;:null,&quot;stockstatus&quot;:&quot;instock&quot;,&quot;google_business_vertical&quot;:&quot;retail&quot;,&quot;item_category&quot;:&quot;Home &amp; Living&quot;,&quot;item_category2&quot;:&quot;Kerzen &amp; Lichter&quot;,&quot;item_category3&quot;:&quot;Lichterketten &amp; Laternen&quot;,&quot;id&quot;:&quot;SM-30152104&quot;,&quot;item_brand&quot;:&quot;Samen Mauser&quot;,&quot;productlink&quot;:&quot;https:\\\/\\\/www.fleurop-home.ch\\\/de-ch\\\/p\\\/solarlampe-eureka-firefly-x-large&quot;,&quot;item_list_name&quot;:&quot;General Product List&quot;,&quot;index&quot;:2,&quot;product_type&quot;:&quot;simple&quot;}\"><\/span><\/li>\n<li class=\"product type-product post-58752 status-publish instock product_cat-lichterketten-laternen product_cat-home-living product_cat-lichterketten product_cat-weihnachten product_cat-kerzen-lichter product_cat-garten-balkon product_cat-gartendeko product_tag-samen-mauser has-post-thumbnail taxable shipping-taxable purchasable product-type-simple\">\n\t<a href=\"https:\/\/www.fleurop-home.ch\/de-ch\/p\/lichterkette-firefly-solar-strings-200-led\" class=\"woocommerce-LoopProduct-link woocommerce-loop-product__link\"><a href=\"https:\/\/www.fleurop-home.ch\/de-ch\/p\/lichterkette-firefly-solar-strings-200-led\"><div class=\"tp-image-wrapper\"><img decoding=\"async\" class=\"image\" src=\"https:\/\/www.fleurop-home.ch\/wp-content\/uploads\/2025\/07\/Firefly-String-Lights-Night-insitu_30136417_30136416_30136415_1500-x-1500-px-456x456.jpg\" srcset=\"https:\/\/www.fleurop-home.ch\/wp-content\/uploads\/2025\/07\/Firefly-String-Lights-Night-insitu_30136417_30136416_30136415_1500-x-1500-px-456x456.jpg 456w, https:\/\/www.fleurop-home.ch\/wp-content\/uploads\/2025\/07\/Firefly-String-Lights-Night-insitu_30136417_30136416_30136415_1500-x-1500-px-600x600.jpg 600w, https:\/\/www.fleurop-home.ch\/wp-content\/uploads\/2025\/07\/Firefly-String-Lights-Night-insitu_30136417_30136416_30136415_1500-x-1500-px-300x300.jpg 300w, https:\/\/www.fleurop-home.ch\/wp-content\/uploads\/2025\/07\/Firefly-String-Lights-Night-insitu_30136417_30136416_30136415_1500-x-1500-px-768x768.jpg 768w, https:\/\/www.fleurop-home.ch\/wp-content\/uploads\/2025\/07\/Firefly-String-Lights-Night-insitu_30136417_30136416_30136415_1500-x-1500-px-12x12.jpg 12w, https:\/\/www.fleurop-home.ch\/wp-content\/uploads\/2025\/07\/Firefly-String-Lights-Night-insitu_30136417_30136416_30136415_1500-x-1500-px-1080x1080.jpg 1080w, https:\/\/www.fleurop-home.ch\/wp-content\/uploads\/2025\/07\/Firefly-String-Lights-Night-insitu_30136417_30136416_30136415_1500-x-1500-px-700x700.jpg 700w, https:\/\/www.fleurop-home.ch\/wp-content\/uploads\/2025\/07\/Firefly-String-Lights-Night-insitu_30136417_30136416_30136415_1500-x-1500-px-400x400.jpg 400w, https:\/\/www.fleurop-home.ch\/wp-content\/uploads\/2025\/07\/Firefly-String-Lights-Night-insitu_30136417_30136416_30136415_1500-x-1500-px-100x100.jpg 100w, https:\/\/www.fleurop-home.ch\/wp-content\/uploads\/2025\/07\/Firefly-String-Lights-Night-insitu_30136417_30136416_30136415_1500-x-1500-px-50x50.jpg 50w, https:\/\/www.fleurop-home.ch\/wp-content\/uploads\/2025\/07\/Firefly-String-Lights-Night-insitu_30136417_30136416_30136415_1500-x-1500-px.jpg 1500w\" sizes=\"(max-width: 360px) 100vw, 360px\" alt=\"Lichterkette Firefly Solar Strings 200 LED\"><\/div><\/a>            <a href=\"https:\/\/www.fleurop-home.ch\/de-ch\/p\/lichterkette-firefly-solar-strings-200-led\"><h2 class=\"woocommerce-loop-product__title\">Lichterkette Firefly Solar Strings 200 LED<\/h2><\/a>\n\n\t<span class=\"price\"><span class=\"woocommerce-Price-amount amount\"><bdi><span class=\"woocommerce-Price-currencySymbol\">&#67;&#72;&#70;<\/span>&nbsp;28.50<\/bdi><\/span><\/span>\n\n\n\n<\/a>\n\t<p class=\"wc-gzd-additional-info wc-gzd-additional-info-loop tax-info\">inkl. MwSt.<\/p>\n\n\t<p class=\"wc-gzd-additional-info wc-gzd-additional-info-loop shipping-costs-info\">zzgl. <a href=\"https:\/\/www.fleurop-home.ch\/de-ch\/versandinformationen\" target=\"_blank\">Versandkosten<\/a><\/p>\n\n\t<p class=\"wc-gzd-additional-info delivery-time-info wc-gzd-additional-info-loop\"><span class=\"delivery-time-inner delivery-time-1-3-arbeitstage\">Lieferzeit: <span class=\"delivery-time-data\">1-3 Arbeitstage<\/span><\/span><\/p>\n\n<div class=\"woocommerce-loop-product__buttons\"><a data-quantity=\"1\" href=\"\/de-ch\/wp-json\/wp\/v2\/pages\/70346?add-to-cart=58752\" aria-describedby=\"woocommerce_loop_add_to_cart_link_describedby_58752\" data-quantity=\"1\" class=\"button product_type_simple add_to_cart_button ajax_add_to_cart\" data-product_id=\"58752\" data-product_sku=\"SM-30136416\" aria-label=\"In den Warenkorb legen: &quot;Lichterkette Firefly Solar Strings 200 LED&quot;\" rel=\"nofollow\" data-success_message=\"&quot;Lichterkette Firefly Solar Strings 200 LED&quot; wurde in deinen Warenkorb gelegt.\" role=\"button\">In den Warenkorb<\/a><\/div>\t<span id=\"woocommerce_loop_add_to_cart_link_describedby_58752\" class=\"screen-reader-text\">\n\t\t\t<\/span>\n<span class=\"gtm4wp_productdata\" style=\"display:none; visibility:hidden;\" data-gtm4wp_product_data=\"{&quot;internal_id&quot;:58752,&quot;item_id&quot;:&quot;SM-30136416&quot;,&quot;item_name&quot;:&quot;Lichterkette Firefly Solar Strings 200 LED&quot;,&quot;sku&quot;:&quot;SM-30136416&quot;,&quot;price&quot;:28.5,&quot;stocklevel&quot;:null,&quot;stockstatus&quot;:&quot;instock&quot;,&quot;google_business_vertical&quot;:&quot;retail&quot;,&quot;item_category&quot;:&quot;Home &amp; Living&quot;,&quot;item_category2&quot;:&quot;Kerzen &amp; Lichter&quot;,&quot;item_category3&quot;:&quot;Lichterketten &amp; Laternen&quot;,&quot;id&quot;:&quot;SM-30136416&quot;,&quot;item_brand&quot;:&quot;Samen Mauser&quot;,&quot;productlink&quot;:&quot;https:\\\/\\\/www.fleurop-home.ch\\\/de-ch\\\/p\\\/lichterkette-firefly-solar-strings-200-led&quot;,&quot;item_list_name&quot;:&quot;General Product List&quot;,&quot;index&quot;:3,&quot;product_type&quot;:&quot;simple&quot;}\"><\/span><\/li>\n<li class=\"product type-product post-58763 status-publish last instock product_cat-lichterketten-laternen product_cat-home-living product_cat-kerzen-lichter product_cat-garten-balkon product_cat-gartendeko product_tag-samen-mauser has-post-thumbnail taxable shipping-taxable purchasable product-type-simple\">\n\t<a href=\"https:\/\/www.fleurop-home.ch\/de-ch\/p\/solarlaterne-venus-natural\" class=\"woocommerce-LoopProduct-link woocommerce-loop-product__link\"><a href=\"https:\/\/www.fleurop-home.ch\/de-ch\/p\/solarlaterne-venus-natural\"><div class=\"tp-image-wrapper\"><img decoding=\"async\" class=\"image\" src=\"https:\/\/www.fleurop-home.ch\/wp-content\/uploads\/2025\/07\/kx82rfln.png\" srcset=\"https:\/\/www.fleurop-home.ch\/wp-content\/uploads\/2025\/07\/kx82rfln.png 400w, https:\/\/www.fleurop-home.ch\/wp-content\/uploads\/2025\/07\/kx82rfln-300x300.png 300w, https:\/\/www.fleurop-home.ch\/wp-content\/uploads\/2025\/07\/kx82rfln-12x12.png 12w, https:\/\/www.fleurop-home.ch\/wp-content\/uploads\/2025\/07\/kx82rfln-100x100.png 100w, https:\/\/www.fleurop-home.ch\/wp-content\/uploads\/2025\/07\/kx82rfln-50x50.png 50w\" sizes=\"(max-width: 360px) 100vw, 360px\" alt=\"Solarlaterne Venus Natural\"><\/div><\/a>            <a href=\"https:\/\/www.fleurop-home.ch\/de-ch\/p\/solarlaterne-venus-natural\"><h2 class=\"woocommerce-loop-product__title\">Solarlaterne Venus Natural<\/h2><\/a>\n\n\t<span class=\"price\"><span class=\"woocommerce-Price-amount amount\"><bdi><span class=\"woocommerce-Price-currencySymbol\">&#67;&#72;&#70;<\/span>&nbsp;28.50<\/bdi><\/span><\/span>\n\n\n\n<\/a>\n\t<p class=\"wc-gzd-additional-info wc-gzd-additional-info-loop tax-info\">inkl. MwSt.<\/p>\n\n\t<p class=\"wc-gzd-additional-info wc-gzd-additional-info-loop shipping-costs-info\">zzgl. <a href=\"https:\/\/www.fleurop-home.ch\/de-ch\/versandinformationen\" target=\"_blank\">Versandkosten<\/a><\/p>\n\n\t<p class=\"wc-gzd-additional-info delivery-time-info wc-gzd-additional-info-loop\"><span class=\"delivery-time-inner delivery-time-1-3-arbeitstage\">Lieferzeit: <span class=\"delivery-time-data\">1-3 Arbeitstage<\/span><\/span><\/p>\n\n<div class=\"woocommerce-loop-product__buttons\"><a data-quantity=\"1\" href=\"\/de-ch\/wp-json\/wp\/v2\/pages\/70346?add-to-cart=58763\" aria-describedby=\"woocommerce_loop_add_to_cart_link_describedby_58763\" data-quantity=\"1\" class=\"button product_type_simple add_to_cart_button ajax_add_to_cart\" data-product_id=\"58763\" data-product_sku=\"SM-30139604\" aria-label=\"In den Warenkorb legen: &quot;Solarlaterne Venus Natural&quot;\" rel=\"nofollow\" data-success_message=\"&quot;Solarlaterne Venus Natural&quot; wurde in deinen Warenkorb gelegt.\" role=\"button\">In den Warenkorb<\/a><\/div>\t<span id=\"woocommerce_loop_add_to_cart_link_describedby_58763\" class=\"screen-reader-text\">\n\t\t\t<\/span>\n<span class=\"gtm4wp_productdata\" style=\"display:none; visibility:hidden;\" data-gtm4wp_product_data=\"{&quot;internal_id&quot;:58763,&quot;item_id&quot;:&quot;SM-30139604&quot;,&quot;item_name&quot;:&quot;Solarlaterne Venus Natural&quot;,&quot;sku&quot;:&quot;SM-30139604&quot;,&quot;price&quot;:28.5,&quot;stocklevel&quot;:null,&quot;stockstatus&quot;:&quot;instock&quot;,&quot;google_business_vertical&quot;:&quot;retail&quot;,&quot;item_category&quot;:&quot;Home &amp; Living&quot;,&quot;item_category2&quot;:&quot;Kerzen &amp; Lichter&quot;,&quot;item_category3&quot;:&quot;Lichterketten &amp; Laternen&quot;,&quot;id&quot;:&quot;SM-30139604&quot;,&quot;item_brand&quot;:&quot;Samen Mauser&quot;,&quot;productlink&quot;:&quot;https:\\\/\\\/www.fleurop-home.ch\\\/de-ch\\\/p\\\/solarlaterne-venus-natural&quot;,&quot;item_list_name&quot;:&quot;General Product List&quot;,&quot;index&quot;:4,&quot;product_type&quot;:&quot;simple&quot;}\"><\/span><\/li>\n<li class=\"product type-product post-55819 status-publish first instock product_cat-gartendeko product_cat-home-living product_cat-lichterketten-laternen product_cat-kerzen-lichter product_cat-garten-balkon product_tag-marein-ag has-post-thumbnail taxable shipping-taxable purchasable product-type-simple\">\n\t<a href=\"https:\/\/www.fleurop-home.ch\/de-ch\/p\/20-leds-papier-deko-solar-lichterkette\" class=\"woocommerce-LoopProduct-link woocommerce-loop-product__link\"><a href=\"https:\/\/www.fleurop-home.ch\/de-ch\/p\/20-leds-papier-deko-solar-lichterkette\"><div class=\"tp-image-wrapper\"><img decoding=\"async\" class=\"tp-image\" src=\"https:\/\/www.fleurop-home.ch\/wp-content\/uploads\/2025\/05\/DS-91198-set-8cm-weisse-papier-lampion-lichter-dekoration-solar-warmweiss_e-456x456.jpg\" srcset=\"https:\/\/www.fleurop-home.ch\/wp-content\/uploads\/2025\/05\/DS-91198-set-8cm-weisse-papier-lampion-lichter-dekoration-solar-warmweiss_e-456x456.jpg 456w, https:\/\/www.fleurop-home.ch\/wp-content\/uploads\/2025\/05\/DS-91198-set-8cm-weisse-papier-lampion-lichter-dekoration-solar-warmweiss_e-300x300.jpg 300w, https:\/\/www.fleurop-home.ch\/wp-content\/uploads\/2025\/05\/DS-91198-set-8cm-weisse-papier-lampion-lichter-dekoration-solar-warmweiss_e-400x400.jpg 400w, https:\/\/www.fleurop-home.ch\/wp-content\/uploads\/2025\/05\/DS-91198-set-8cm-weisse-papier-lampion-lichter-dekoration-solar-warmweiss_e-100x100.jpg 100w, https:\/\/www.fleurop-home.ch\/wp-content\/uploads\/2025\/05\/DS-91198-set-8cm-weisse-papier-lampion-lichter-dekoration-solar-warmweiss_e-50x50.jpg 50w\" sizes=\"(max-width: 360px) 100vw, 360px\" alt=\"20 LED's Papier Deko Solar Lichterkette\"><img decoding=\"async\" class=\"tp-image-hover\" src=\"https:\/\/www.fleurop-home.ch\/wp-content\/uploads\/2025\/05\/DS-91198-set-8cm-weisse-papier-lampion-lichter-dekoration-solar-warmweiss_e2-456x456.jpg\" srcset=\"https:\/\/www.fleurop-home.ch\/wp-content\/uploads\/2025\/05\/DS-91198-set-8cm-weisse-papier-lampion-lichter-dekoration-solar-warmweiss_e2-456x456.jpg 456w, https:\/\/www.fleurop-home.ch\/wp-content\/uploads\/2025\/05\/DS-91198-set-8cm-weisse-papier-lampion-lichter-dekoration-solar-warmweiss_e2-300x300.jpg 300w, https:\/\/www.fleurop-home.ch\/wp-content\/uploads\/2025\/05\/DS-91198-set-8cm-weisse-papier-lampion-lichter-dekoration-solar-warmweiss_e2-400x400.jpg 400w, https:\/\/www.fleurop-home.ch\/wp-content\/uploads\/2025\/05\/DS-91198-set-8cm-weisse-papier-lampion-lichter-dekoration-solar-warmweiss_e2-100x100.jpg 100w, https:\/\/www.fleurop-home.ch\/wp-content\/uploads\/2025\/05\/DS-91198-set-8cm-weisse-papier-lampion-lichter-dekoration-solar-warmweiss_e2-50x50.jpg 50w\" sizes=\"(max-width: 360px) 100vw, 360px\" alt=\"20 LED's Papier Deko Solar Lichterkette\"><\/div><\/a>            <a href=\"https:\/\/www.fleurop-home.ch\/de-ch\/p\/20-leds-papier-deko-solar-lichterkette\"><h2 class=\"woocommerce-loop-product__title\">20 LED&#8217;s Papier Deko Solar Lichterkette<\/h2><\/a>\n\n\t<span class=\"price\"><span class=\"woocommerce-Price-amount amount\"><bdi><span class=\"woocommerce-Price-currencySymbol\">&#67;&#72;&#70;<\/span>&nbsp;32.40<\/bdi><\/span><\/span>\n\n\n\n<\/a>\n\t<p class=\"wc-gzd-additional-info wc-gzd-additional-info-loop tax-info\">inkl. MwSt.<\/p>\n\n\t<p class=\"wc-gzd-additional-info wc-gzd-additional-info-loop shipping-costs-info\">zzgl. <a href=\"https:\/\/www.fleurop-home.ch\/de-ch\/versandinformationen\" target=\"_blank\">Versandkosten<\/a><\/p>\n\n\t<p class=\"wc-gzd-additional-info delivery-time-info wc-gzd-additional-info-loop\"><span class=\"delivery-time-inner delivery-time-1-3-arbeitstage\">Lieferzeit: <span class=\"delivery-time-data\">1-3 Arbeitstage<\/span><\/span><\/p>\n\n<div class=\"woocommerce-loop-product__buttons\"><a data-quantity=\"1\" href=\"\/de-ch\/wp-json\/wp\/v2\/pages\/70346?add-to-cart=55819\" aria-describedby=\"woocommerce_loop_add_to_cart_link_describedby_55819\" data-quantity=\"1\" class=\"button product_type_simple add_to_cart_button ajax_add_to_cart\" data-product_id=\"55819\" data-product_sku=\"MAR-DS-91198\" aria-label=\"In den Warenkorb legen: &quot;20 LED&#039;s Papier Deko Solar Lichterkette&quot;\" rel=\"nofollow\" data-success_message=\"&quot;20 LED&#039;s Papier Deko Solar Lichterkette&quot; wurde in deinen Warenkorb gelegt.\" role=\"button\">In den Warenkorb<\/a><\/div>\t<span id=\"woocommerce_loop_add_to_cart_link_describedby_55819\" class=\"screen-reader-text\">\n\t\t\t<\/span>\n<span class=\"gtm4wp_productdata\" style=\"display:none; visibility:hidden;\" data-gtm4wp_product_data=\"{&quot;internal_id&quot;:55819,&quot;item_id&quot;:&quot;MAR-DS-91198&quot;,&quot;item_name&quot;:&quot;20 LED&#039;s Papier Deko Solar Lichterkette&quot;,&quot;sku&quot;:&quot;MAR-DS-91198&quot;,&quot;price&quot;:32.4,&quot;stocklevel&quot;:null,&quot;stockstatus&quot;:&quot;instock&quot;,&quot;google_business_vertical&quot;:&quot;retail&quot;,&quot;item_category&quot;:&quot;Garten &amp; Balkon&quot;,&quot;item_category2&quot;:&quot;Gartendeko&quot;,&quot;id&quot;:&quot;MAR-DS-91198&quot;,&quot;item_brand&quot;:&quot;MAREIN AG&quot;,&quot;productlink&quot;:&quot;https:\\\/\\\/www.fleurop-home.ch\\\/de-ch\\\/p\\\/20-leds-papier-deko-solar-lichterkette&quot;,&quot;item_list_name&quot;:&quot;General Product List&quot;,&quot;index&quot;:5,&quot;product_type&quot;:&quot;simple&quot;}\"><\/span><\/li>\n<li class=\"product type-product post-52527 status-publish instock product_cat-gartendeko product_cat-home-living product_cat-lichterketten-laternen product_cat-kerzen-lichter product_cat-garten-balkon product_tag-selection-by-fleurophome has-post-thumbnail taxable shipping-taxable purchasable product-type-simple\">\n\t<a href=\"https:\/\/www.fleurop-home.ch\/de-ch\/p\/solarlaterne-antic-mistral\" class=\"woocommerce-LoopProduct-link woocommerce-loop-product__link\"><a href=\"https:\/\/www.fleurop-home.ch\/de-ch\/p\/solarlaterne-antic-mistral\"><div class=\"tp-image-wrapper\"><img decoding=\"async\" class=\"image\" src=\"https:\/\/www.fleurop-home.ch\/wp-content\/uploads\/2025\/03\/7640186616652_1-456x456.png\" srcset=\"https:\/\/www.fleurop-home.ch\/wp-content\/uploads\/2025\/03\/7640186616652_1-456x456.png 456w, https:\/\/www.fleurop-home.ch\/wp-content\/uploads\/2025\/03\/7640186616652_1-600x600.png 600w, https:\/\/www.fleurop-home.ch\/wp-content\/uploads\/2025\/03\/7640186616652_1-300x300.png 300w, https:\/\/www.fleurop-home.ch\/wp-content\/uploads\/2025\/03\/7640186616652_1-768x768.png 768w, https:\/\/www.fleurop-home.ch\/wp-content\/uploads\/2025\/03\/7640186616652_1-12x12.png 12w, https:\/\/www.fleurop-home.ch\/wp-content\/uploads\/2025\/03\/7640186616652_1-1080x1080.png 1080w, https:\/\/www.fleurop-home.ch\/wp-content\/uploads\/2025\/03\/7640186616652_1-700x700.png 700w, https:\/\/www.fleurop-home.ch\/wp-content\/uploads\/2025\/03\/7640186616652_1-400x400.png 400w, https:\/\/www.fleurop-home.ch\/wp-content\/uploads\/2025\/03\/7640186616652_1-100x100.png 100w, https:\/\/www.fleurop-home.ch\/wp-content\/uploads\/2025\/03\/7640186616652_1-50x50.png 50w, https:\/\/www.fleurop-home.ch\/wp-content\/uploads\/2025\/03\/7640186616652_1.png 1200w\" sizes=\"(max-width: 360px) 100vw, 360px\" alt=\"Solarlaterne Antic Mistral\"><\/div><\/a>            <a href=\"https:\/\/www.fleurop-home.ch\/de-ch\/p\/solarlaterne-antic-mistral\"><h2 class=\"woocommerce-loop-product__title\">Solarlaterne Antic Mistral<\/h2><\/a>\n\n\t<span class=\"price\"><span class=\"woocommerce-Price-amount amount\"><bdi><span class=\"woocommerce-Price-currencySymbol\">&#67;&#72;&#70;<\/span>&nbsp;34.90<\/bdi><\/span><\/span>\n\n\n\n<\/a>\n\t<p class=\"wc-gzd-additional-info wc-gzd-additional-info-loop tax-info\">inkl. MwSt.<\/p>\n\n\t<p class=\"wc-gzd-additional-info wc-gzd-additional-info-loop shipping-costs-info\">zzgl. <a href=\"https:\/\/www.fleurop-home.ch\/de-ch\/versandinformationen\" target=\"_blank\">Versandkosten<\/a><\/p>\n\n\t<p class=\"wc-gzd-additional-info delivery-time-info wc-gzd-additional-info-loop\"><span class=\"delivery-time-inner delivery-time-3-5-arbeitstage\">Lieferzeit: <span class=\"delivery-time-data\">3-5 Arbeitstage<\/span><\/span><\/p>\n\n<div class=\"woocommerce-loop-product__buttons\"><a href=\"\/de-ch\/wp-json\/wp\/v2\/pages\/70346?add-to-cart=52527\" aria-describedby=\"woocommerce_loop_add_to_cart_link_describedby_52527\" data-quantity=\"1\" class=\"button product_type_simple add_to_cart_button ajax_add_to_cart\" data-product_id=\"52527\" data-product_sku=\"SE-SOL-062-51\" aria-label=\"In den Warenkorb legen: &quot;Solarlaterne Antic Mistral&quot;\" rel=\"nofollow\" data-success_message=\"&quot;Solarlaterne Antic Mistral&quot; wurde in deinen Warenkorb gelegt.\" role=\"button\">In den Warenkorb<\/a><\/div>\t<span id=\"woocommerce_loop_add_to_cart_link_describedby_52527\" class=\"screen-reader-text\">\n\t\t\t<\/span>\n<span class=\"gtm4wp_productdata\" style=\"display:none; visibility:hidden;\" data-gtm4wp_product_data=\"{&quot;internal_id&quot;:52527,&quot;item_id&quot;:&quot;SE-SOL-062-51&quot;,&quot;item_name&quot;:&quot;Solarlaterne Antic Mistral&quot;,&quot;sku&quot;:&quot;SE-SOL-062-51&quot;,&quot;price&quot;:34.9,&quot;stocklevel&quot;:10,&quot;stockstatus&quot;:&quot;instock&quot;,&quot;google_business_vertical&quot;:&quot;retail&quot;,&quot;item_category&quot;:&quot;Garten &amp; Balkon&quot;,&quot;item_category2&quot;:&quot;Gartendeko&quot;,&quot;id&quot;:&quot;SE-SOL-062-51&quot;,&quot;item_brand&quot;:&quot;Selection by FleuropHOME&quot;,&quot;productlink&quot;:&quot;https:\\\/\\\/www.fleurop-home.ch\\\/de-ch\\\/p\\\/solarlaterne-antic-mistral&quot;,&quot;item_list_name&quot;:&quot;General Product List&quot;,&quot;index&quot;:6,&quot;product_type&quot;:&quot;simple&quot;}\"><\/span><\/li>\n<li class=\"product type-product post-58745 status-publish instock product_cat-lichterketten-laternen product_cat-home-living product_cat-kerzen-lichter product_cat-garten-balkon product_cat-gartendeko product_tag-samen-mauser has-post-thumbnail taxable shipping-taxable purchasable product-type-simple\">\n\t<a href=\"https:\/\/www.fleurop-home.ch\/de-ch\/p\/lichterkette-vintage-365-8-led\" class=\"woocommerce-LoopProduct-link woocommerce-loop-product__link\"><a href=\"https:\/\/www.fleurop-home.ch\/de-ch\/p\/lichterkette-vintage-365-8-led\"><div class=\"tp-image-wrapper\"><img decoding=\"async\" class=\"image\" src=\"https:\/\/www.fleurop-home.ch\/wp-content\/uploads\/2025\/07\/Lichterkette_Vintage_30136412_1500-x-1500-px-456x456.jpg\" srcset=\"https:\/\/www.fleurop-home.ch\/wp-content\/uploads\/2025\/07\/Lichterkette_Vintage_30136412_1500-x-1500-px-456x456.jpg 456w, https:\/\/www.fleurop-home.ch\/wp-content\/uploads\/2025\/07\/Lichterkette_Vintage_30136412_1500-x-1500-px-600x600.jpg 600w, https:\/\/www.fleurop-home.ch\/wp-content\/uploads\/2025\/07\/Lichterkette_Vintage_30136412_1500-x-1500-px-300x300.jpg 300w, https:\/\/www.fleurop-home.ch\/wp-content\/uploads\/2025\/07\/Lichterkette_Vintage_30136412_1500-x-1500-px-768x768.jpg 768w, https:\/\/www.fleurop-home.ch\/wp-content\/uploads\/2025\/07\/Lichterkette_Vintage_30136412_1500-x-1500-px-12x12.jpg 12w, https:\/\/www.fleurop-home.ch\/wp-content\/uploads\/2025\/07\/Lichterkette_Vintage_30136412_1500-x-1500-px-1080x1080.jpg 1080w, https:\/\/www.fleurop-home.ch\/wp-content\/uploads\/2025\/07\/Lichterkette_Vintage_30136412_1500-x-1500-px-700x700.jpg 700w, https:\/\/www.fleurop-home.ch\/wp-content\/uploads\/2025\/07\/Lichterkette_Vintage_30136412_1500-x-1500-px-400x400.jpg 400w, https:\/\/www.fleurop-home.ch\/wp-content\/uploads\/2025\/07\/Lichterkette_Vintage_30136412_1500-x-1500-px-100x100.jpg 100w, https:\/\/www.fleurop-home.ch\/wp-content\/uploads\/2025\/07\/Lichterkette_Vintage_30136412_1500-x-1500-px-50x50.jpg 50w, https:\/\/www.fleurop-home.ch\/wp-content\/uploads\/2025\/07\/Lichterkette_Vintage_30136412_1500-x-1500-px.jpg 1500w\" sizes=\"(max-width: 360px) 100vw, 360px\" alt=\"Lichterkette Vintage 365, 8 LED\"><\/div><\/a>            <a href=\"https:\/\/www.fleurop-home.ch\/de-ch\/p\/lichterkette-vintage-365-8-led\"><h2 class=\"woocommerce-loop-product__title\">Lichterkette Vintage 365, 8 LED<\/h2><\/a>\n\n\t<span class=\"price\"><span class=\"woocommerce-Price-amount amount\"><bdi><span class=\"woocommerce-Price-currencySymbol\">&#67;&#72;&#70;<\/span>&nbsp;60.50<\/bdi><\/span><\/span>\n\n\n\n<\/a>\n\t<p class=\"wc-gzd-additional-info wc-gzd-additional-info-loop tax-info\">inkl. MwSt.<\/p>\n\n\t<p class=\"wc-gzd-additional-info wc-gzd-additional-info-loop shipping-costs-info\">zzgl. <a href=\"https:\/\/www.fleurop-home.ch\/de-ch\/versandinformationen\" target=\"_blank\">Versandkosten<\/a><\/p>\n\n\t<p class=\"wc-gzd-additional-info delivery-time-info wc-gzd-additional-info-loop\"><span class=\"delivery-time-inner delivery-time-1-3-arbeitstage\">Lieferzeit: <span class=\"delivery-time-data\">1-3 Arbeitstage<\/span><\/span><\/p>\n\n<div class=\"woocommerce-loop-product__buttons\"><a href=\"\/de-ch\/wp-json\/wp\/v2\/pages\/70346?add-to-cart=58745\" aria-describedby=\"woocommerce_loop_add_to_cart_link_describedby_58745\" data-quantity=\"1\" class=\"button product_type_simple add_to_cart_button ajax_add_to_cart\" data-product_id=\"58745\" data-product_sku=\"SM-30136412\" aria-label=\"In den Warenkorb legen: &quot;Lichterkette Vintage 365, 8 LED&quot;\" rel=\"nofollow\" data-success_message=\"&quot;Lichterkette Vintage 365, 8 LED&quot; wurde in deinen Warenkorb gelegt.\" role=\"button\">In den Warenkorb<\/a><\/div>\t<span id=\"woocommerce_loop_add_to_cart_link_describedby_58745\" class=\"screen-reader-text\">\n\t\t\t<\/span>\n<span class=\"gtm4wp_productdata\" style=\"display:none; visibility:hidden;\" data-gtm4wp_product_data=\"{&quot;internal_id&quot;:58745,&quot;item_id&quot;:&quot;SM-30136412&quot;,&quot;item_name&quot;:&quot;Lichterkette Vintage 365, 8 LED&quot;,&quot;sku&quot;:&quot;SM-30136412&quot;,&quot;price&quot;:60.5,&quot;stocklevel&quot;:null,&quot;stockstatus&quot;:&quot;instock&quot;,&quot;google_business_vertical&quot;:&quot;retail&quot;,&quot;item_category&quot;:&quot;Home &amp; Living&quot;,&quot;item_category2&quot;:&quot;Kerzen &amp; Lichter&quot;,&quot;item_category3&quot;:&quot;Lichterketten &amp; Laternen&quot;,&quot;id&quot;:&quot;SM-30136412&quot;,&quot;item_brand&quot;:&quot;Samen Mauser&quot;,&quot;productlink&quot;:&quot;https:\\\/\\\/www.fleurop-home.ch\\\/de-ch\\\/p\\\/lichterkette-vintage-365-8-led&quot;,&quot;item_list_name&quot;:&quot;General Product List&quot;,&quot;index&quot;:7,&quot;product_type&quot;:&quot;simple&quot;}\"><\/span><\/li>\n<li class=\"product type-product post-51336 status-publish last instock product_cat-lichterketten-laternen product_cat-home-living product_cat-muttertag product_cat-muttertagsdeko product_cat-kerzen-lichter product_cat-garten-balkon product_cat-gartendeko product_tag-selection-by-fleurophome has-post-thumbnail taxable shipping-taxable purchasable product-type-simple\">\n\t<a href=\"https:\/\/www.fleurop-home.ch\/de-ch\/p\/laternenset-estia\" class=\"woocommerce-LoopProduct-link woocommerce-loop-product__link\"><a href=\"https:\/\/www.fleurop-home.ch\/de-ch\/p\/laternenset-estia\"><div class=\"tp-image-wrapper\"><img decoding=\"async\" class=\"image\" src=\"https:\/\/www.fleurop-home.ch\/wp-content\/uploads\/2025\/01\/4009687268761-456x456.png\" srcset=\"https:\/\/www.fleurop-home.ch\/wp-content\/uploads\/2025\/01\/4009687268761-456x456.png 456w, https:\/\/www.fleurop-home.ch\/wp-content\/uploads\/2025\/01\/4009687268761-600x600.png 600w, https:\/\/www.fleurop-home.ch\/wp-content\/uploads\/2025\/01\/4009687268761-300x300.png 300w, https:\/\/www.fleurop-home.ch\/wp-content\/uploads\/2025\/01\/4009687268761-768x768.png 768w, https:\/\/www.fleurop-home.ch\/wp-content\/uploads\/2025\/01\/4009687268761-12x12.png 12w, https:\/\/www.fleurop-home.ch\/wp-content\/uploads\/2025\/01\/4009687268761-1080x1080.png 1080w, https:\/\/www.fleurop-home.ch\/wp-content\/uploads\/2025\/01\/4009687268761-700x700.png 700w, https:\/\/www.fleurop-home.ch\/wp-content\/uploads\/2025\/01\/4009687268761-400x400.png 400w, https:\/\/www.fleurop-home.ch\/wp-content\/uploads\/2025\/01\/4009687268761-100x100.png 100w, https:\/\/www.fleurop-home.ch\/wp-content\/uploads\/2025\/01\/4009687268761-50x50.png 50w, https:\/\/www.fleurop-home.ch\/wp-content\/uploads\/2025\/01\/4009687268761.png 1200w\" sizes=\"(max-width: 360px) 100vw, 360px\" alt=\"Laternenset Estia\"><\/div><\/a>            <a href=\"https:\/\/www.fleurop-home.ch\/de-ch\/p\/laternenset-estia\"><h2 class=\"woocommerce-loop-product__title\">Laternenset Estia<\/h2><\/a>\n\n\t<span class=\"price\"><span class=\"woocommerce-Price-amount amount\"><bdi><span class=\"woocommerce-Price-currencySymbol\">&#67;&#72;&#70;<\/span>&nbsp;169.00<\/bdi><\/span><\/span>\n\n\n\n<\/a>\n\t<p class=\"wc-gzd-additional-info wc-gzd-additional-info-loop tax-info\">inkl. MwSt.<\/p>\n\n\t<p class=\"wc-gzd-additional-info wc-gzd-additional-info-loop shipping-costs-info\">zzgl. <a href=\"https:\/\/www.fleurop-home.ch\/de-ch\/versandinformationen\" target=\"_blank\">Versandkosten<\/a><\/p>\n\n\t<p class=\"wc-gzd-additional-info delivery-time-info wc-gzd-additional-info-loop\"><span class=\"delivery-time-inner delivery-time-3-5-arbeitstage\">Lieferzeit: <span class=\"delivery-time-data\">3-5 Arbeitstage<\/span><\/span><\/p>\n\n<div class=\"woocommerce-loop-product__buttons\"><a href=\"\/de-ch\/wp-json\/wp\/v2\/pages\/70346?add-to-cart=51336\" aria-describedby=\"woocommerce_loop_add_to_cart_link_describedby_51336\" data-quantity=\"1\" class=\"button product_type_simple add_to_cart_button ajax_add_to_cart\" data-product_id=\"51336\" data-product_sku=\"SE-601-82093\" aria-label=\"In den Warenkorb legen: &quot;Laternenset Estia&quot;\" rel=\"nofollow\" data-success_message=\"&quot;Laternenset Estia&quot; wurde in deinen Warenkorb gelegt.\" role=\"button\">In den Warenkorb<\/a><\/div>\t<span id=\"woocommerce_loop_add_to_cart_link_describedby_51336\" class=\"screen-reader-text\">\n\t\t\t<\/span>\n<span class=\"gtm4wp_productdata\" style=\"display:none; visibility:hidden;\" data-gtm4wp_product_data=\"{&quot;internal_id&quot;:51336,&quot;item_id&quot;:&quot;SE-601-82093&quot;,&quot;item_name&quot;:&quot;Laternenset Estia&quot;,&quot;sku&quot;:&quot;SE-601-82093&quot;,&quot;price&quot;:169,&quot;stocklevel&quot;:6,&quot;stockstatus&quot;:&quot;instock&quot;,&quot;google_business_vertical&quot;:&quot;retail&quot;,&quot;item_category&quot;:&quot;Home &amp; Living&quot;,&quot;item_category2&quot;:&quot;Kerzen &amp; Lichter&quot;,&quot;item_category3&quot;:&quot;Lichterketten &amp; Laternen&quot;,&quot;id&quot;:&quot;SE-601-82093&quot;,&quot;item_brand&quot;:&quot;Selection by FleuropHOME&quot;,&quot;productlink&quot;:&quot;https:\\\/\\\/www.fleurop-home.ch\\\/de-ch\\\/p\\\/laternenset-estia&quot;,&quot;item_list_name&quot;:&quot;General Product List&quot;,&quot;index&quot;:8,&quot;product_type&quot;:&quot;simple&quot;}\"><\/span><\/li>\n<\/ul>\n<\/div>\t\t\t\t<\/div>\n\t\t\t\t<\/div>\n\t\t\t\t<\/div>\n\t\t\t\t<div class=\"elementor-element elementor-element-a397b78 elementor-widget elementor-widget-spacer\" data-id=\"a397b78\" data-element_type=\"widget\" data-e-type=\"widget\" data-widget_type=\"spacer.default\">\n\t\t\t\t<div class=\"elementor-widget-container\">\n\t\t\t\t\t\t\t<div class=\"elementor-spacer\">\n\t\t\t<div class=\"elementor-spacer-inner\"><\/div>\n\t\t<\/div>\n\t\t\t\t\t\t<\/div>\n\t\t\t\t<\/div>\n\t\t<div class=\"elementor-element elementor-element-31bacde e-con-full e-flex e-con e-child\" data-id=\"31bacde\" data-element_type=\"container\" data-e-type=\"container\" data-settings=\"{&quot;_ha_eqh_enable&quot;:false}\">\n\t\t\t\t<div class=\"elementor-element elementor-element-f2425ba elementor-widget__width-initial elementor-widget elementor-widget-heading\" data-id=\"f2425ba\" data-element_type=\"widget\" data-e-type=\"widget\" data-widget_type=\"heading.default\">\n\t\t\t\t<div class=\"elementor-widget-container\">\n\t\t\t\t\t<h2 class=\"elementor-heading-title elementor-size-default\">\ud83d\udcab Impressionen<\/h2>\t\t\t\t<\/div>\n\t\t\t\t<\/div>\n\t\t\t\t<div class=\"elementor-element elementor-element-a5f25f1 elementor-widget elementor-widget-spacer\" data-id=\"a5f25f1\" data-element_type=\"widget\" data-e-type=\"widget\" data-widget_type=\"spacer.default\">\n\t\t\t\t<div class=\"elementor-widget-container\">\n\t\t\t\t\t\t\t<div class=\"elementor-spacer\">\n\t\t\t<div class=\"elementor-spacer-inner\"><\/div>\n\t\t<\/div>\n\t\t\t\t\t\t<\/div>\n\t\t\t\t<\/div>\n\t\t\t\t<div class=\"elementor-element elementor-element-f1b2934 elementor-widget elementor-widget-image-gallery\" data-id=\"f1b2934\" data-element_type=\"widget\" data-e-type=\"widget\" data-widget_type=\"image-gallery.default\">\n\t\t\t\t<div class=\"elementor-widget-container\">\n\t\t\t\t\t\t\t<div class=\"elementor-image-gallery\">\n\t\t\t<div id='gallery-1' class='gallery galleryid-70346 gallery-columns-3 gallery-size-large'><figure class='gallery-item'>\n\t\t\t<div class='gallery-icon landscape'>\n\t\t\t\t<a  href='https:\/\/www.fleurop-home.ch\/wp-content\/uploads\/2025\/12\/pexels-maria-orlova-4916534-NEU.jpg'><img loading=\"lazy\" decoding=\"async\" width=\"800\" height=\"533\" src=\"https:\/\/www.fleurop-home.ch\/wp-content\/uploads\/2025\/12\/pexels-maria-orlova-4916534-NEU.jpg\" class=\"attachment-large size-large\" alt=\"\" srcset=\"https:\/\/www.fleurop-home.ch\/wp-content\/uploads\/2025\/12\/pexels-maria-orlova-4916534-NEU.jpg 1586w, https:\/\/www.fleurop-home.ch\/wp-content\/uploads\/2025\/12\/pexels-maria-orlova-4916534-NEU-600x400.jpg 600w, https:\/\/www.fleurop-home.ch\/wp-content\/uploads\/2025\/12\/pexels-maria-orlova-4916534-NEU-768x512.jpg 768w, https:\/\/www.fleurop-home.ch\/wp-content\/uploads\/2025\/12\/pexels-maria-orlova-4916534-NEU-1536x1024.jpg 1536w, https:\/\/www.fleurop-home.ch\/wp-content\/uploads\/2025\/12\/pexels-maria-orlova-4916534-NEU-18x12.jpg 18w, https:\/\/www.fleurop-home.ch\/wp-content\/uploads\/2025\/12\/pexels-maria-orlova-4916534-NEU-1080x720.jpg 1080w, https:\/\/www.fleurop-home.ch\/wp-content\/uploads\/2025\/12\/pexels-maria-orlova-4916534-NEU-700x467.jpg 700w\" sizes=\"(max-width: 800px) 100vw, 800px\" \/><\/a>\n\t\t\t<\/div><\/figure><figure class='gallery-item'>\n\t\t\t<div class='gallery-icon landscape'>\n\t\t\t\t<a  href='https:\/\/www.fleurop-home.ch\/wp-content\/uploads\/2025\/12\/pexels-abie-zerosix-1748870-Neu-scaled.jpg'><img loading=\"lazy\" decoding=\"async\" width=\"800\" height=\"533\" src=\"https:\/\/www.fleurop-home.ch\/wp-content\/uploads\/2025\/12\/pexels-abie-zerosix-1748870-Neu-1920x1280.jpg\" class=\"attachment-large size-large\" alt=\"\" srcset=\"https:\/\/www.fleurop-home.ch\/wp-content\/uploads\/2025\/12\/pexels-abie-zerosix-1748870-Neu-1920x1280.jpg 1920w, https:\/\/www.fleurop-home.ch\/wp-content\/uploads\/2025\/12\/pexels-abie-zerosix-1748870-Neu-600x400.jpg 600w, https:\/\/www.fleurop-home.ch\/wp-content\/uploads\/2025\/12\/pexels-abie-zerosix-1748870-Neu-768x512.jpg 768w, https:\/\/www.fleurop-home.ch\/wp-content\/uploads\/2025\/12\/pexels-abie-zerosix-1748870-Neu-1536x1024.jpg 1536w, https:\/\/www.fleurop-home.ch\/wp-content\/uploads\/2025\/12\/pexels-abie-zerosix-1748870-Neu-2048x1365.jpg 2048w, https:\/\/www.fleurop-home.ch\/wp-content\/uploads\/2025\/12\/pexels-abie-zerosix-1748870-Neu-18x12.jpg 18w, https:\/\/www.fleurop-home.ch\/wp-content\/uploads\/2025\/12\/pexels-abie-zerosix-1748870-Neu-1080x720.jpg 1080w, https:\/\/www.fleurop-home.ch\/wp-content\/uploads\/2025\/12\/pexels-abie-zerosix-1748870-Neu-700x467.jpg 700w\" sizes=\"(max-width: 800px) 100vw, 800px\" \/><\/a>\n\t\t\t<\/div><\/figure><figure class='gallery-item'>\n\t\t\t<div class='gallery-icon landscape'>\n\t\t\t\t<a  href='https:\/\/www.fleurop-home.ch\/wp-content\/uploads\/2025\/12\/david-pennington-U5xmOrV2yzk-unsplash-scaled.jpg'><img loading=\"lazy\" decoding=\"async\" width=\"800\" height=\"533\" src=\"https:\/\/www.fleurop-home.ch\/wp-content\/uploads\/2025\/12\/david-pennington-U5xmOrV2yzk-unsplash-1920x1280.jpg\" class=\"attachment-large size-large\" alt=\"\" srcset=\"https:\/\/www.fleurop-home.ch\/wp-content\/uploads\/2025\/12\/david-pennington-U5xmOrV2yzk-unsplash-1920x1280.jpg 1920w, https:\/\/www.fleurop-home.ch\/wp-content\/uploads\/2025\/12\/david-pennington-U5xmOrV2yzk-unsplash-600x400.jpg 600w, https:\/\/www.fleurop-home.ch\/wp-content\/uploads\/2025\/12\/david-pennington-U5xmOrV2yzk-unsplash-768x512.jpg 768w, https:\/\/www.fleurop-home.ch\/wp-content\/uploads\/2025\/12\/david-pennington-U5xmOrV2yzk-unsplash-1536x1024.jpg 1536w, https:\/\/www.fleurop-home.ch\/wp-content\/uploads\/2025\/12\/david-pennington-U5xmOrV2yzk-unsplash-2048x1365.jpg 2048w, https:\/\/www.fleurop-home.ch\/wp-content\/uploads\/2025\/12\/david-pennington-U5xmOrV2yzk-unsplash-18x12.jpg 18w, https:\/\/www.fleurop-home.ch\/wp-content\/uploads\/2025\/12\/david-pennington-U5xmOrV2yzk-unsplash-1080x720.jpg 1080w, https:\/\/www.fleurop-home.ch\/wp-content\/uploads\/2025\/12\/david-pennington-U5xmOrV2yzk-unsplash-700x467.jpg 700w\" sizes=\"(max-width: 800px) 100vw, 800px\" \/><\/a>\n\t\t\t<\/div><\/figure>\n\t\t<\/div>\n\t\t<\/div>\n\t\t\t\t\t\t<\/div>\n\t\t\t\t<\/div>\n\t\t\t\t<div data-ha-element-link=\"{&quot;url&quot;:&quot;https:\\\/\\\/www.fleurop-home.ch\\\/de-ch\\\/pc\\\/home-living\\\/kerzen-lichter\\\/lichterketten-laternen&quot;,&quot;is_external&quot;:&quot;on&quot;,&quot;nofollow&quot;:&quot;&quot;}\" style=\"cursor: pointer\" class=\"elementor-element elementor-element-7ca6714 elementor-align-center elementor-widget elementor-widget-button\" data-id=\"7ca6714\" data-element_type=\"widget\" data-e-type=\"widget\" data-widget_type=\"button.default\">\n\t\t\t\t<div class=\"elementor-widget-container\">\n\t\t\t\t\t\t\t\t\t<div class=\"elementor-button-wrapper\">\n\t\t\t\t\t<a class=\"elementor-button elementor-size-sm\" role=\"button\">\n\t\t\t\t\t\t<span class=\"elementor-button-content-wrapper\">\n\t\t\t\t\t\t\t\t\t<span class=\"elementor-button-text\">Zum Angebot<\/span>\n\t\t\t\t\t<\/span>\n\t\t\t\t\t<\/a>\n\t\t\t\t<\/div>\n\t\t\t\t\t\t\t\t<\/div>\n\t\t\t\t<\/div>\n\t\t\t\t<div class=\"elementor-element elementor-element-b270cd2 elementor-widget-divider--view-line elementor-widget elementor-widget-divider\" data-id=\"b270cd2\" data-element_type=\"widget\" data-e-type=\"widget\" data-widget_type=\"divider.default\">\n\t\t\t\t<div class=\"elementor-widget-container\">\n\t\t\t\t\t\t\t<div class=\"elementor-divider\">\n\t\t\t<span class=\"elementor-divider-separator\">\n\t\t\t\t\t\t<\/span>\n\t\t<\/div>\n\t\t\t\t\t\t<\/div>\n\t\t\t\t<\/div>\n\t\t\t\t<\/div>\n\t\t\t\t\t<\/div>\n\t\t\t\t<\/div>\n\t\t\t\t<\/div>\n\t\t","protected":false},"excerpt":{"rendered":"<p>Lichterketten &#038; LaternenSetze mit unseren exklusiven Laternen und Lichtern gezielte Akzente. \ud83c\udf1f Bringe dein Zuhause zum Strahlen! Verwandle dein Zuhause in eine stimmungsvolle Wohlf\u00fchloase mit unseren stilvollen Lichterketten und Laternen. Ob f\u00fcr gem\u00fctliche Abende, festliche Anl\u00e4sse oder als dekoratives Highlight \u2013 entdecke die Vielfalt unserer Beleuchtungsl\u00f6sungen. Unsere Auswahl umfasst sowohl klassische als auch moderne Designs, [&hellip;]<\/p>\n","protected":false},"author":17,"featured_media":0,"parent":0,"menu_order":0,"comment_status":"closed","ping_status":"closed","template":"","meta":{"footnotes":""},"class_list":["post-70346","page","type-page","status-publish","hentry"],"_links":{"self":[{"href":"https:\/\/www.fleurop-home.ch\/de-ch\/wp-json\/wp\/v2\/pages\/70346","targetHints":{"allow":["GET"]}}],"collection":[{"href":"https:\/\/www.fleurop-home.ch\/de-ch\/wp-json\/wp\/v2\/pages"}],"about":[{"href":"https:\/\/www.fleurop-home.ch\/de-ch\/wp-json\/wp\/v2\/types\/page"}],"author":[{"embeddable":true,"href":"https:\/\/www.fleurop-home.ch\/de-ch\/wp-json\/wp\/v2\/users\/17"}],"replies":[{"embeddable":true,"href":"https:\/\/www.fleurop-home.ch\/de-ch\/wp-json\/wp\/v2\/comments?post=70346"}],"version-history":[{"count":0,"href":"https:\/\/www.fleurop-home.ch\/de-ch\/wp-json\/wp\/v2\/pages\/70346\/revisions"}],"wp:attachment":[{"href":"https:\/\/www.fleurop-home.ch\/de-ch\/wp-json\/wp\/v2\/media?parent=70346"}],"curies":[{"name":"wp","href":"https:\/\/api.w.org\/{rel}","templated":true}]}}